{"id":8724,"date":"2025-02-18T07:58:01","date_gmt":"2025-02-18T06:58:01","guid":{"rendered":"https:\/\/shop.petercernicka.eu\/?post_type=product&#038;p=8724"},"modified":"2026-01-31T14:47:01","modified_gmt":"2026-01-31T13:47:01","slug":"ja-uz-jdu-frantisek-ringo-cech-noty-pre-dychovku","status":"publish","type":"product","link":"https:\/\/shop.petercernicka.eu\/de\/shop\/dychova-hudba\/ja-uz-jdu-frantisek-ringo-cech-noty-pre-dychovku\/","title":{"rendered":"J\u00e1 u\u017e jdu &#8211; Franti\u0161ek Ringo \u010cech &#8211; noty pre dychovku"},"content":{"rendered":"<div class=\"para_row\"><span class=\"para_1lyrics_col1\" style=\"color: #000000;\">J\u00e1 u\u017e jdu jdu jdu,<br \/>\nj\u00e1 u\u017e jdu jdu jdu,<br \/>\nj\u00e1 u\u017e jdu, jdu ,jdu<br \/>\nu\u017e m\u00e1m v\u0161echno hotov\u00fd,<br \/>\nv\u017edy\u0165 u\u017e jdu du du,<br \/>\nsna\u017e\u00edm se b\u00fdt dochviln\u00fd,<br \/>\npouze jen posn\u00edd\u00e1m<br \/>\na u\u017e let\u00edm kluci k v\u00e1m<br \/>\npo\u010dkejte chvili\u010dku<br \/>\nje\u0161t\u011b k\u00e1vy skleni\u010dku.<\/span><\/div>\n<div class=\"para_row\"><span class=\"para_1lyrics_col1\" style=\"color: #000000;\">Nen\u00ed to \u017e\u00e1dn\u00e1 lest<br \/>\nsl\u00edbit v p\u011bt a p\u0159ij\u00edt v \u0161est<br \/>\nst\u00e1le n\u011bkam sp\u011bch\u00e1m<br \/>\na to je moc \u0161patn\u00e1 v\u011bc.<br \/>\nJ\u00e1 st\u00e1le vol\u00e1m taxi<br \/>\nnic nevych\u00e1z\u00ed jaksi,<br \/>\nV\u0161em kolem je to divn\u00fd<br \/>\npro\u010d j\u00e1 jsem nedochviln\u00fd.<\/span><\/div>\n<div><\/div>\n<div class=\"para_row\"><span class=\"para_1lyrics_col1\" style=\"color: #000000;\">J\u00e1 v\u017edycky dlouho sn\u00edd\u00e1m<br \/>\na st\u00e1le n\u011bco hled\u00e1m<br \/>\nCo hled\u00e1m zapom\u00edn\u00e1m<br \/>\nsnad m\u00edrnou skler\u00f3zu m\u00e1m.<\/span><\/div>\n<div><\/div>\n<div>\n<div class=\"para_row\"><span class=\"para_1lyrics_col1\" style=\"color: #000000;\">J\u00e1 u\u017e jdu jdu jdu,<br \/>\nu\u017e m\u00e1m v\u0161echno hotov\u00fd,<br \/>\nv\u017edy\u0165 u\u017e jdu jdu jdu,<br \/>\nsna\u017e\u00edm se b\u00fdt dochviln\u00fd,<br \/>\nkdepak m\u00e1m kalhoty<br \/>\nto jsou p\u00e1ni trampoty<br \/>\njen malou chvili\u010dku<br \/>\nhled\u00e1m do bot tkani\u010dku,<\/span><\/div>\n<div class=\"para_row\"><span class=\"para_1lyrics_col1\" style=\"color: #000000;\">J\u00e1 u\u017e jdu jdu jdu,<br \/>\nu\u017e m\u00e1m v\u0161echno hotov\u00fd,<br \/>\nv\u017edy\u0165 u\u017e jdu jdu jdu,<br \/>\nsna\u017e\u00edm se b\u00fdt dochviln\u00fd,<br \/>\nNen\u00ed to \u017e\u00e1dn\u00e1 lest<br \/>\nsl\u00edbit v p\u011bt a p\u0159ij\u00edt v \u0161est,<br \/>\nV\u017edycky v\u0161ak nakonec<br \/>\ndostav\u00edm se jasn\u00e1 v\u011bc.<\/span><\/div>\n<div class=\"para_row\"><span class=\"para_1lyrics_col1\" style=\"color: #000000;\">A\u010d jsem jako blesk<br \/>\nt\u0159i bud\u00edky m\u00e1m,<br \/>\nJak v\u010dera i dnes<br \/>\nv\u0161e pro\u0161vih\u00e1v\u00e1m<\/span><\/div>\n<div class=\"para_row\"><span class=\"para_1lyrics_col1\" style=\"color: #000000;\">J\u00e1 u\u017e jdu jdu jdu,<br \/>\nu\u017e m\u00e1m v\u0161echno hotov\u00fd,<br \/>\nv\u017edy\u0165 u\u017e jdu jdu jdu,<br \/>\nsna\u017e\u00edm se b\u00fdt dochviln\u00fd,<br \/>\nkdepak m\u00e1m kalhoty<br \/>\nto jsou p\u00e1ni trampoty<br \/>\njen malou chvili\u010dku<br \/>\nhled\u00e1m do bot tkani\u010dku,<\/span><\/div>\n<div class=\"para_row\"><span class=\"para_1lyrics_col1\" style=\"color: #000000;\">J\u00e1 u\u017e jdu du du,<br \/>\nu\u017e m\u00e1m v\u0161echno hotov\u00fd,<br \/>\nv\u017edy\u0165 u\u017e jdu du du,<br \/>\nsna\u017e\u00edm se b\u00fdt dochviln\u00fd,<br \/>\npouze jen posn\u00edd\u00e1m<br \/>\na u\u017e let\u00edm kluci k v\u00e1m<br \/>\npo\u010dkejte chvili\u010dku<br \/>\nje\u0161t\u011b k\u00e1vy skleni\u010dku.<\/span><\/div>\n<div class=\"para_row\"><span class=\"para_1lyrics_col1\" style=\"color: #000000;\">J\u00e1 v\u017edycky dlouho sn\u00edd\u00e1m<br \/>\na st\u00e1le n\u011bco hled\u00e1m<br \/>\nCo hled\u00e1m zapom\u00edn\u00e1m<br \/>\nsnad m\u00edrnou skler\u00f3zu m\u00e1m.<\/span><\/div>\n<div class=\"para_row\"><span class=\"para_1lyrics_col1\" style=\"color: #000000;\">J\u00e1 u\u017e jdu jdu jdu,<br \/>\nu\u017e m\u00e1m v\u0161echno hotov\u00fd,<br \/>\nv\u017edy\u0165 u\u017e jdu jdu jdu,<br \/>\nsna\u017e\u00edm se b\u00fdt dochviln\u00fd,<br \/>\nkdepak m\u00e1m kalhoty<br \/>\nto jsou p\u00e1ni trampoty<br \/>\njen malou chvili\u010dku<br \/>\nhled\u00e1m do bot tkani\u010dku,<\/span><\/div>\n<\/div>","protected":false},"excerpt":{"rendered":"<p>J\u00e1 u\u017e jdu jdu jdu, j\u00e1 u\u017e jdu jdu jdu, j\u00e1 u\u017e jdu, jdu ,jdu u\u017e m\u00e1m v\u0161echno hotov\u00fd, v\u017edy\u0165 u\u017e jdu du du, sna\u017e\u00edm se b\u00fdt dochviln\u00fd, pouze jen posn\u00edd\u00e1m a u\u017e let\u00edm kluci k v\u00e1m po\u010dkejte chvili\u010dku je\u0161t\u011b k\u00e1vy skleni\u010dku. [&hellip;]<\/p>\n","protected":false},"featured_media":8710,"comment_status":"closed","ping_status":"closed","template":"","meta":{"om_disable_all_campaigns":false},"product_brand":[],"product_cat":[36,1168],"product_tag":[1188],"class_list":{"0":"post-8724","1":"product","2":"type-product","3":"status-publish","4":"has-post-thumbnail","6":"product_cat-dychova-hudba","7":"product_cat-noty","8":"product_tag-noty","10":"first","11":"outofstock","12":"downloadable","13":"virtual","14":"taxable","15":"purchasable","16":"product-type-simple"},"yoast_head":"<!-- This site is optimized with the Yoast SEO plugin v27.4 - https:\/\/yoast.com\/product\/yoast-seo-wordpress\/ -->\n<title>J\u00e1 u\u017e jdu - Franti\u0161ek Ringo \u010cech - noty pre dychovku - Peter \u010cerni\u010dka | Noty | HUDOBN\u00c9 PODKLADY<\/title>\n<meta name=\"robots\" content=\"index, follow, max-snippet:-1, max-image-preview:large, max-video-preview:-1\" \/>\n<link rel=\"canonical\" href=\"https:\/\/shop.petercernicka.eu\/de\/shop\/dychova-hudba\/ja-uz-jdu-frantisek-ringo-cech-noty-pre-dychovku\/\" \/>\n<meta property=\"og:locale\" content=\"de_DE\" \/>\n<meta property=\"og:type\" content=\"article\" \/>\n<meta property=\"og:title\" content=\"J\u00e1 u\u017e jdu - Franti\u0161ek Ringo \u010cech - noty pre dychovku\" \/>\n<meta property=\"og:description\" content=\"J\u00e1 u\u017e jdu jdu jdu, j\u00e1 u\u017e jdu jdu jdu, j\u00e1 u\u017e jdu, jdu ,jdu u\u017e m\u00e1m v\u0161echno hotov\u00fd, v\u017edy\u0165 u\u017e jdu du du, sna\u017e\u00edm se b\u00fdt dochviln\u00fd, pouze jen posn\u00edd\u00e1m a u\u017e let\u00edm kluci k v\u00e1m po\u010dkejte chvili\u010dku je\u0161t\u011b k\u00e1vy skleni\u010dku. [&hellip;]\" \/>\n<meta property=\"og:url\" content=\"https:\/\/shop.petercernicka.eu\/de\/shop\/dychova-hudba\/ja-uz-jdu-frantisek-ringo-cech-noty-pre-dychovku\/\" \/>\n<meta property=\"og:site_name\" content=\"Peter \u010cerni\u010dka | Noty | HUDOBN\u00c9 PODKLADY\" \/>\n<meta property=\"article:publisher\" content=\"https:\/\/www.facebook.com\/petercernickanoty\" \/>\n<meta property=\"article:modified_time\" content=\"2026-01-31T13:47:01+00:00\" \/>\n<meta property=\"og:image\" content=\"https:\/\/shop.petercernicka.eu\/wp-content\/uploads\/2025\/02\/Ja-uz-jdu-DYCHOVA-HUDBA.jpg\" \/>\n\t<meta property=\"og:image:width\" content=\"599\" \/>\n\t<meta property=\"og:image:height\" content=\"863\" \/>\n\t<meta property=\"og:image:type\" content=\"image\/jpeg\" \/>\n<meta name=\"twitter:card\" content=\"summary_large_image\" \/>\n<meta name=\"twitter:label1\" content=\"Gesch\u00e4tzte Lesezeit\" \/>\n\t<meta name=\"twitter:data1\" content=\"2\u00a0Minuten\" \/>\n<script type=\"application\/ld+json\" class=\"yoast-schema-graph\">{\"@context\":\"https:\\\/\\\/schema.org\",\"@graph\":[{\"@type\":\"WebPage\",\"@id\":\"https:\\\/\\\/shop.petercernicka.eu\\\/shop\\\/dychova-hudba\\\/ja-uz-jdu-frantisek-ringo-cech-noty-pre-dychovku\\\/\",\"url\":\"https:\\\/\\\/shop.petercernicka.eu\\\/shop\\\/dychova-hudba\\\/ja-uz-jdu-frantisek-ringo-cech-noty-pre-dychovku\\\/\",\"name\":\"J\u00e1 u\u017e jdu - Franti\u0161ek Ringo \u010cech - noty pre dychovku - Peter \u010cerni\u010dka | Noty | HUDOBN\u00c9 PODKLADY\",\"isPartOf\":{\"@id\":\"https:\\\/\\\/shop.petercernicka.eu\\\/#website\"},\"primaryImageOfPage\":{\"@id\":\"https:\\\/\\\/shop.petercernicka.eu\\\/shop\\\/dychova-hudba\\\/ja-uz-jdu-frantisek-ringo-cech-noty-pre-dychovku\\\/#primaryimage\"},\"image\":{\"@id\":\"https:\\\/\\\/shop.petercernicka.eu\\\/shop\\\/dychova-hudba\\\/ja-uz-jdu-frantisek-ringo-cech-noty-pre-dychovku\\\/#primaryimage\"},\"thumbnailUrl\":\"https:\\\/\\\/shop.petercernicka.eu\\\/wp-content\\\/uploads\\\/2025\\\/02\\\/Ja-uz-jdu-DYCHOVA-HUDBA.jpg\",\"datePublished\":\"2025-02-18T06:58:01+00:00\",\"dateModified\":\"2026-01-31T13:47:01+00:00\",\"breadcrumb\":{\"@id\":\"https:\\\/\\\/shop.petercernicka.eu\\\/shop\\\/dychova-hudba\\\/ja-uz-jdu-frantisek-ringo-cech-noty-pre-dychovku\\\/#breadcrumb\"},\"inLanguage\":\"de\",\"potentialAction\":[{\"@type\":\"ReadAction\",\"target\":[\"https:\\\/\\\/shop.petercernicka.eu\\\/shop\\\/dychova-hudba\\\/ja-uz-jdu-frantisek-ringo-cech-noty-pre-dychovku\\\/\"]}]},{\"@type\":\"ImageObject\",\"inLanguage\":\"de\",\"@id\":\"https:\\\/\\\/shop.petercernicka.eu\\\/shop\\\/dychova-hudba\\\/ja-uz-jdu-frantisek-ringo-cech-noty-pre-dychovku\\\/#primaryimage\",\"url\":\"https:\\\/\\\/shop.petercernicka.eu\\\/wp-content\\\/uploads\\\/2025\\\/02\\\/Ja-uz-jdu-DYCHOVA-HUDBA.jpg\",\"contentUrl\":\"https:\\\/\\\/shop.petercernicka.eu\\\/wp-content\\\/uploads\\\/2025\\\/02\\\/Ja-uz-jdu-DYCHOVA-HUDBA.jpg\",\"width\":599,\"height\":863,\"caption\":\"J\u00e1 u\u017e jdu - Franti\u0161ek Ringo \u010cech - noty pre dychovku\"},{\"@type\":\"BreadcrumbList\",\"@id\":\"https:\\\/\\\/shop.petercernicka.eu\\\/shop\\\/dychova-hudba\\\/ja-uz-jdu-frantisek-ringo-cech-noty-pre-dychovku\\\/#breadcrumb\",\"itemListElement\":[{\"@type\":\"ListItem\",\"position\":1,\"name\":\"Home\",\"item\":\"https:\\\/\\\/shop.petercernicka.eu\\\/\"},{\"@type\":\"ListItem\",\"position\":2,\"name\":\"Produkty\",\"item\":\"https:\\\/\\\/shop.petercernicka.eu\\\/obchod\\\/\"},{\"@type\":\"ListItem\",\"position\":3,\"name\":\"J\u00e1 u\u017e jdu &#8211; Franti\u0161ek Ringo \u010cech &#8211; noty pre dychovku\"}]},{\"@type\":\"WebSite\",\"@id\":\"https:\\\/\\\/shop.petercernicka.eu\\\/#website\",\"url\":\"https:\\\/\\\/shop.petercernicka.eu\\\/\",\"name\":\"Peter \u010cerni\u010dka | Noty | HUDOBN\u00c9 PODKLADY\",\"description\":\"\u013eudov\u00e9 piesne, popul\u00e1rne \u0161l\u00e1gre, \u010desko-slovensk\u00e9 hity, cig\u00e1nske piesne, ewergreeny, viano\u010dn\u00e9 koledy\",\"potentialAction\":[{\"@type\":\"SearchAction\",\"target\":{\"@type\":\"EntryPoint\",\"urlTemplate\":\"https:\\\/\\\/shop.petercernicka.eu\\\/?s={search_term_string}\"},\"query-input\":{\"@type\":\"PropertyValueSpecification\",\"valueRequired\":true,\"valueName\":\"search_term_string\"}}],\"inLanguage\":\"de\"}]}<\/script>\n<!-- \/ Yoast SEO plugin. -->","yoast_head_json":{"title":"J\u00e1 u\u017e jdu - Franti\u0161ek Ringo \u010cech - noty pre dychovku - Peter \u010cerni\u010dka | Noty | HUDOBN\u00c9 PODKLADY","robots":{"index":"index","follow":"follow","max-snippet":"max-snippet:-1","max-image-preview":"max-image-preview:large","max-video-preview":"max-video-preview:-1"},"canonical":"https:\/\/shop.petercernicka.eu\/de\/shop\/dychova-hudba\/ja-uz-jdu-frantisek-ringo-cech-noty-pre-dychovku\/","og_locale":"de_DE","og_type":"article","og_title":"J\u00e1 u\u017e jdu - Franti\u0161ek Ringo \u010cech - noty pre dychovku","og_description":"J\u00e1 u\u017e jdu jdu jdu, j\u00e1 u\u017e jdu jdu jdu, j\u00e1 u\u017e jdu, jdu ,jdu u\u017e m\u00e1m v\u0161echno hotov\u00fd, v\u017edy\u0165 u\u017e jdu du du, sna\u017e\u00edm se b\u00fdt dochviln\u00fd, pouze jen posn\u00edd\u00e1m a u\u017e let\u00edm kluci k v\u00e1m po\u010dkejte chvili\u010dku je\u0161t\u011b k\u00e1vy skleni\u010dku. [&hellip;]","og_url":"https:\/\/shop.petercernicka.eu\/de\/shop\/dychova-hudba\/ja-uz-jdu-frantisek-ringo-cech-noty-pre-dychovku\/","og_site_name":"Peter \u010cerni\u010dka | Noty | HUDOBN\u00c9 PODKLADY","article_publisher":"https:\/\/www.facebook.com\/petercernickanoty","article_modified_time":"2026-01-31T13:47:01+00:00","og_image":[{"width":599,"height":863,"url":"https:\/\/shop.petercernicka.eu\/wp-content\/uploads\/2025\/02\/Ja-uz-jdu-DYCHOVA-HUDBA.jpg","type":"image\/jpeg"}],"twitter_card":"summary_large_image","twitter_misc":{"Gesch\u00e4tzte Lesezeit":"2\u00a0Minuten"},"schema":{"@context":"https:\/\/schema.org","@graph":[{"@type":"WebPage","@id":"https:\/\/shop.petercernicka.eu\/shop\/dychova-hudba\/ja-uz-jdu-frantisek-ringo-cech-noty-pre-dychovku\/","url":"https:\/\/shop.petercernicka.eu\/shop\/dychova-hudba\/ja-uz-jdu-frantisek-ringo-cech-noty-pre-dychovku\/","name":"J\u00e1 u\u017e jdu - Franti\u0161ek Ringo \u010cech - noty pre dychovku - Peter \u010cerni\u010dka | Noty | HUDOBN\u00c9 PODKLADY","isPartOf":{"@id":"https:\/\/shop.petercernicka.eu\/#website"},"primaryImageOfPage":{"@id":"https:\/\/shop.petercernicka.eu\/shop\/dychova-hudba\/ja-uz-jdu-frantisek-ringo-cech-noty-pre-dychovku\/#primaryimage"},"image":{"@id":"https:\/\/shop.petercernicka.eu\/shop\/dychova-hudba\/ja-uz-jdu-frantisek-ringo-cech-noty-pre-dychovku\/#primaryimage"},"thumbnailUrl":"https:\/\/shop.petercernicka.eu\/wp-content\/uploads\/2025\/02\/Ja-uz-jdu-DYCHOVA-HUDBA.jpg","datePublished":"2025-02-18T06:58:01+00:00","dateModified":"2026-01-31T13:47:01+00:00","breadcrumb":{"@id":"https:\/\/shop.petercernicka.eu\/shop\/dychova-hudba\/ja-uz-jdu-frantisek-ringo-cech-noty-pre-dychovku\/#breadcrumb"},"inLanguage":"de","potentialAction":[{"@type":"ReadAction","target":["https:\/\/shop.petercernicka.eu\/shop\/dychova-hudba\/ja-uz-jdu-frantisek-ringo-cech-noty-pre-dychovku\/"]}]},{"@type":"ImageObject","inLanguage":"de","@id":"https:\/\/shop.petercernicka.eu\/shop\/dychova-hudba\/ja-uz-jdu-frantisek-ringo-cech-noty-pre-dychovku\/#primaryimage","url":"https:\/\/shop.petercernicka.eu\/wp-content\/uploads\/2025\/02\/Ja-uz-jdu-DYCHOVA-HUDBA.jpg","contentUrl":"https:\/\/shop.petercernicka.eu\/wp-content\/uploads\/2025\/02\/Ja-uz-jdu-DYCHOVA-HUDBA.jpg","width":599,"height":863,"caption":"J\u00e1 u\u017e jdu - Franti\u0161ek Ringo \u010cech - noty pre dychovku"},{"@type":"BreadcrumbList","@id":"https:\/\/shop.petercernicka.eu\/shop\/dychova-hudba\/ja-uz-jdu-frantisek-ringo-cech-noty-pre-dychovku\/#breadcrumb","itemListElement":[{"@type":"ListItem","position":1,"name":"Home","item":"https:\/\/shop.petercernicka.eu\/"},{"@type":"ListItem","position":2,"name":"Produkty","item":"https:\/\/shop.petercernicka.eu\/obchod\/"},{"@type":"ListItem","position":3,"name":"J\u00e1 u\u017e jdu &#8211; Franti\u0161ek Ringo \u010cech &#8211; noty pre dychovku"}]},{"@type":"WebSite","@id":"https:\/\/shop.petercernicka.eu\/#website","url":"https:\/\/shop.petercernicka.eu\/","name":"Peter \u010cerni\u010dka | Noty | HUDOBN\u00c9 PODKLADY","description":"Volkslieder, Schlager, Tschechoslowakische Schlager, Zigeunerlieder, Evergreens, Weihnachtslieder","potentialAction":[{"@type":"SearchAction","target":{"@type":"EntryPoint","urlTemplate":"https:\/\/shop.petercernicka.eu\/?s={search_term_string}"},"query-input":{"@type":"PropertyValueSpecification","valueRequired":true,"valueName":"search_term_string"}}],"inLanguage":"de"}]}},"_links":{"self":[{"href":"https:\/\/shop.petercernicka.eu\/de\/wp-json\/wp\/v2\/product\/8724","targetHints":{"allow":["GET"]}}],"collection":[{"href":"https:\/\/shop.petercernicka.eu\/de\/wp-json\/wp\/v2\/product"}],"about":[{"href":"https:\/\/shop.petercernicka.eu\/de\/wp-json\/wp\/v2\/types\/product"}],"replies":[{"embeddable":true,"href":"https:\/\/shop.petercernicka.eu\/de\/wp-json\/wp\/v2\/comments?post=8724"}],"wp:featuredmedia":[{"embeddable":true,"href":"https:\/\/shop.petercernicka.eu\/de\/wp-json\/wp\/v2\/media\/8710"}],"wp:attachment":[{"href":"https:\/\/shop.petercernicka.eu\/de\/wp-json\/wp\/v2\/media?parent=8724"}],"wp:term":[{"taxonomy":"product_brand","embeddable":true,"href":"https:\/\/shop.petercernicka.eu\/de\/wp-json\/wp\/v2\/product_brand?post=8724"},{"taxonomy":"product_cat","embeddable":true,"href":"https:\/\/shop.petercernicka.eu\/de\/wp-json\/wp\/v2\/product_cat?post=8724"},{"taxonomy":"product_tag","embeddable":true,"href":"https:\/\/shop.petercernicka.eu\/de\/wp-json\/wp\/v2\/product_tag?post=8724"}],"curies":[{"name":"wp","href":"https:\/\/api.w.org\/{rel}","templated":true}]}}