{"id":8723,"date":"2025-02-18T07:56:00","date_gmt":"2025-02-18T06:56:00","guid":{"rendered":"https:\/\/shop.petercernicka.eu\/?post_type=product&#038;p=8723"},"modified":"2026-01-31T14:47:01","modified_gmt":"2026-01-31T13:47:01","slug":"slavici-z-madridu-waldemar-matuska-noty-pre-dychovku","status":"publish","type":"product","link":"https:\/\/shop.petercernicka.eu\/de\/shop\/dychova-hudba\/slavici-z-madridu-waldemar-matuska-noty-pre-dychovku\/","title":{"rendered":"Slav\u00edci z Madridu &#8211; Waldemar Matu\u0161ka &#8211; noty pre dychovku"},"content":{"rendered":"<p><span style=\"color: #000000;\">Nebe je modr\u00fd a zlat\u00fd, b\u00edl\u00e1 slune\u010dn\u00ed z\u00e1\u0159e,<\/span><br \/>\n<span style=\"color: #000000;\">horko a sv\u00e1te\u010dn\u00ed \u0161aty, v\u0159ava a zpocen\u00fd tv\u00e1\u0159e,<\/span><br \/>\n<span style=\"color: #000000;\">v\u00edm, co se bude d\u00edt, b\u00fdk u\u017e se v ohrad\u011b vzp\u00edn\u00e1,<\/span><br \/>\n<span style=\"color: #000000;\">kdo chce, ten m\u016f\u017ee j\u00edt, j\u00e1 si d\u00e1m sklenici v\u00edna.<\/span><\/p>\n<p><span style=\"color: #000000;\">\u00ae: \u017d\u00edze\u0148 je velik\u00e1, \u017eivot mi ut\u00edk\u00e1, nechte m\u011b p\u0159\u00edjemn\u011b sn\u00edt,<\/span><br \/>\n<span style=\"color: #000000;\">ve st\u00ednu pod f\u00edky poslouchat slav\u00edky, zp\u00edvat si s nima a p\u00edt.<\/span><\/p>\n<p><span style=\"color: #000000;\">\u017deny jsou kr\u00e1sn\u00fd a cudn\u00fd, mnoh\u00e1 se ve mn\u011b zhl\u00eddla,<\/span><br \/>\n<span style=\"color: #000000;\">o\u010di jako dv\u011b studny, vlasy jak havran\u00ed k\u0159\u00eddla,<\/span><br \/>\n<span style=\"color: #000000;\">dob\u0159e v\u00edm, co znamen\u00e1 p\u00e1d do n\u00e1strah d\u00edv\u010d\u00edho kl\u00edna,<\/span><br \/>\n<span style=\"color: #000000;\">n\u011bkdo m\u00e1 pletky r\u00e1d, j\u00e1 si d\u00e1m sklenici v\u00edna. \u00ae:<\/span><\/p>\n<p><span style=\"color: #000000;\">Nebe je modr\u00fd a zlat\u00fd, \u017eeny kr\u00e1sn\u00fd a cudn\u00fd,<\/span><br \/>\n<span style=\"color: #000000;\">mantily, sv\u00e1te\u010dn\u00ed \u0161aty, o\u010di jako dv\u011b studny,<\/span><br \/>\n<span style=\"color: #000000;\">zmoud\u0159el jsem stranou od lid\u00ed, jsem jak ta zahrada stinn\u00e1,<\/span><br \/>\n<span style=\"color: #000000;\">kdo chce, a\u0165 mi z\u00e1vid\u00ed, j\u00e1 si d\u00e1m sklenici v\u00edna. \u00ae:<\/span><\/p>","protected":false},"excerpt":{"rendered":"<p>Nebe je modr\u00fd a zlat\u00fd, b\u00edl\u00e1 slune\u010dn\u00ed z\u00e1\u0159e, horko a sv\u00e1te\u010dn\u00ed \u0161aty, v\u0159ava a zpocen\u00fd tv\u00e1\u0159e, v\u00edm, co se bude d\u00edt, b\u00fdk u\u017e se v ohrad\u011b vzp\u00edn\u00e1, kdo chce, ten m\u016f\u017ee j\u00edt, j\u00e1 si d\u00e1m sklenici v\u00edna. \u00ae: \u017d\u00edze\u0148 je velik\u00e1, \u017eivot [&hellip;]<\/p>\n","protected":false},"featured_media":8711,"comment_status":"closed","ping_status":"closed","template":"","meta":{"om_disable_all_campaigns":false},"product_brand":[],"product_cat":[36,1168],"product_tag":[1188],"class_list":{"0":"post-8723","1":"product","2":"type-product","3":"status-publish","4":"has-post-thumbnail","6":"product_cat-dychova-hudba","7":"product_cat-noty","8":"product_tag-noty","10":"first","11":"outofstock","12":"downloadable","13":"virtual","14":"taxable","15":"purchasable","16":"product-type-simple"},"yoast_head":"<!-- This site is optimized with the Yoast SEO plugin v27.4 - https:\/\/yoast.com\/product\/yoast-seo-wordpress\/ -->\n<title>Slav\u00edci z Madridu - Waldemar Matu\u0161ka - noty pre dychovku - Peter \u010cerni\u010dka | Noty | HUDOBN\u00c9 PODKLADY<\/title>\n<meta name=\"robots\" content=\"index, follow, max-snippet:-1, max-image-preview:large, max-video-preview:-1\" \/>\n<link rel=\"canonical\" href=\"https:\/\/shop.petercernicka.eu\/de\/shop\/dychova-hudba\/slavici-z-madridu-waldemar-matuska-noty-pre-dychovku\/\" \/>\n<meta property=\"og:locale\" content=\"de_DE\" \/>\n<meta property=\"og:type\" content=\"article\" \/>\n<meta property=\"og:title\" content=\"Slav\u00edci z Madridu - Waldemar Matu\u0161ka - noty pre dychovku\" \/>\n<meta property=\"og:description\" content=\"Nebe je modr\u00fd a zlat\u00fd, b\u00edl\u00e1 slune\u010dn\u00ed z\u00e1\u0159e, horko a sv\u00e1te\u010dn\u00ed \u0161aty, v\u0159ava a zpocen\u00fd tv\u00e1\u0159e, v\u00edm, co se bude d\u00edt, b\u00fdk u\u017e se v ohrad\u011b vzp\u00edn\u00e1, kdo chce, ten m\u016f\u017ee j\u00edt, j\u00e1 si d\u00e1m sklenici v\u00edna. \u00ae: \u017d\u00edze\u0148 je velik\u00e1, \u017eivot [&hellip;]\" \/>\n<meta property=\"og:url\" content=\"https:\/\/shop.petercernicka.eu\/de\/shop\/dychova-hudba\/slavici-z-madridu-waldemar-matuska-noty-pre-dychovku\/\" \/>\n<meta property=\"og:site_name\" content=\"Peter \u010cerni\u010dka | Noty | HUDOBN\u00c9 PODKLADY\" \/>\n<meta property=\"article:publisher\" content=\"https:\/\/www.facebook.com\/petercernickanoty\" \/>\n<meta property=\"article:modified_time\" content=\"2026-01-31T13:47:01+00:00\" \/>\n<meta property=\"og:image\" content=\"https:\/\/shop.petercernicka.eu\/wp-content\/uploads\/2025\/02\/Waldemar-Matuska-Slavici-z-Madridu-DYCHOVA-HUDBA.jpg\" \/>\n\t<meta property=\"og:image:width\" content=\"599\" \/>\n\t<meta property=\"og:image:height\" content=\"863\" \/>\n\t<meta property=\"og:image:type\" content=\"image\/jpeg\" \/>\n<meta name=\"twitter:card\" content=\"summary_large_image\" \/>\n<meta name=\"twitter:label1\" content=\"Gesch\u00e4tzte Lesezeit\" \/>\n\t<meta name=\"twitter:data1\" content=\"1\u00a0Minute\" \/>\n<script type=\"application\/ld+json\" class=\"yoast-schema-graph\">{\"@context\":\"https:\\\/\\\/schema.org\",\"@graph\":[{\"@type\":\"WebPage\",\"@id\":\"https:\\\/\\\/shop.petercernicka.eu\\\/shop\\\/dychova-hudba\\\/slavici-z-madridu-waldemar-matuska-noty-pre-dychovku\\\/\",\"url\":\"https:\\\/\\\/shop.petercernicka.eu\\\/shop\\\/dychova-hudba\\\/slavici-z-madridu-waldemar-matuska-noty-pre-dychovku\\\/\",\"name\":\"Slav\u00edci z Madridu - Waldemar Matu\u0161ka - noty pre dychovku - Peter \u010cerni\u010dka | Noty | HUDOBN\u00c9 PODKLADY\",\"isPartOf\":{\"@id\":\"https:\\\/\\\/shop.petercernicka.eu\\\/#website\"},\"primaryImageOfPage\":{\"@id\":\"https:\\\/\\\/shop.petercernicka.eu\\\/shop\\\/dychova-hudba\\\/slavici-z-madridu-waldemar-matuska-noty-pre-dychovku\\\/#primaryimage\"},\"image\":{\"@id\":\"https:\\\/\\\/shop.petercernicka.eu\\\/shop\\\/dychova-hudba\\\/slavici-z-madridu-waldemar-matuska-noty-pre-dychovku\\\/#primaryimage\"},\"thumbnailUrl\":\"https:\\\/\\\/shop.petercernicka.eu\\\/wp-content\\\/uploads\\\/2025\\\/02\\\/Waldemar-Matuska-Slavici-z-Madridu-DYCHOVA-HUDBA.jpg\",\"datePublished\":\"2025-02-18T06:56:00+00:00\",\"dateModified\":\"2026-01-31T13:47:01+00:00\",\"breadcrumb\":{\"@id\":\"https:\\\/\\\/shop.petercernicka.eu\\\/shop\\\/dychova-hudba\\\/slavici-z-madridu-waldemar-matuska-noty-pre-dychovku\\\/#breadcrumb\"},\"inLanguage\":\"de\",\"potentialAction\":[{\"@type\":\"ReadAction\",\"target\":[\"https:\\\/\\\/shop.petercernicka.eu\\\/shop\\\/dychova-hudba\\\/slavici-z-madridu-waldemar-matuska-noty-pre-dychovku\\\/\"]}]},{\"@type\":\"ImageObject\",\"inLanguage\":\"de\",\"@id\":\"https:\\\/\\\/shop.petercernicka.eu\\\/shop\\\/dychova-hudba\\\/slavici-z-madridu-waldemar-matuska-noty-pre-dychovku\\\/#primaryimage\",\"url\":\"https:\\\/\\\/shop.petercernicka.eu\\\/wp-content\\\/uploads\\\/2025\\\/02\\\/Waldemar-Matuska-Slavici-z-Madridu-DYCHOVA-HUDBA.jpg\",\"contentUrl\":\"https:\\\/\\\/shop.petercernicka.eu\\\/wp-content\\\/uploads\\\/2025\\\/02\\\/Waldemar-Matuska-Slavici-z-Madridu-DYCHOVA-HUDBA.jpg\",\"width\":599,\"height\":863,\"caption\":\"Slav\u00edci z Madridu - Waldemar Matu\u0161ka - noty pre dychovku\"},{\"@type\":\"BreadcrumbList\",\"@id\":\"https:\\\/\\\/shop.petercernicka.eu\\\/shop\\\/dychova-hudba\\\/slavici-z-madridu-waldemar-matuska-noty-pre-dychovku\\\/#breadcrumb\",\"itemListElement\":[{\"@type\":\"ListItem\",\"position\":1,\"name\":\"Home\",\"item\":\"https:\\\/\\\/shop.petercernicka.eu\\\/\"},{\"@type\":\"ListItem\",\"position\":2,\"name\":\"Produkty\",\"item\":\"https:\\\/\\\/shop.petercernicka.eu\\\/obchod\\\/\"},{\"@type\":\"ListItem\",\"position\":3,\"name\":\"Slav\u00edci z Madridu &#8211; Waldemar Matu\u0161ka &#8211; noty pre dychovku\"}]},{\"@type\":\"WebSite\",\"@id\":\"https:\\\/\\\/shop.petercernicka.eu\\\/#website\",\"url\":\"https:\\\/\\\/shop.petercernicka.eu\\\/\",\"name\":\"Peter \u010cerni\u010dka | Noty | HUDOBN\u00c9 PODKLADY\",\"description\":\"\u013eudov\u00e9 piesne, popul\u00e1rne \u0161l\u00e1gre, \u010desko-slovensk\u00e9 hity, cig\u00e1nske piesne, ewergreeny, viano\u010dn\u00e9 koledy\",\"potentialAction\":[{\"@type\":\"SearchAction\",\"target\":{\"@type\":\"EntryPoint\",\"urlTemplate\":\"https:\\\/\\\/shop.petercernicka.eu\\\/?s={search_term_string}\"},\"query-input\":{\"@type\":\"PropertyValueSpecification\",\"valueRequired\":true,\"valueName\":\"search_term_string\"}}],\"inLanguage\":\"de\"}]}<\/script>\n<!-- \/ Yoast SEO plugin. -->","yoast_head_json":{"title":"Slav\u00edci z Madridu - Waldemar Matu\u0161ka - noty pre dychovku - Peter \u010cerni\u010dka | Noty | HUDOBN\u00c9 PODKLADY","robots":{"index":"index","follow":"follow","max-snippet":"max-snippet:-1","max-image-preview":"max-image-preview:large","max-video-preview":"max-video-preview:-1"},"canonical":"https:\/\/shop.petercernicka.eu\/de\/shop\/dychova-hudba\/slavici-z-madridu-waldemar-matuska-noty-pre-dychovku\/","og_locale":"de_DE","og_type":"article","og_title":"Slav\u00edci z Madridu - Waldemar Matu\u0161ka - noty pre dychovku","og_description":"Nebe je modr\u00fd a zlat\u00fd, b\u00edl\u00e1 slune\u010dn\u00ed z\u00e1\u0159e, horko a sv\u00e1te\u010dn\u00ed \u0161aty, v\u0159ava a zpocen\u00fd tv\u00e1\u0159e, v\u00edm, co se bude d\u00edt, b\u00fdk u\u017e se v ohrad\u011b vzp\u00edn\u00e1, kdo chce, ten m\u016f\u017ee j\u00edt, j\u00e1 si d\u00e1m sklenici v\u00edna. \u00ae: \u017d\u00edze\u0148 je velik\u00e1, \u017eivot [&hellip;]","og_url":"https:\/\/shop.petercernicka.eu\/de\/shop\/dychova-hudba\/slavici-z-madridu-waldemar-matuska-noty-pre-dychovku\/","og_site_name":"Peter \u010cerni\u010dka | Noty | HUDOBN\u00c9 PODKLADY","article_publisher":"https:\/\/www.facebook.com\/petercernickanoty","article_modified_time":"2026-01-31T13:47:01+00:00","og_image":[{"width":599,"height":863,"url":"https:\/\/shop.petercernicka.eu\/wp-content\/uploads\/2025\/02\/Waldemar-Matuska-Slavici-z-Madridu-DYCHOVA-HUDBA.jpg","type":"image\/jpeg"}],"twitter_card":"summary_large_image","twitter_misc":{"Gesch\u00e4tzte Lesezeit":"1\u00a0Minute"},"schema":{"@context":"https:\/\/schema.org","@graph":[{"@type":"WebPage","@id":"https:\/\/shop.petercernicka.eu\/shop\/dychova-hudba\/slavici-z-madridu-waldemar-matuska-noty-pre-dychovku\/","url":"https:\/\/shop.petercernicka.eu\/shop\/dychova-hudba\/slavici-z-madridu-waldemar-matuska-noty-pre-dychovku\/","name":"Slav\u00edci z Madridu - Waldemar Matu\u0161ka - noty pre dychovku - Peter \u010cerni\u010dka | Noty | HUDOBN\u00c9 PODKLADY","isPartOf":{"@id":"https:\/\/shop.petercernicka.eu\/#website"},"primaryImageOfPage":{"@id":"https:\/\/shop.petercernicka.eu\/shop\/dychova-hudba\/slavici-z-madridu-waldemar-matuska-noty-pre-dychovku\/#primaryimage"},"image":{"@id":"https:\/\/shop.petercernicka.eu\/shop\/dychova-hudba\/slavici-z-madridu-waldemar-matuska-noty-pre-dychovku\/#primaryimage"},"thumbnailUrl":"https:\/\/shop.petercernicka.eu\/wp-content\/uploads\/2025\/02\/Waldemar-Matuska-Slavici-z-Madridu-DYCHOVA-HUDBA.jpg","datePublished":"2025-02-18T06:56:00+00:00","dateModified":"2026-01-31T13:47:01+00:00","breadcrumb":{"@id":"https:\/\/shop.petercernicka.eu\/shop\/dychova-hudba\/slavici-z-madridu-waldemar-matuska-noty-pre-dychovku\/#breadcrumb"},"inLanguage":"de","potentialAction":[{"@type":"ReadAction","target":["https:\/\/shop.petercernicka.eu\/shop\/dychova-hudba\/slavici-z-madridu-waldemar-matuska-noty-pre-dychovku\/"]}]},{"@type":"ImageObject","inLanguage":"de","@id":"https:\/\/shop.petercernicka.eu\/shop\/dychova-hudba\/slavici-z-madridu-waldemar-matuska-noty-pre-dychovku\/#primaryimage","url":"https:\/\/shop.petercernicka.eu\/wp-content\/uploads\/2025\/02\/Waldemar-Matuska-Slavici-z-Madridu-DYCHOVA-HUDBA.jpg","contentUrl":"https:\/\/shop.petercernicka.eu\/wp-content\/uploads\/2025\/02\/Waldemar-Matuska-Slavici-z-Madridu-DYCHOVA-HUDBA.jpg","width":599,"height":863,"caption":"Slav\u00edci z Madridu - Waldemar Matu\u0161ka - noty pre dychovku"},{"@type":"BreadcrumbList","@id":"https:\/\/shop.petercernicka.eu\/shop\/dychova-hudba\/slavici-z-madridu-waldemar-matuska-noty-pre-dychovku\/#breadcrumb","itemListElement":[{"@type":"ListItem","position":1,"name":"Home","item":"https:\/\/shop.petercernicka.eu\/"},{"@type":"ListItem","position":2,"name":"Produkty","item":"https:\/\/shop.petercernicka.eu\/obchod\/"},{"@type":"ListItem","position":3,"name":"Slav\u00edci z Madridu &#8211; Waldemar Matu\u0161ka &#8211; noty pre dychovku"}]},{"@type":"WebSite","@id":"https:\/\/shop.petercernicka.eu\/#website","url":"https:\/\/shop.petercernicka.eu\/","name":"Peter \u010cerni\u010dka | Noty | HUDOBN\u00c9 PODKLADY","description":"Volkslieder, Schlager, Tschechoslowakische Schlager, Zigeunerlieder, Evergreens, Weihnachtslieder","potentialAction":[{"@type":"SearchAction","target":{"@type":"EntryPoint","urlTemplate":"https:\/\/shop.petercernicka.eu\/?s={search_term_string}"},"query-input":{"@type":"PropertyValueSpecification","valueRequired":true,"valueName":"search_term_string"}}],"inLanguage":"de"}]}},"_links":{"self":[{"href":"https:\/\/shop.petercernicka.eu\/de\/wp-json\/wp\/v2\/product\/8723","targetHints":{"allow":["GET"]}}],"collection":[{"href":"https:\/\/shop.petercernicka.eu\/de\/wp-json\/wp\/v2\/product"}],"about":[{"href":"https:\/\/shop.petercernicka.eu\/de\/wp-json\/wp\/v2\/types\/product"}],"replies":[{"embeddable":true,"href":"https:\/\/shop.petercernicka.eu\/de\/wp-json\/wp\/v2\/comments?post=8723"}],"wp:featuredmedia":[{"embeddable":true,"href":"https:\/\/shop.petercernicka.eu\/de\/wp-json\/wp\/v2\/media\/8711"}],"wp:attachment":[{"href":"https:\/\/shop.petercernicka.eu\/de\/wp-json\/wp\/v2\/media?parent=8723"}],"wp:term":[{"taxonomy":"product_brand","embeddable":true,"href":"https:\/\/shop.petercernicka.eu\/de\/wp-json\/wp\/v2\/product_brand?post=8723"},{"taxonomy":"product_cat","embeddable":true,"href":"https:\/\/shop.petercernicka.eu\/de\/wp-json\/wp\/v2\/product_cat?post=8723"},{"taxonomy":"product_tag","embeddable":true,"href":"https:\/\/shop.petercernicka.eu\/de\/wp-json\/wp\/v2\/product_tag?post=8723"}],"curies":[{"name":"wp","href":"https:\/\/api.w.org\/{rel}","templated":true}]}}