{"id":8720,"date":"2025-02-18T07:51:43","date_gmt":"2025-02-18T06:51:43","guid":{"rendered":"https:\/\/shop.petercernicka.eu\/?post_type=product&#038;p=8720"},"modified":"2026-01-31T14:47:02","modified_gmt":"2026-01-31T13:47:02","slug":"lasko-ma-ja-stunu-noty-pre-dychovku","status":"publish","type":"product","link":"https:\/\/shop.petercernicka.eu\/de\/shop\/dychova-hudba\/lasko-ma-ja-stunu-noty-pre-dychovku\/","title":{"rendered":"L\u00e1sko m\u00e1, j\u00e1 st\u016f\u0148u &#8211; noty pre dychovku"},"content":{"rendered":"<p><span style=\"color: #000000;\">J\u00e1, a\u010d m\u00e1m sp\u00e1nek bezesn\u00fd,<\/span><br \/>\n<span style=\"color: #000000;\">mn\u011b v\u010dera sen se zd\u00e1l.<\/span><br \/>\n<span style=\"color: #000000;\">I kdy\u017e d\u00e1vno nejsem s n\u00edm,<\/span><br \/>\n<span style=\"color: #000000;\">mn\u011b nav\u0161t\u00edvil s\u00e1m kr\u00e1l.<\/span><\/p>\n<p><span style=\"color: #000000;\">Ref:<\/span><br \/>\n<span style=\"color: #000000;\">\u0158ekl: l\u00e1sko m\u00e1, j\u00e1 st\u016f\u0148u,<\/span><br \/>\n<span style=\"color: #000000;\">svoji p\u00fdchu j\u00e1 jen hr\u00e1l.<\/span><br \/>\n<span style=\"color: #000000;\">Kv\u016fli v\u00e1m se vzd\u00e1v\u00e1m tr\u016fnu,<\/span><br \/>\n<span style=\"color: #000000;\">klenot\u016f i katedr\u00e1l.<\/span><\/p>\n<p><span style=\"color: #000000;\">A\u010d den m\u00e1m jindy poklidn\u00fd,<\/span><br \/>\n<span style=\"color: #000000;\">dnes nev\u00edm, kudy kam.<\/span><br \/>\n<span style=\"color: #000000;\">Tr\u00e1p\u00ed m\u011b sen o\u0161idn\u00fd<\/span><br \/>\n<span style=\"color: #000000;\">a tr\u00e1p\u00ed m\u011b kr\u00e1l s\u00e1m.<\/span><\/p>\n<p><span style=\"color: #000000;\">Ref:<\/span><br \/>\n<span style=\"color: #000000;\">\u0158ekl: l\u00e1sko m\u00e1, j\u00e1 st\u016f\u0148u,<\/span><br \/>\n<span style=\"color: #000000;\">svoji p\u00fdchu, j\u00e1 jen hr\u00e1l.<\/span><br \/>\n<span style=\"color: #000000;\">Kv\u016fli v\u00e1m se vzd\u00e1v\u00e1m tr\u016fnu,<\/span><br \/>\n<span style=\"color: #000000;\">klenot\u016f i katedr\u00e1l.<\/span><\/p>\n<p><span style=\"color: #000000;\">Ref:<\/span><br \/>\n<span style=\"color: #000000;\">\u0158ekl: l\u00e1sko m\u00e1, j\u00e1 st\u016f\u0148u,<\/span><br \/>\n<span style=\"color: #000000;\">svoji p\u00fdchu, j\u00e1 jen hr\u00e1l.<\/span><br \/>\n<span style=\"color: #000000;\">Kv\u016fli v\u00e1m se vzd\u00e1v\u00e1m tr\u016fnu,<\/span><br \/>\n<span style=\"color: #000000;\">klenot\u016f i katedr\u00e1l.<\/span><\/p>\n<p><span style=\"color: #000000;\">Ref:<\/span><br \/>\n<span style=\"color: #000000;\">\u0158ekl: l\u00e1sko m\u00e1, j\u00e1 st\u016f\u0148u,<\/span><br \/>\n<span style=\"color: #000000;\">svoji p\u00fdchu, j\u00e1 jen hr\u00e1l.<\/span><br \/>\n<span style=\"color: #000000;\">Kv\u016fli v\u00e1m se vzd\u00e1v\u00e1m tr\u016fnu,<\/span><br \/>\n<span style=\"color: #000000;\">klenot\u016f i katedr\u00e1l.<\/span><\/p>","protected":false},"excerpt":{"rendered":"<p>J\u00e1, a\u010d m\u00e1m sp\u00e1nek bezesn\u00fd, mn\u011b v\u010dera sen se zd\u00e1l. I kdy\u017e d\u00e1vno nejsem s n\u00edm, mn\u011b nav\u0161t\u00edvil s\u00e1m kr\u00e1l. Ref: \u0158ekl: l\u00e1sko m\u00e1, j\u00e1 st\u016f\u0148u, svoji p\u00fdchu j\u00e1 jen hr\u00e1l. Kv\u016fli v\u00e1m se vzd\u00e1v\u00e1m tr\u016fnu, klenot\u016f i katedr\u00e1l. A\u010d den m\u00e1m [&hellip;]<\/p>\n","protected":false},"featured_media":8714,"comment_status":"closed","ping_status":"closed","template":"","meta":{"om_disable_all_campaigns":false},"product_brand":[],"product_cat":[36,1168],"product_tag":[1188],"class_list":{"0":"post-8720","1":"product","2":"type-product","3":"status-publish","4":"has-post-thumbnail","6":"product_cat-dychova-hudba","7":"product_cat-noty","8":"product_tag-noty","10":"first","11":"outofstock","12":"downloadable","13":"virtual","14":"taxable","15":"purchasable","16":"product-type-simple"},"yoast_head":"<!-- This site is optimized with the Yoast SEO plugin v27.4 - https:\/\/yoast.com\/product\/yoast-seo-wordpress\/ -->\n<title>L\u00e1sko m\u00e1, j\u00e1 st\u016f\u0148u - noty pre dychovku - Peter \u010cerni\u010dka | Noty | HUDOBN\u00c9 PODKLADY<\/title>\n<meta name=\"robots\" content=\"index, follow, max-snippet:-1, max-image-preview:large, max-video-preview:-1\" \/>\n<link rel=\"canonical\" href=\"https:\/\/shop.petercernicka.eu\/de\/shop\/dychova-hudba\/lasko-ma-ja-stunu-noty-pre-dychovku\/\" \/>\n<meta property=\"og:locale\" content=\"de_DE\" \/>\n<meta property=\"og:type\" content=\"article\" \/>\n<meta property=\"og:title\" content=\"L\u00e1sko m\u00e1, j\u00e1 st\u016f\u0148u - noty pre dychovku\" \/>\n<meta property=\"og:description\" content=\"J\u00e1, a\u010d m\u00e1m sp\u00e1nek bezesn\u00fd, mn\u011b v\u010dera sen se zd\u00e1l. I kdy\u017e d\u00e1vno nejsem s n\u00edm, mn\u011b nav\u0161t\u00edvil s\u00e1m kr\u00e1l. Ref: \u0158ekl: l\u00e1sko m\u00e1, j\u00e1 st\u016f\u0148u, svoji p\u00fdchu j\u00e1 jen hr\u00e1l. Kv\u016fli v\u00e1m se vzd\u00e1v\u00e1m tr\u016fnu, klenot\u016f i katedr\u00e1l. A\u010d den m\u00e1m [&hellip;]\" \/>\n<meta property=\"og:url\" content=\"https:\/\/shop.petercernicka.eu\/de\/shop\/dychova-hudba\/lasko-ma-ja-stunu-noty-pre-dychovku\/\" \/>\n<meta property=\"og:site_name\" content=\"Peter \u010cerni\u010dka | Noty | HUDOBN\u00c9 PODKLADY\" \/>\n<meta property=\"article:publisher\" content=\"https:\/\/www.facebook.com\/petercernickanoty\" \/>\n<meta property=\"article:modified_time\" content=\"2026-01-31T13:47:02+00:00\" \/>\n<meta property=\"og:image\" content=\"https:\/\/shop.petercernicka.eu\/wp-content\/uploads\/2025\/02\/Lasko-ma-ja-stunu-DYCHOVA-HUDBA.jpg\" \/>\n\t<meta property=\"og:image:width\" content=\"599\" \/>\n\t<meta property=\"og:image:height\" content=\"862\" \/>\n\t<meta property=\"og:image:type\" content=\"image\/jpeg\" \/>\n<meta name=\"twitter:card\" content=\"summary_large_image\" \/>\n<meta name=\"twitter:label1\" content=\"Gesch\u00e4tzte Lesezeit\" \/>\n\t<meta name=\"twitter:data1\" content=\"1\u00a0Minute\" \/>\n<script type=\"application\/ld+json\" class=\"yoast-schema-graph\">{\"@context\":\"https:\\\/\\\/schema.org\",\"@graph\":[{\"@type\":\"WebPage\",\"@id\":\"https:\\\/\\\/shop.petercernicka.eu\\\/shop\\\/dychova-hudba\\\/lasko-ma-ja-stunu-noty-pre-dychovku\\\/\",\"url\":\"https:\\\/\\\/shop.petercernicka.eu\\\/shop\\\/dychova-hudba\\\/lasko-ma-ja-stunu-noty-pre-dychovku\\\/\",\"name\":\"L\u00e1sko m\u00e1, j\u00e1 st\u016f\u0148u - noty pre dychovku - Peter \u010cerni\u010dka | Noty | HUDOBN\u00c9 PODKLADY\",\"isPartOf\":{\"@id\":\"https:\\\/\\\/shop.petercernicka.eu\\\/#website\"},\"primaryImageOfPage\":{\"@id\":\"https:\\\/\\\/shop.petercernicka.eu\\\/shop\\\/dychova-hudba\\\/lasko-ma-ja-stunu-noty-pre-dychovku\\\/#primaryimage\"},\"image\":{\"@id\":\"https:\\\/\\\/shop.petercernicka.eu\\\/shop\\\/dychova-hudba\\\/lasko-ma-ja-stunu-noty-pre-dychovku\\\/#primaryimage\"},\"thumbnailUrl\":\"https:\\\/\\\/shop.petercernicka.eu\\\/wp-content\\\/uploads\\\/2025\\\/02\\\/Lasko-ma-ja-stunu-DYCHOVA-HUDBA.jpg\",\"datePublished\":\"2025-02-18T06:51:43+00:00\",\"dateModified\":\"2026-01-31T13:47:02+00:00\",\"breadcrumb\":{\"@id\":\"https:\\\/\\\/shop.petercernicka.eu\\\/shop\\\/dychova-hudba\\\/lasko-ma-ja-stunu-noty-pre-dychovku\\\/#breadcrumb\"},\"inLanguage\":\"de\",\"potentialAction\":[{\"@type\":\"ReadAction\",\"target\":[\"https:\\\/\\\/shop.petercernicka.eu\\\/shop\\\/dychova-hudba\\\/lasko-ma-ja-stunu-noty-pre-dychovku\\\/\"]}]},{\"@type\":\"ImageObject\",\"inLanguage\":\"de\",\"@id\":\"https:\\\/\\\/shop.petercernicka.eu\\\/shop\\\/dychova-hudba\\\/lasko-ma-ja-stunu-noty-pre-dychovku\\\/#primaryimage\",\"url\":\"https:\\\/\\\/shop.petercernicka.eu\\\/wp-content\\\/uploads\\\/2025\\\/02\\\/Lasko-ma-ja-stunu-DYCHOVA-HUDBA.jpg\",\"contentUrl\":\"https:\\\/\\\/shop.petercernicka.eu\\\/wp-content\\\/uploads\\\/2025\\\/02\\\/Lasko-ma-ja-stunu-DYCHOVA-HUDBA.jpg\",\"width\":599,\"height\":862,\"caption\":\"L\u00e1sko m\u00e1, j\u00e1 st\u016f\u0148u - noty pre dychovku\"},{\"@type\":\"BreadcrumbList\",\"@id\":\"https:\\\/\\\/shop.petercernicka.eu\\\/shop\\\/dychova-hudba\\\/lasko-ma-ja-stunu-noty-pre-dychovku\\\/#breadcrumb\",\"itemListElement\":[{\"@type\":\"ListItem\",\"position\":1,\"name\":\"Home\",\"item\":\"https:\\\/\\\/shop.petercernicka.eu\\\/\"},{\"@type\":\"ListItem\",\"position\":2,\"name\":\"Produkty\",\"item\":\"https:\\\/\\\/shop.petercernicka.eu\\\/obchod\\\/\"},{\"@type\":\"ListItem\",\"position\":3,\"name\":\"L\u00e1sko m\u00e1, j\u00e1 st\u016f\u0148u &#8211; noty pre dychovku\"}]},{\"@type\":\"WebSite\",\"@id\":\"https:\\\/\\\/shop.petercernicka.eu\\\/#website\",\"url\":\"https:\\\/\\\/shop.petercernicka.eu\\\/\",\"name\":\"Peter \u010cerni\u010dka | Noty | HUDOBN\u00c9 PODKLADY\",\"description\":\"\u013eudov\u00e9 piesne, popul\u00e1rne \u0161l\u00e1gre, \u010desko-slovensk\u00e9 hity, cig\u00e1nske piesne, ewergreeny, viano\u010dn\u00e9 koledy\",\"potentialAction\":[{\"@type\":\"SearchAction\",\"target\":{\"@type\":\"EntryPoint\",\"urlTemplate\":\"https:\\\/\\\/shop.petercernicka.eu\\\/?s={search_term_string}\"},\"query-input\":{\"@type\":\"PropertyValueSpecification\",\"valueRequired\":true,\"valueName\":\"search_term_string\"}}],\"inLanguage\":\"de\"}]}<\/script>\n<!-- \/ Yoast SEO plugin. -->","yoast_head_json":{"title":"L\u00e1sko m\u00e1, j\u00e1 st\u016f\u0148u - noty pre dychovku - Peter \u010cerni\u010dka | Noty | HUDOBN\u00c9 PODKLADY","robots":{"index":"index","follow":"follow","max-snippet":"max-snippet:-1","max-image-preview":"max-image-preview:large","max-video-preview":"max-video-preview:-1"},"canonical":"https:\/\/shop.petercernicka.eu\/de\/shop\/dychova-hudba\/lasko-ma-ja-stunu-noty-pre-dychovku\/","og_locale":"de_DE","og_type":"article","og_title":"L\u00e1sko m\u00e1, j\u00e1 st\u016f\u0148u - noty pre dychovku","og_description":"J\u00e1, a\u010d m\u00e1m sp\u00e1nek bezesn\u00fd, mn\u011b v\u010dera sen se zd\u00e1l. I kdy\u017e d\u00e1vno nejsem s n\u00edm, mn\u011b nav\u0161t\u00edvil s\u00e1m kr\u00e1l. Ref: \u0158ekl: l\u00e1sko m\u00e1, j\u00e1 st\u016f\u0148u, svoji p\u00fdchu j\u00e1 jen hr\u00e1l. Kv\u016fli v\u00e1m se vzd\u00e1v\u00e1m tr\u016fnu, klenot\u016f i katedr\u00e1l. A\u010d den m\u00e1m [&hellip;]","og_url":"https:\/\/shop.petercernicka.eu\/de\/shop\/dychova-hudba\/lasko-ma-ja-stunu-noty-pre-dychovku\/","og_site_name":"Peter \u010cerni\u010dka | Noty | HUDOBN\u00c9 PODKLADY","article_publisher":"https:\/\/www.facebook.com\/petercernickanoty","article_modified_time":"2026-01-31T13:47:02+00:00","og_image":[{"width":599,"height":862,"url":"https:\/\/shop.petercernicka.eu\/wp-content\/uploads\/2025\/02\/Lasko-ma-ja-stunu-DYCHOVA-HUDBA.jpg","type":"image\/jpeg"}],"twitter_card":"summary_large_image","twitter_misc":{"Gesch\u00e4tzte Lesezeit":"1\u00a0Minute"},"schema":{"@context":"https:\/\/schema.org","@graph":[{"@type":"WebPage","@id":"https:\/\/shop.petercernicka.eu\/shop\/dychova-hudba\/lasko-ma-ja-stunu-noty-pre-dychovku\/","url":"https:\/\/shop.petercernicka.eu\/shop\/dychova-hudba\/lasko-ma-ja-stunu-noty-pre-dychovku\/","name":"L\u00e1sko m\u00e1, j\u00e1 st\u016f\u0148u - noty pre dychovku - Peter \u010cerni\u010dka | Noty | HUDOBN\u00c9 PODKLADY","isPartOf":{"@id":"https:\/\/shop.petercernicka.eu\/#website"},"primaryImageOfPage":{"@id":"https:\/\/shop.petercernicka.eu\/shop\/dychova-hudba\/lasko-ma-ja-stunu-noty-pre-dychovku\/#primaryimage"},"image":{"@id":"https:\/\/shop.petercernicka.eu\/shop\/dychova-hudba\/lasko-ma-ja-stunu-noty-pre-dychovku\/#primaryimage"},"thumbnailUrl":"https:\/\/shop.petercernicka.eu\/wp-content\/uploads\/2025\/02\/Lasko-ma-ja-stunu-DYCHOVA-HUDBA.jpg","datePublished":"2025-02-18T06:51:43+00:00","dateModified":"2026-01-31T13:47:02+00:00","breadcrumb":{"@id":"https:\/\/shop.petercernicka.eu\/shop\/dychova-hudba\/lasko-ma-ja-stunu-noty-pre-dychovku\/#breadcrumb"},"inLanguage":"de","potentialAction":[{"@type":"ReadAction","target":["https:\/\/shop.petercernicka.eu\/shop\/dychova-hudba\/lasko-ma-ja-stunu-noty-pre-dychovku\/"]}]},{"@type":"ImageObject","inLanguage":"de","@id":"https:\/\/shop.petercernicka.eu\/shop\/dychova-hudba\/lasko-ma-ja-stunu-noty-pre-dychovku\/#primaryimage","url":"https:\/\/shop.petercernicka.eu\/wp-content\/uploads\/2025\/02\/Lasko-ma-ja-stunu-DYCHOVA-HUDBA.jpg","contentUrl":"https:\/\/shop.petercernicka.eu\/wp-content\/uploads\/2025\/02\/Lasko-ma-ja-stunu-DYCHOVA-HUDBA.jpg","width":599,"height":862,"caption":"L\u00e1sko m\u00e1, j\u00e1 st\u016f\u0148u - noty pre dychovku"},{"@type":"BreadcrumbList","@id":"https:\/\/shop.petercernicka.eu\/shop\/dychova-hudba\/lasko-ma-ja-stunu-noty-pre-dychovku\/#breadcrumb","itemListElement":[{"@type":"ListItem","position":1,"name":"Home","item":"https:\/\/shop.petercernicka.eu\/"},{"@type":"ListItem","position":2,"name":"Produkty","item":"https:\/\/shop.petercernicka.eu\/obchod\/"},{"@type":"ListItem","position":3,"name":"L\u00e1sko m\u00e1, j\u00e1 st\u016f\u0148u &#8211; noty pre dychovku"}]},{"@type":"WebSite","@id":"https:\/\/shop.petercernicka.eu\/#website","url":"https:\/\/shop.petercernicka.eu\/","name":"Peter \u010cerni\u010dka | Noty | HUDOBN\u00c9 PODKLADY","description":"Volkslieder, Schlager, Tschechoslowakische Schlager, Zigeunerlieder, Evergreens, Weihnachtslieder","potentialAction":[{"@type":"SearchAction","target":{"@type":"EntryPoint","urlTemplate":"https:\/\/shop.petercernicka.eu\/?s={search_term_string}"},"query-input":{"@type":"PropertyValueSpecification","valueRequired":true,"valueName":"search_term_string"}}],"inLanguage":"de"}]}},"_links":{"self":[{"href":"https:\/\/shop.petercernicka.eu\/de\/wp-json\/wp\/v2\/product\/8720","targetHints":{"allow":["GET"]}}],"collection":[{"href":"https:\/\/shop.petercernicka.eu\/de\/wp-json\/wp\/v2\/product"}],"about":[{"href":"https:\/\/shop.petercernicka.eu\/de\/wp-json\/wp\/v2\/types\/product"}],"replies":[{"embeddable":true,"href":"https:\/\/shop.petercernicka.eu\/de\/wp-json\/wp\/v2\/comments?post=8720"}],"wp:featuredmedia":[{"embeddable":true,"href":"https:\/\/shop.petercernicka.eu\/de\/wp-json\/wp\/v2\/media\/8714"}],"wp:attachment":[{"href":"https:\/\/shop.petercernicka.eu\/de\/wp-json\/wp\/v2\/media?parent=8720"}],"wp:term":[{"taxonomy":"product_brand","embeddable":true,"href":"https:\/\/shop.petercernicka.eu\/de\/wp-json\/wp\/v2\/product_brand?post=8720"},{"taxonomy":"product_cat","embeddable":true,"href":"https:\/\/shop.petercernicka.eu\/de\/wp-json\/wp\/v2\/product_cat?post=8720"},{"taxonomy":"product_tag","embeddable":true,"href":"https:\/\/shop.petercernicka.eu\/de\/wp-json\/wp\/v2\/product_tag?post=8720"}],"curies":[{"name":"wp","href":"https:\/\/api.w.org\/{rel}","templated":true}]}}