{"id":8719,"date":"2025-02-18T07:49:46","date_gmt":"2025-02-18T06:49:46","guid":{"rendered":"https:\/\/shop.petercernicka.eu\/?post_type=product&#038;p=8719"},"modified":"2026-01-31T14:47:02","modified_gmt":"2026-01-31T13:47:02","slug":"cervena-reka-noty-pre-dychovku","status":"publish","type":"product","link":"https:\/\/shop.petercernicka.eu\/de\/shop\/dychova-hudba\/cervena-reka-noty-pre-dychovku\/","title":{"rendered":"\u010cerven\u00e1 \u0159eka &#8211; noty pre dychovku"},"content":{"rendered":"<p><span style=\"color: #000000;\">Pod tou sk\u00e1lou, kde proud \u0159eky sy\u010d\u00ed<\/span><br \/>\n<span style=\"color: #000000;\">a kde \u010dn\u00ed \u010derven\u00fd kamen\u00ed,<\/span><br \/>\n<span style=\"color: #000000;\">\u017eije ten, co mi jen srdce ni\u010d\u00ed,<\/span><br \/>\n<span style=\"color: #000000;\">koho j\u00e1 r\u00e1da m\u00e1m k zbl\u00e1zn\u011bn\u00ed.<\/span><\/p>\n<p><span style=\"color: #000000;\">V\u00edm, \u017ee l\u00e1sku jak tr\u00e1m lehce sl\u00edb\u00ed,<\/span><br \/>\n<span style=\"color: #000000;\">j\u00e1 ho zn\u00e1m srdce m\u00e1 d\u011brav\u00fd,<\/span><br \/>\n<span style=\"color: #000000;\">ale j\u00e1 ho chci m\u00edt, mn\u011b se l\u00edb\u00ed,<\/span><br \/>\n<span style=\"color: #000000;\">bez n\u011bj \u017e\u00edt u\u017e m\u011b d\u00e1l nebav\u00ed.<\/span><\/p>\n<p><span style=\"color: #000000;\">\u010casto k n\u00e1m jezd\u00edv\u00e1 s kytkou r\u016f\u017e\u00ed,<\/span><br \/>\n<span style=\"color: #000000;\">nejhez\u010d\u00ed z kovboj\u016f v okol\u00ed.<\/span><br \/>\n<span style=\"color: #000000;\">Vestu m\u00e1 u\u0161itou z had\u00edch k\u016f\u017e\u00ed,<\/span><br \/>\n<span style=\"color: #000000;\">bitej p\u00e1s, na n\u011bm p\u00e1r pistol\u00ed.<\/span><\/p>\n<p><span style=\"color: #000000;\">Hned se pt\u00e1 jak se m\u00e1m, jak se da\u0159\u00ed,<\/span><br \/>\n<span style=\"color: #000000;\">kdy mu pr\u00fd u\u017e to sv\u00fd srdce d\u00e1m.<\/span><br \/>\n<span style=\"color: #000000;\">Na to j\u00e1 odpov\u00edm, \u017ee \u010das ma\u0159\u00ed,<\/span><br \/>\n<span style=\"color: #000000;\">srdce bl\u00ed\u017e \u010cerven\u00fd \u0159eky m\u00e1m.<\/span><\/p>\n<p><span style=\"color: #000000;\">Pod tou sk\u00e1lou, kde proud \u0159eky sy\u010d\u00ed<\/span><br \/>\n<span style=\"color: #000000;\">a kde \u010dn\u00ed \u010derven\u00fd kamen\u00ed,<\/span><br \/>\n<span style=\"color: #000000;\">\u017eije ten, co mi jen srdce ni\u010d\u00ed,<\/span><br \/>\n<span style=\"color: #000000;\">koho j\u00e1 r\u00e1da m\u00e1m k zbl\u00e1zn\u011bn\u00ed.<\/span><\/p>\n<p><span style=\"color: #000000;\">V\u00edm, \u017ee l\u00e1sku jak tr\u00e1m lehce sl\u00edb\u00ed,<\/span><br \/>\n<span style=\"color: #000000;\">j\u00e1 ho zn\u00e1m srdce m\u00e1 d\u011brav\u00fd,<\/span><br \/>\n<span style=\"color: #000000;\">ale j\u00e1 ho chci m\u00edt, mn\u011b se l\u00edb\u00ed,<\/span><br \/>\n<span style=\"color: #000000;\">bez n\u011bj \u017e\u00edt u\u017e m\u011b d\u00e1l nebav\u00ed.<\/span><\/p>\n<p><span style=\"color: #000000;\">Kdy\u017e je tma a jdu sp\u00e1t, noc je \u010dern\u00e1,<\/span><br \/>\n<span style=\"color: #000000;\">hlavu m\u00e1m bolavou z\u00e1vrat\u00ed,<\/span><br \/>\n<span style=\"color: #000000;\">ale j\u00e1 p\u0159esto d\u00e1l budu v\u011brn\u00e1,<\/span><br \/>\n<span style=\"color: #000000;\">dokud s\u00e1m se zas k n\u00e1m nevr\u00e1t\u00ed,<\/span><br \/>\n<span style=\"color: #000000;\">dokud s\u00e1m se zas k n\u00e1m nevr\u00e1t\u00ed.<\/span><\/p>","protected":false},"excerpt":{"rendered":"<p>Pod tou sk\u00e1lou, kde proud \u0159eky sy\u010d\u00ed a kde \u010dn\u00ed \u010derven\u00fd kamen\u00ed, \u017eije ten, co mi jen srdce ni\u010d\u00ed, koho j\u00e1 r\u00e1da m\u00e1m k zbl\u00e1zn\u011bn\u00ed. V\u00edm, \u017ee l\u00e1sku jak tr\u00e1m lehce sl\u00edb\u00ed, j\u00e1 ho zn\u00e1m srdce m\u00e1 d\u011brav\u00fd, ale j\u00e1 ho chci [&hellip;]<\/p>\n","protected":false},"featured_media":8715,"comment_status":"closed","ping_status":"closed","template":"","meta":{"om_disable_all_campaigns":false},"product_brand":[],"product_cat":[36,1168],"product_tag":[1188],"class_list":{"0":"post-8719","1":"product","2":"type-product","3":"status-publish","4":"has-post-thumbnail","6":"product_cat-dychova-hudba","7":"product_cat-noty","8":"product_tag-noty","10":"first","11":"outofstock","12":"downloadable","13":"virtual","14":"taxable","15":"purchasable","16":"product-type-simple"},"yoast_head":"<!-- This site is optimized with the Yoast SEO plugin v27.4 - https:\/\/yoast.com\/product\/yoast-seo-wordpress\/ -->\n<title>\u010cerven\u00e1 \u0159eka - noty pre dychovku - Peter \u010cerni\u010dka | Noty | HUDOBN\u00c9 PODKLADY<\/title>\n<meta name=\"robots\" content=\"index, follow, max-snippet:-1, max-image-preview:large, max-video-preview:-1\" \/>\n<link rel=\"canonical\" href=\"https:\/\/shop.petercernicka.eu\/de\/shop\/dychova-hudba\/cervena-reka-noty-pre-dychovku\/\" \/>\n<meta property=\"og:locale\" content=\"de_DE\" \/>\n<meta property=\"og:type\" content=\"article\" \/>\n<meta property=\"og:title\" content=\"\u010cerven\u00e1 \u0159eka - noty pre dychovku\" \/>\n<meta property=\"og:description\" content=\"Pod tou sk\u00e1lou, kde proud \u0159eky sy\u010d\u00ed a kde \u010dn\u00ed \u010derven\u00fd kamen\u00ed, \u017eije ten, co mi jen srdce ni\u010d\u00ed, koho j\u00e1 r\u00e1da m\u00e1m k zbl\u00e1zn\u011bn\u00ed. V\u00edm, \u017ee l\u00e1sku jak tr\u00e1m lehce sl\u00edb\u00ed, j\u00e1 ho zn\u00e1m srdce m\u00e1 d\u011brav\u00fd, ale j\u00e1 ho chci [&hellip;]\" \/>\n<meta property=\"og:url\" content=\"https:\/\/shop.petercernicka.eu\/de\/shop\/dychova-hudba\/cervena-reka-noty-pre-dychovku\/\" \/>\n<meta property=\"og:site_name\" content=\"Peter \u010cerni\u010dka | Noty | HUDOBN\u00c9 PODKLADY\" \/>\n<meta property=\"article:publisher\" content=\"https:\/\/www.facebook.com\/petercernickanoty\" \/>\n<meta property=\"article:modified_time\" content=\"2026-01-31T13:47:02+00:00\" \/>\n<meta property=\"og:image\" content=\"https:\/\/shop.petercernicka.eu\/wp-content\/uploads\/2025\/02\/CERVENA-REKA-DYCHOVA-HUDBA.jpg\" \/>\n\t<meta property=\"og:image:width\" content=\"599\" \/>\n\t<meta property=\"og:image:height\" content=\"861\" \/>\n\t<meta property=\"og:image:type\" content=\"image\/jpeg\" \/>\n<meta name=\"twitter:card\" content=\"summary_large_image\" \/>\n<meta name=\"twitter:label1\" content=\"Gesch\u00e4tzte Lesezeit\" \/>\n\t<meta name=\"twitter:data1\" content=\"1\u00a0Minute\" \/>\n<script type=\"application\/ld+json\" class=\"yoast-schema-graph\">{\"@context\":\"https:\\\/\\\/schema.org\",\"@graph\":[{\"@type\":\"WebPage\",\"@id\":\"https:\\\/\\\/shop.petercernicka.eu\\\/shop\\\/dychova-hudba\\\/cervena-reka-noty-pre-dychovku\\\/\",\"url\":\"https:\\\/\\\/shop.petercernicka.eu\\\/shop\\\/dychova-hudba\\\/cervena-reka-noty-pre-dychovku\\\/\",\"name\":\"\u010cerven\u00e1 \u0159eka - noty pre dychovku - Peter \u010cerni\u010dka | Noty | HUDOBN\u00c9 PODKLADY\",\"isPartOf\":{\"@id\":\"https:\\\/\\\/shop.petercernicka.eu\\\/#website\"},\"primaryImageOfPage\":{\"@id\":\"https:\\\/\\\/shop.petercernicka.eu\\\/shop\\\/dychova-hudba\\\/cervena-reka-noty-pre-dychovku\\\/#primaryimage\"},\"image\":{\"@id\":\"https:\\\/\\\/shop.petercernicka.eu\\\/shop\\\/dychova-hudba\\\/cervena-reka-noty-pre-dychovku\\\/#primaryimage\"},\"thumbnailUrl\":\"https:\\\/\\\/shop.petercernicka.eu\\\/wp-content\\\/uploads\\\/2025\\\/02\\\/CERVENA-REKA-DYCHOVA-HUDBA.jpg\",\"datePublished\":\"2025-02-18T06:49:46+00:00\",\"dateModified\":\"2026-01-31T13:47:02+00:00\",\"breadcrumb\":{\"@id\":\"https:\\\/\\\/shop.petercernicka.eu\\\/shop\\\/dychova-hudba\\\/cervena-reka-noty-pre-dychovku\\\/#breadcrumb\"},\"inLanguage\":\"de\",\"potentialAction\":[{\"@type\":\"ReadAction\",\"target\":[\"https:\\\/\\\/shop.petercernicka.eu\\\/shop\\\/dychova-hudba\\\/cervena-reka-noty-pre-dychovku\\\/\"]}]},{\"@type\":\"ImageObject\",\"inLanguage\":\"de\",\"@id\":\"https:\\\/\\\/shop.petercernicka.eu\\\/shop\\\/dychova-hudba\\\/cervena-reka-noty-pre-dychovku\\\/#primaryimage\",\"url\":\"https:\\\/\\\/shop.petercernicka.eu\\\/wp-content\\\/uploads\\\/2025\\\/02\\\/CERVENA-REKA-DYCHOVA-HUDBA.jpg\",\"contentUrl\":\"https:\\\/\\\/shop.petercernicka.eu\\\/wp-content\\\/uploads\\\/2025\\\/02\\\/CERVENA-REKA-DYCHOVA-HUDBA.jpg\",\"width\":599,\"height\":861,\"caption\":\"\u010cerven\u00e1 \u0159eka - noty pre dychovku\"},{\"@type\":\"BreadcrumbList\",\"@id\":\"https:\\\/\\\/shop.petercernicka.eu\\\/shop\\\/dychova-hudba\\\/cervena-reka-noty-pre-dychovku\\\/#breadcrumb\",\"itemListElement\":[{\"@type\":\"ListItem\",\"position\":1,\"name\":\"Home\",\"item\":\"https:\\\/\\\/shop.petercernicka.eu\\\/\"},{\"@type\":\"ListItem\",\"position\":2,\"name\":\"Produkty\",\"item\":\"https:\\\/\\\/shop.petercernicka.eu\\\/obchod\\\/\"},{\"@type\":\"ListItem\",\"position\":3,\"name\":\"\u010cerven\u00e1 \u0159eka &#8211; noty pre dychovku\"}]},{\"@type\":\"WebSite\",\"@id\":\"https:\\\/\\\/shop.petercernicka.eu\\\/#website\",\"url\":\"https:\\\/\\\/shop.petercernicka.eu\\\/\",\"name\":\"Peter \u010cerni\u010dka | Noty | HUDOBN\u00c9 PODKLADY\",\"description\":\"\u013eudov\u00e9 piesne, popul\u00e1rne \u0161l\u00e1gre, \u010desko-slovensk\u00e9 hity, cig\u00e1nske piesne, ewergreeny, viano\u010dn\u00e9 koledy\",\"potentialAction\":[{\"@type\":\"SearchAction\",\"target\":{\"@type\":\"EntryPoint\",\"urlTemplate\":\"https:\\\/\\\/shop.petercernicka.eu\\\/?s={search_term_string}\"},\"query-input\":{\"@type\":\"PropertyValueSpecification\",\"valueRequired\":true,\"valueName\":\"search_term_string\"}}],\"inLanguage\":\"de\"}]}<\/script>\n<!-- \/ Yoast SEO plugin. -->","yoast_head_json":{"title":"\u010cerven\u00e1 \u0159eka - noty pre dychovku - Peter \u010cerni\u010dka | Noty | HUDOBN\u00c9 PODKLADY","robots":{"index":"index","follow":"follow","max-snippet":"max-snippet:-1","max-image-preview":"max-image-preview:large","max-video-preview":"max-video-preview:-1"},"canonical":"https:\/\/shop.petercernicka.eu\/de\/shop\/dychova-hudba\/cervena-reka-noty-pre-dychovku\/","og_locale":"de_DE","og_type":"article","og_title":"\u010cerven\u00e1 \u0159eka - noty pre dychovku","og_description":"Pod tou sk\u00e1lou, kde proud \u0159eky sy\u010d\u00ed a kde \u010dn\u00ed \u010derven\u00fd kamen\u00ed, \u017eije ten, co mi jen srdce ni\u010d\u00ed, koho j\u00e1 r\u00e1da m\u00e1m k zbl\u00e1zn\u011bn\u00ed. V\u00edm, \u017ee l\u00e1sku jak tr\u00e1m lehce sl\u00edb\u00ed, j\u00e1 ho zn\u00e1m srdce m\u00e1 d\u011brav\u00fd, ale j\u00e1 ho chci [&hellip;]","og_url":"https:\/\/shop.petercernicka.eu\/de\/shop\/dychova-hudba\/cervena-reka-noty-pre-dychovku\/","og_site_name":"Peter \u010cerni\u010dka | Noty | HUDOBN\u00c9 PODKLADY","article_publisher":"https:\/\/www.facebook.com\/petercernickanoty","article_modified_time":"2026-01-31T13:47:02+00:00","og_image":[{"width":599,"height":861,"url":"https:\/\/shop.petercernicka.eu\/wp-content\/uploads\/2025\/02\/CERVENA-REKA-DYCHOVA-HUDBA.jpg","type":"image\/jpeg"}],"twitter_card":"summary_large_image","twitter_misc":{"Gesch\u00e4tzte Lesezeit":"1\u00a0Minute"},"schema":{"@context":"https:\/\/schema.org","@graph":[{"@type":"WebPage","@id":"https:\/\/shop.petercernicka.eu\/shop\/dychova-hudba\/cervena-reka-noty-pre-dychovku\/","url":"https:\/\/shop.petercernicka.eu\/shop\/dychova-hudba\/cervena-reka-noty-pre-dychovku\/","name":"\u010cerven\u00e1 \u0159eka - noty pre dychovku - Peter \u010cerni\u010dka | Noty | HUDOBN\u00c9 PODKLADY","isPartOf":{"@id":"https:\/\/shop.petercernicka.eu\/#website"},"primaryImageOfPage":{"@id":"https:\/\/shop.petercernicka.eu\/shop\/dychova-hudba\/cervena-reka-noty-pre-dychovku\/#primaryimage"},"image":{"@id":"https:\/\/shop.petercernicka.eu\/shop\/dychova-hudba\/cervena-reka-noty-pre-dychovku\/#primaryimage"},"thumbnailUrl":"https:\/\/shop.petercernicka.eu\/wp-content\/uploads\/2025\/02\/CERVENA-REKA-DYCHOVA-HUDBA.jpg","datePublished":"2025-02-18T06:49:46+00:00","dateModified":"2026-01-31T13:47:02+00:00","breadcrumb":{"@id":"https:\/\/shop.petercernicka.eu\/shop\/dychova-hudba\/cervena-reka-noty-pre-dychovku\/#breadcrumb"},"inLanguage":"de","potentialAction":[{"@type":"ReadAction","target":["https:\/\/shop.petercernicka.eu\/shop\/dychova-hudba\/cervena-reka-noty-pre-dychovku\/"]}]},{"@type":"ImageObject","inLanguage":"de","@id":"https:\/\/shop.petercernicka.eu\/shop\/dychova-hudba\/cervena-reka-noty-pre-dychovku\/#primaryimage","url":"https:\/\/shop.petercernicka.eu\/wp-content\/uploads\/2025\/02\/CERVENA-REKA-DYCHOVA-HUDBA.jpg","contentUrl":"https:\/\/shop.petercernicka.eu\/wp-content\/uploads\/2025\/02\/CERVENA-REKA-DYCHOVA-HUDBA.jpg","width":599,"height":861,"caption":"\u010cerven\u00e1 \u0159eka - noty pre dychovku"},{"@type":"BreadcrumbList","@id":"https:\/\/shop.petercernicka.eu\/shop\/dychova-hudba\/cervena-reka-noty-pre-dychovku\/#breadcrumb","itemListElement":[{"@type":"ListItem","position":1,"name":"Home","item":"https:\/\/shop.petercernicka.eu\/"},{"@type":"ListItem","position":2,"name":"Produkty","item":"https:\/\/shop.petercernicka.eu\/obchod\/"},{"@type":"ListItem","position":3,"name":"\u010cerven\u00e1 \u0159eka &#8211; noty pre dychovku"}]},{"@type":"WebSite","@id":"https:\/\/shop.petercernicka.eu\/#website","url":"https:\/\/shop.petercernicka.eu\/","name":"Peter \u010cerni\u010dka | Noty | HUDOBN\u00c9 PODKLADY","description":"Volkslieder, Schlager, Tschechoslowakische Schlager, Zigeunerlieder, Evergreens, Weihnachtslieder","potentialAction":[{"@type":"SearchAction","target":{"@type":"EntryPoint","urlTemplate":"https:\/\/shop.petercernicka.eu\/?s={search_term_string}"},"query-input":{"@type":"PropertyValueSpecification","valueRequired":true,"valueName":"search_term_string"}}],"inLanguage":"de"}]}},"_links":{"self":[{"href":"https:\/\/shop.petercernicka.eu\/de\/wp-json\/wp\/v2\/product\/8719","targetHints":{"allow":["GET"]}}],"collection":[{"href":"https:\/\/shop.petercernicka.eu\/de\/wp-json\/wp\/v2\/product"}],"about":[{"href":"https:\/\/shop.petercernicka.eu\/de\/wp-json\/wp\/v2\/types\/product"}],"replies":[{"embeddable":true,"href":"https:\/\/shop.petercernicka.eu\/de\/wp-json\/wp\/v2\/comments?post=8719"}],"wp:featuredmedia":[{"embeddable":true,"href":"https:\/\/shop.petercernicka.eu\/de\/wp-json\/wp\/v2\/media\/8715"}],"wp:attachment":[{"href":"https:\/\/shop.petercernicka.eu\/de\/wp-json\/wp\/v2\/media?parent=8719"}],"wp:term":[{"taxonomy":"product_brand","embeddable":true,"href":"https:\/\/shop.petercernicka.eu\/de\/wp-json\/wp\/v2\/product_brand?post=8719"},{"taxonomy":"product_cat","embeddable":true,"href":"https:\/\/shop.petercernicka.eu\/de\/wp-json\/wp\/v2\/product_cat?post=8719"},{"taxonomy":"product_tag","embeddable":true,"href":"https:\/\/shop.petercernicka.eu\/de\/wp-json\/wp\/v2\/product_tag?post=8719"}],"curies":[{"name":"wp","href":"https:\/\/api.w.org\/{rel}","templated":true}]}}