{"id":8703,"date":"2025-02-18T07:47:01","date_gmt":"2025-02-18T06:47:01","guid":{"rendered":"https:\/\/shop.petercernicka.eu\/?post_type=product&#038;p=8703"},"modified":"2026-01-31T14:47:02","modified_gmt":"2026-01-31T13:47:02","slug":"severni-vitr-noty-pre-dychovku","status":"publish","type":"product","link":"https:\/\/shop.petercernicka.eu\/de\/shop\/dychova-hudba\/severni-vitr-noty-pre-dychovku\/","title":{"rendered":"Severn\u00ed v\u00edtr &#8211; noty pre dychovku"},"content":{"rendered":"<p><span style=\"color: #000000;\">Jdu s d\u011bravou patou,<\/span><br \/>\n<span style=\"color: #000000;\">m\u00e1m hore\u010dku zlatou,<\/span><br \/>\n<span style=\"color: #000000;\">jsem chud\u00fd, jsem sl\u00e1b, nemocen.<\/span><br \/>\n<span style=\"color: #000000;\">Hlava m\u011b p\u00e1l\u00ed<\/span><br \/>\n<span style=\"color: #000000;\">a v modrav\u00e9 d\u00e1li<\/span><br \/>\n<span style=\"color: #000000;\">se leskne a t\u0159pyt\u00ed m\u016fj sen.<\/span><\/p>\n<p><span style=\"color: #000000;\">Kraj pod sn\u011bhem ml\u010d\u00ed,<\/span><br \/>\n<span style=\"color: #000000;\">tam stopy jsou vl\u010d\u00ed,<\/span><br \/>\n<span style=\"color: #000000;\">tam zbyte\u010dn\u011b bude\u0161 mi ps\u00e1t.<\/span><br \/>\n<span style=\"color: #000000;\">S\u00e1m v d\u0159ev\u011bn\u00e9 boud\u011b<\/span><br \/>\n<span style=\"color: #000000;\">sen o zlat\u00e9 hroud\u011b<\/span><br \/>\n<span style=\"color: #000000;\">j\u00e1 nech\u00e1m si tis\u00edckr\u00e1t zd\u00e1t.<\/span><\/p>\n<p><span style=\"color: #000000;\">Severn\u00ed v\u00edtr je krut\u00fd,<\/span><br \/>\n<span style=\"color: #000000;\">po\u010d\u00edtej l\u00e1sko m\u00e1 s t\u00edm.<\/span><br \/>\n<span style=\"color: #000000;\">K noh\u00e1m ti d\u00e1m zlat\u00e9 pruty<\/span><br \/>\n<span style=\"color: #000000;\">nebo se v\u016fbec nevr\u00e1t\u00edm.<\/span><\/p>\n<p><span style=\"color: #000000;\">Tak zar\u016fst\u00e1m vousem<\/span><br \/>\n<span style=\"color: #000000;\">a vlci u\u017e jdou sem,<\/span><br \/>\n<span style=\"color: #000000;\">u\u017e sly\u0161\u00edm je v\u00fdt bl\u00ed\u017e a bl\u00ed\u017e.<\/span><br \/>\n<span style=\"color: #000000;\">U\u017e maj\u00ed mou stopu,<\/span><br \/>\n<span style=\"color: #000000;\">u\u017e v\u011bt\u0159\u00ed, \u017ee kopu<\/span><br \/>\n<span style=\"color: #000000;\">sv\u016fj hrob, a \u017ee stlouk\u00e1m si k\u0159\u00ed\u017e.<\/span><\/p>\n<p><span style=\"color: #000000;\">Zde le\u017e\u00ed ten bl\u00e1zen,<\/span><br \/>\n<span style=\"color: #000000;\">cht\u011bl d\u016fm a cht\u011bl baz\u00e9n<\/span><br \/>\n<span style=\"color: #000000;\">a opustil tvou kr\u00e1snou tv\u00e1\u0159.<\/span><br \/>\n<span style=\"color: #000000;\">M\u00e1 plechovej hrnek<\/span><br \/>\n<span style=\"color: #000000;\">a p\u00e1r zlatejch zrnek<\/span><br \/>\n<span style=\"color: #000000;\">a nad hlavou pol\u00e1rn\u00ed z\u00e1\u0159.<\/span><\/p>","protected":false},"excerpt":{"rendered":"<p>Jdu s d\u011bravou patou, m\u00e1m hore\u010dku zlatou, jsem chud\u00fd, jsem sl\u00e1b, nemocen. Hlava m\u011b p\u00e1l\u00ed a v modrav\u00e9 d\u00e1li se leskne a t\u0159pyt\u00ed m\u016fj sen. Kraj pod sn\u011bhem ml\u010d\u00ed, tam stopy jsou vl\u010d\u00ed, tam zbyte\u010dn\u011b bude\u0161 mi ps\u00e1t. S\u00e1m v d\u0159ev\u011bn\u00e9 boud\u011b [&hellip;]<\/p>\n","protected":false},"featured_media":8717,"comment_status":"closed","ping_status":"closed","template":"","meta":{"om_disable_all_campaigns":false},"product_brand":[],"product_cat":[36,1168],"product_tag":[1188],"class_list":{"0":"post-8703","1":"product","2":"type-product","3":"status-publish","4":"has-post-thumbnail","6":"product_cat-dychova-hudba","7":"product_cat-noty","8":"product_tag-noty","10":"first","11":"outofstock","12":"downloadable","13":"virtual","14":"taxable","15":"purchasable","16":"product-type-simple"},"yoast_head":"<!-- This site is optimized with the Yoast SEO plugin v27.4 - https:\/\/yoast.com\/product\/yoast-seo-wordpress\/ -->\n<title>Severn\u00ed v\u00edtr - noty pre dychovku - Peter \u010cerni\u010dka | Noty | HUDOBN\u00c9 PODKLADY<\/title>\n<meta name=\"robots\" content=\"index, follow, max-snippet:-1, max-image-preview:large, max-video-preview:-1\" \/>\n<link rel=\"canonical\" href=\"https:\/\/shop.petercernicka.eu\/de\/shop\/dychova-hudba\/severni-vitr-noty-pre-dychovku\/\" \/>\n<meta property=\"og:locale\" content=\"de_DE\" \/>\n<meta property=\"og:type\" content=\"article\" \/>\n<meta property=\"og:title\" content=\"Severn\u00ed v\u00edtr - noty pre dychovku\" \/>\n<meta property=\"og:description\" content=\"Jdu s d\u011bravou patou, m\u00e1m hore\u010dku zlatou, jsem chud\u00fd, jsem sl\u00e1b, nemocen. Hlava m\u011b p\u00e1l\u00ed a v modrav\u00e9 d\u00e1li se leskne a t\u0159pyt\u00ed m\u016fj sen. Kraj pod sn\u011bhem ml\u010d\u00ed, tam stopy jsou vl\u010d\u00ed, tam zbyte\u010dn\u011b bude\u0161 mi ps\u00e1t. S\u00e1m v d\u0159ev\u011bn\u00e9 boud\u011b [&hellip;]\" \/>\n<meta property=\"og:url\" content=\"https:\/\/shop.petercernicka.eu\/de\/shop\/dychova-hudba\/severni-vitr-noty-pre-dychovku\/\" \/>\n<meta property=\"og:site_name\" content=\"Peter \u010cerni\u010dka | Noty | HUDOBN\u00c9 PODKLADY\" \/>\n<meta property=\"article:publisher\" content=\"https:\/\/www.facebook.com\/petercernickanoty\" \/>\n<meta property=\"article:modified_time\" content=\"2026-01-31T13:47:02+00:00\" \/>\n<meta property=\"og:image\" content=\"https:\/\/shop.petercernicka.eu\/wp-content\/uploads\/2025\/02\/SEVERNI-VITR-DYCHOVA-HUDBA.jpg\" \/>\n\t<meta property=\"og:image:width\" content=\"600\" \/>\n\t<meta property=\"og:image:height\" content=\"855\" \/>\n\t<meta property=\"og:image:type\" content=\"image\/jpeg\" \/>\n<meta name=\"twitter:card\" content=\"summary_large_image\" \/>\n<meta name=\"twitter:label1\" content=\"Gesch\u00e4tzte Lesezeit\" \/>\n\t<meta name=\"twitter:data1\" content=\"1\u00a0Minute\" \/>\n<script type=\"application\/ld+json\" class=\"yoast-schema-graph\">{\"@context\":\"https:\\\/\\\/schema.org\",\"@graph\":[{\"@type\":\"WebPage\",\"@id\":\"https:\\\/\\\/shop.petercernicka.eu\\\/shop\\\/dychova-hudba\\\/severni-vitr-noty-pre-dychovku\\\/\",\"url\":\"https:\\\/\\\/shop.petercernicka.eu\\\/shop\\\/dychova-hudba\\\/severni-vitr-noty-pre-dychovku\\\/\",\"name\":\"Severn\u00ed v\u00edtr - noty pre dychovku - Peter \u010cerni\u010dka | Noty | HUDOBN\u00c9 PODKLADY\",\"isPartOf\":{\"@id\":\"https:\\\/\\\/shop.petercernicka.eu\\\/#website\"},\"primaryImageOfPage\":{\"@id\":\"https:\\\/\\\/shop.petercernicka.eu\\\/shop\\\/dychova-hudba\\\/severni-vitr-noty-pre-dychovku\\\/#primaryimage\"},\"image\":{\"@id\":\"https:\\\/\\\/shop.petercernicka.eu\\\/shop\\\/dychova-hudba\\\/severni-vitr-noty-pre-dychovku\\\/#primaryimage\"},\"thumbnailUrl\":\"https:\\\/\\\/shop.petercernicka.eu\\\/wp-content\\\/uploads\\\/2025\\\/02\\\/SEVERNI-VITR-DYCHOVA-HUDBA.jpg\",\"datePublished\":\"2025-02-18T06:47:01+00:00\",\"dateModified\":\"2026-01-31T13:47:02+00:00\",\"breadcrumb\":{\"@id\":\"https:\\\/\\\/shop.petercernicka.eu\\\/shop\\\/dychova-hudba\\\/severni-vitr-noty-pre-dychovku\\\/#breadcrumb\"},\"inLanguage\":\"de\",\"potentialAction\":[{\"@type\":\"ReadAction\",\"target\":[\"https:\\\/\\\/shop.petercernicka.eu\\\/shop\\\/dychova-hudba\\\/severni-vitr-noty-pre-dychovku\\\/\"]}]},{\"@type\":\"ImageObject\",\"inLanguage\":\"de\",\"@id\":\"https:\\\/\\\/shop.petercernicka.eu\\\/shop\\\/dychova-hudba\\\/severni-vitr-noty-pre-dychovku\\\/#primaryimage\",\"url\":\"https:\\\/\\\/shop.petercernicka.eu\\\/wp-content\\\/uploads\\\/2025\\\/02\\\/SEVERNI-VITR-DYCHOVA-HUDBA.jpg\",\"contentUrl\":\"https:\\\/\\\/shop.petercernicka.eu\\\/wp-content\\\/uploads\\\/2025\\\/02\\\/SEVERNI-VITR-DYCHOVA-HUDBA.jpg\",\"width\":600,\"height\":855,\"caption\":\"severni vitr noty pre dychovku\"},{\"@type\":\"BreadcrumbList\",\"@id\":\"https:\\\/\\\/shop.petercernicka.eu\\\/shop\\\/dychova-hudba\\\/severni-vitr-noty-pre-dychovku\\\/#breadcrumb\",\"itemListElement\":[{\"@type\":\"ListItem\",\"position\":1,\"name\":\"Home\",\"item\":\"https:\\\/\\\/shop.petercernicka.eu\\\/\"},{\"@type\":\"ListItem\",\"position\":2,\"name\":\"Produkty\",\"item\":\"https:\\\/\\\/shop.petercernicka.eu\\\/obchod\\\/\"},{\"@type\":\"ListItem\",\"position\":3,\"name\":\"Severn\u00ed v\u00edtr &#8211; noty pre dychovku\"}]},{\"@type\":\"WebSite\",\"@id\":\"https:\\\/\\\/shop.petercernicka.eu\\\/#website\",\"url\":\"https:\\\/\\\/shop.petercernicka.eu\\\/\",\"name\":\"Peter \u010cerni\u010dka | Noty | HUDOBN\u00c9 PODKLADY\",\"description\":\"\u013eudov\u00e9 piesne, popul\u00e1rne \u0161l\u00e1gre, \u010desko-slovensk\u00e9 hity, cig\u00e1nske piesne, ewergreeny, viano\u010dn\u00e9 koledy\",\"potentialAction\":[{\"@type\":\"SearchAction\",\"target\":{\"@type\":\"EntryPoint\",\"urlTemplate\":\"https:\\\/\\\/shop.petercernicka.eu\\\/?s={search_term_string}\"},\"query-input\":{\"@type\":\"PropertyValueSpecification\",\"valueRequired\":true,\"valueName\":\"search_term_string\"}}],\"inLanguage\":\"de\"}]}<\/script>\n<!-- \/ Yoast SEO plugin. -->","yoast_head_json":{"title":"Severn\u00ed v\u00edtr - noty pre dychovku - Peter \u010cerni\u010dka | Noty | HUDOBN\u00c9 PODKLADY","robots":{"index":"index","follow":"follow","max-snippet":"max-snippet:-1","max-image-preview":"max-image-preview:large","max-video-preview":"max-video-preview:-1"},"canonical":"https:\/\/shop.petercernicka.eu\/de\/shop\/dychova-hudba\/severni-vitr-noty-pre-dychovku\/","og_locale":"de_DE","og_type":"article","og_title":"Severn\u00ed v\u00edtr - noty pre dychovku","og_description":"Jdu s d\u011bravou patou, m\u00e1m hore\u010dku zlatou, jsem chud\u00fd, jsem sl\u00e1b, nemocen. Hlava m\u011b p\u00e1l\u00ed a v modrav\u00e9 d\u00e1li se leskne a t\u0159pyt\u00ed m\u016fj sen. Kraj pod sn\u011bhem ml\u010d\u00ed, tam stopy jsou vl\u010d\u00ed, tam zbyte\u010dn\u011b bude\u0161 mi ps\u00e1t. S\u00e1m v d\u0159ev\u011bn\u00e9 boud\u011b [&hellip;]","og_url":"https:\/\/shop.petercernicka.eu\/de\/shop\/dychova-hudba\/severni-vitr-noty-pre-dychovku\/","og_site_name":"Peter \u010cerni\u010dka | Noty | HUDOBN\u00c9 PODKLADY","article_publisher":"https:\/\/www.facebook.com\/petercernickanoty","article_modified_time":"2026-01-31T13:47:02+00:00","og_image":[{"width":600,"height":855,"url":"https:\/\/shop.petercernicka.eu\/wp-content\/uploads\/2025\/02\/SEVERNI-VITR-DYCHOVA-HUDBA.jpg","type":"image\/jpeg"}],"twitter_card":"summary_large_image","twitter_misc":{"Gesch\u00e4tzte Lesezeit":"1\u00a0Minute"},"schema":{"@context":"https:\/\/schema.org","@graph":[{"@type":"WebPage","@id":"https:\/\/shop.petercernicka.eu\/shop\/dychova-hudba\/severni-vitr-noty-pre-dychovku\/","url":"https:\/\/shop.petercernicka.eu\/shop\/dychova-hudba\/severni-vitr-noty-pre-dychovku\/","name":"Severn\u00ed v\u00edtr - noty pre dychovku - Peter \u010cerni\u010dka | Noty | HUDOBN\u00c9 PODKLADY","isPartOf":{"@id":"https:\/\/shop.petercernicka.eu\/#website"},"primaryImageOfPage":{"@id":"https:\/\/shop.petercernicka.eu\/shop\/dychova-hudba\/severni-vitr-noty-pre-dychovku\/#primaryimage"},"image":{"@id":"https:\/\/shop.petercernicka.eu\/shop\/dychova-hudba\/severni-vitr-noty-pre-dychovku\/#primaryimage"},"thumbnailUrl":"https:\/\/shop.petercernicka.eu\/wp-content\/uploads\/2025\/02\/SEVERNI-VITR-DYCHOVA-HUDBA.jpg","datePublished":"2025-02-18T06:47:01+00:00","dateModified":"2026-01-31T13:47:02+00:00","breadcrumb":{"@id":"https:\/\/shop.petercernicka.eu\/shop\/dychova-hudba\/severni-vitr-noty-pre-dychovku\/#breadcrumb"},"inLanguage":"de","potentialAction":[{"@type":"ReadAction","target":["https:\/\/shop.petercernicka.eu\/shop\/dychova-hudba\/severni-vitr-noty-pre-dychovku\/"]}]},{"@type":"ImageObject","inLanguage":"de","@id":"https:\/\/shop.petercernicka.eu\/shop\/dychova-hudba\/severni-vitr-noty-pre-dychovku\/#primaryimage","url":"https:\/\/shop.petercernicka.eu\/wp-content\/uploads\/2025\/02\/SEVERNI-VITR-DYCHOVA-HUDBA.jpg","contentUrl":"https:\/\/shop.petercernicka.eu\/wp-content\/uploads\/2025\/02\/SEVERNI-VITR-DYCHOVA-HUDBA.jpg","width":600,"height":855,"caption":"severni vitr noty pre dychovku"},{"@type":"BreadcrumbList","@id":"https:\/\/shop.petercernicka.eu\/shop\/dychova-hudba\/severni-vitr-noty-pre-dychovku\/#breadcrumb","itemListElement":[{"@type":"ListItem","position":1,"name":"Home","item":"https:\/\/shop.petercernicka.eu\/"},{"@type":"ListItem","position":2,"name":"Produkty","item":"https:\/\/shop.petercernicka.eu\/obchod\/"},{"@type":"ListItem","position":3,"name":"Severn\u00ed v\u00edtr &#8211; noty pre dychovku"}]},{"@type":"WebSite","@id":"https:\/\/shop.petercernicka.eu\/#website","url":"https:\/\/shop.petercernicka.eu\/","name":"Peter \u010cerni\u010dka | Noty | HUDOBN\u00c9 PODKLADY","description":"Volkslieder, Schlager, Tschechoslowakische Schlager, Zigeunerlieder, Evergreens, Weihnachtslieder","potentialAction":[{"@type":"SearchAction","target":{"@type":"EntryPoint","urlTemplate":"https:\/\/shop.petercernicka.eu\/?s={search_term_string}"},"query-input":{"@type":"PropertyValueSpecification","valueRequired":true,"valueName":"search_term_string"}}],"inLanguage":"de"}]}},"_links":{"self":[{"href":"https:\/\/shop.petercernicka.eu\/de\/wp-json\/wp\/v2\/product\/8703","targetHints":{"allow":["GET"]}}],"collection":[{"href":"https:\/\/shop.petercernicka.eu\/de\/wp-json\/wp\/v2\/product"}],"about":[{"href":"https:\/\/shop.petercernicka.eu\/de\/wp-json\/wp\/v2\/types\/product"}],"replies":[{"embeddable":true,"href":"https:\/\/shop.petercernicka.eu\/de\/wp-json\/wp\/v2\/comments?post=8703"}],"wp:featuredmedia":[{"embeddable":true,"href":"https:\/\/shop.petercernicka.eu\/de\/wp-json\/wp\/v2\/media\/8717"}],"wp:attachment":[{"href":"https:\/\/shop.petercernicka.eu\/de\/wp-json\/wp\/v2\/media?parent=8703"}],"wp:term":[{"taxonomy":"product_brand","embeddable":true,"href":"https:\/\/shop.petercernicka.eu\/de\/wp-json\/wp\/v2\/product_brand?post=8703"},{"taxonomy":"product_cat","embeddable":true,"href":"https:\/\/shop.petercernicka.eu\/de\/wp-json\/wp\/v2\/product_cat?post=8703"},{"taxonomy":"product_tag","embeddable":true,"href":"https:\/\/shop.petercernicka.eu\/de\/wp-json\/wp\/v2\/product_tag?post=8703"}],"curies":[{"name":"wp","href":"https:\/\/api.w.org\/{rel}","templated":true}]}}