{"id":8518,"date":"2024-08-14T20:48:49","date_gmt":"2024-08-14T18:48:49","guid":{"rendered":"https:\/\/shop.petercernicka.eu\/?post_type=product&#038;p=8518"},"modified":"2026-01-31T14:47:04","modified_gmt":"2026-01-31T13:47:04","slug":"tam-u-nebeskych-bran-jiri-zmozek","status":"publish","type":"product","link":"https:\/\/shop.petercernicka.eu\/de\/shop\/dychova-hudba\/tam-u-nebeskych-bran-jiri-zmozek\/","title":{"rendered":"Tam u nebesk\u00fdch bran &#8211; Ji\u0159\u00ed Zmo\u017eek"},"content":{"rendered":"<p><span style=\"font-size: 14pt; color: #000000;\">\u00a0\u00a0M\u011bl jsem r\u00e1d p\u00e1r p\u00edsn\u00ed v\u00a0nich jsem \u017eil<\/span><\/p>\n<p><span style=\"font-size: 14pt; color: #000000;\">\u00a0 cesty toulav\u00ed ty o kter\u00fdch sem snil<\/span><\/p>\n<p><span style=\"font-size: 14pt; color: #000000;\">\u00a0 s\u00a0vl\u00eddnou tmou kdy\u017e v\u00a0l\u00e9t\u011b kraj \u0161el sp\u00e1t<\/span><\/p>\n<p><span style=\"font-size: 14pt; color: #000000;\">\u00a0 poznal jsem \u2013 \u017ee tenhle sv\u011bt m\u00e1m r\u00e1d<\/span><\/p>\n<p>&nbsp;<\/p>\n<p><span style=\"font-size: 14pt; color: #000000;\">\u00a0 Bez \u0159e\u010d\u00ed jsem ka\u017edou pr\u00e1ci vzal<\/span><\/p>\n<p><span style=\"font-size: 14pt; color: #000000;\">\u00a0 a m\u011bl probl\u00e9my, \u017ee m\u00e1lem jsem to vzdal<\/span><\/p>\n<p><span style=\"font-size: 14pt; color: #000000;\">\u00a0 poka\u017ed\u00e9 jsem vstal a zkou\u0161el j\u00edt<\/span><\/p>\n<p><span style=\"font-size: 14pt; color: #000000;\">\u00a0 pro tu \u010dest \u017ee sm\u011bl jsem s\u00a0v\u00e1mi \u017e\u00edt<\/span><\/p>\n<p>&nbsp;<\/p>\n<p><strong><span style=\"font-size: 14pt; color: #000000;\">\u00a0 M\u011bl jsem r\u00e1d st\u00edn strom\u016f \u0159\u00ed\u010dn\u00ed proud<\/span><\/strong><\/p>\n<p><strong><span style=\"font-size: 14pt; color: #000000;\">\u00a0 \u0161t\u00edty hor &#8211; co nejdou p\u0159eklenout<\/span><\/strong><\/p>\n<p><strong><span style=\"font-size: 14pt; color: #000000;\">\u00a0 kr\u00e1snej\u0161\u00ed sv\u011bt v\u016fbec nehled\u00e1m<\/span><\/strong><\/p>\n<p><strong><span style=\"font-size: 14pt; color: #000000;\">\u00a0 to \u0159eknu v\u00e1m tam u nebesk\u00fdch bran<\/span><\/strong><\/p>\n<p><strong><span style=\"font-size: 14pt; color: #000000;\">\u00a0 to \u0159eknu v\u00e1m tam u nebesk\u00fdch bran<\/span><\/strong><\/p>\n<p>&nbsp;<\/p>\n<p><span style=\"font-size: 14pt; color: #000000;\">\u00a0 D\u011btskej sm\u00edch a vl\u00e1n\u00ed ko\u0148skej h\u0159iv<\/span><\/p>\n<p><span style=\"font-size: 14pt; color: #000000;\">\u00a0 n\u011bco moudrejch v\u011bt co m\u011bl jsem zn\u00e1t u\u017e d\u0159\u00edv<\/span><\/p>\n<p><span style=\"font-size: 14pt; color: #000000;\">\u00a0 sl\u016fnce z\u00e1\u0159 kdy\u017e h\u0159\u00e1la do mejch zad<\/span><\/p>\n<p><span style=\"font-size: 14pt; color: #000000;\">\u00a0 poznal jsem \u2013 \u017ee tenhle sv\u011bt m\u00e1m r\u00e1d<\/span><\/p>\n<p>&nbsp;<\/p>\n<p><span style=\"font-size: 14pt; color: #000000;\">\u00a0 M\u011bl jsem r\u00e1d st\u00edn strom\u016f \u0159\u00ed\u010dn\u00ed proud<\/span><\/p>\n<p><span style=\"font-size: 14pt; color: #000000;\">\u00a0 \u0161t\u00edty hor &#8211; co nejdou p\u0159eklenout<\/span><\/p>\n<p><span style=\"font-size: 14pt; color: #000000;\">\u00a0 kr\u00e1snej\u0161\u00ed sv\u011bt v\u016fbec nehled\u00e1m<\/span><\/p>\n<p><span style=\"font-size: 14pt; color: #000000;\">\u00a0 to \u0159eknu v\u00e1m tam u nebesk\u00fdch bran<\/span><\/p>\n<p><span style=\"font-size: 14pt; color: #000000;\">\u00a0 to \u0159eknu v\u00e1m tam u nebesk\u00fdch bran<\/span><\/p>\n<p>&nbsp;<\/p>\n<p><span style=\"font-size: 14pt; color: #000000;\">\u00a0 \u00a0\u00a0<\/span><\/p>","protected":false},"excerpt":{"rendered":"<p><audio class=\"wp-audio-shortcode\" id=\"audio-8518-1\" preload=\"none\" style=\"width: 100%;\" controls=\"controls\"><source type=\"audio\/mpeg\" src=\"https:\/\/shop.petercernicka.eu\/wp-content\/uploads\/2024\/08\/Tam-u-nebeskych-bran.mp3?_=1\" \/><a href=\"https:\/\/shop.petercernicka.eu\/wp-content\/uploads\/2024\/08\/Tam-u-nebeskych-bran.mp3\">https:\/\/shop.petercernicka.eu\/wp-content\/uploads\/2024\/08\/Tam-u-nebeskych-bran.mp3<\/a><\/audio><\/p>","protected":false},"featured_media":8521,"comment_status":"closed","ping_status":"closed","template":"","meta":{"om_disable_all_campaigns":false},"product_brand":[],"product_cat":[36,1168],"product_tag":[1150,1188],"class_list":{"0":"post-8518","1":"product","2":"type-product","3":"status-publish","4":"has-post-thumbnail","6":"product_cat-dychova-hudba","7":"product_cat-noty","8":"product_tag-jiri-zmozek","9":"product_tag-noty","11":"first","12":"outofstock","13":"downloadable","14":"virtual","15":"taxable","16":"purchasable","17":"product-type-simple"},"yoast_head":"<!-- This site is optimized with the Yoast SEO plugin v27.4 - https:\/\/yoast.com\/product\/yoast-seo-wordpress\/ -->\n<title>Tam u nebesk\u00fdch bran - Ji\u0159\u00ed Zmo\u017eek - Peter \u010cerni\u010dka | Noty | HUDOBN\u00c9 PODKLADY<\/title>\n<meta name=\"robots\" content=\"index, follow, max-snippet:-1, max-image-preview:large, max-video-preview:-1\" \/>\n<link rel=\"canonical\" href=\"https:\/\/shop.petercernicka.eu\/de\/shop\/dychova-hudba\/tam-u-nebeskych-bran-jiri-zmozek\/\" \/>\n<meta property=\"og:locale\" content=\"de_DE\" \/>\n<meta property=\"og:type\" content=\"article\" \/>\n<meta property=\"og:title\" content=\"Tam u nebesk\u00fdch bran - Ji\u0159\u00ed Zmo\u017eek\" \/>\n<meta property=\"og:description\" content=\"Aran\u017em\u00e1 pre dychov\u00fa hudbu\" \/>\n<meta property=\"og:url\" content=\"https:\/\/shop.petercernicka.eu\/de\/shop\/dychova-hudba\/tam-u-nebeskych-bran-jiri-zmozek\/\" \/>\n<meta property=\"og:site_name\" content=\"Peter \u010cerni\u010dka | Noty | HUDOBN\u00c9 PODKLADY\" \/>\n<meta property=\"article:publisher\" content=\"https:\/\/www.facebook.com\/petercernickanoty\" \/>\n<meta property=\"article:modified_time\" content=\"2026-01-31T13:47:04+00:00\" \/>\n<meta property=\"og:image\" content=\"https:\/\/shop.petercernicka.eu\/wp-content\/uploads\/2024\/08\/zmozek-jiri.jpg\" \/>\n\t<meta property=\"og:image:width\" content=\"1280\" \/>\n\t<meta property=\"og:image:height\" content=\"720\" \/>\n\t<meta property=\"og:image:type\" content=\"image\/jpeg\" \/>\n<meta name=\"twitter:card\" content=\"summary_large_image\" \/>\n<meta name=\"twitter:label1\" content=\"Gesch\u00e4tzte Lesezeit\" \/>\n\t<meta name=\"twitter:data1\" content=\"1\u00a0Minute\" \/>\n<script type=\"application\/ld+json\" class=\"yoast-schema-graph\">{\"@context\":\"https:\\\/\\\/schema.org\",\"@graph\":[{\"@type\":\"WebPage\",\"@id\":\"https:\\\/\\\/shop.petercernicka.eu\\\/shop\\\/dychova-hudba\\\/tam-u-nebeskych-bran-jiri-zmozek\\\/\",\"url\":\"https:\\\/\\\/shop.petercernicka.eu\\\/shop\\\/dychova-hudba\\\/tam-u-nebeskych-bran-jiri-zmozek\\\/\",\"name\":\"Tam u nebesk\u00fdch bran - Ji\u0159\u00ed Zmo\u017eek - Peter \u010cerni\u010dka | Noty | HUDOBN\u00c9 PODKLADY\",\"isPartOf\":{\"@id\":\"https:\\\/\\\/shop.petercernicka.eu\\\/#website\"},\"primaryImageOfPage\":{\"@id\":\"https:\\\/\\\/shop.petercernicka.eu\\\/shop\\\/dychova-hudba\\\/tam-u-nebeskych-bran-jiri-zmozek\\\/#primaryimage\"},\"image\":{\"@id\":\"https:\\\/\\\/shop.petercernicka.eu\\\/shop\\\/dychova-hudba\\\/tam-u-nebeskych-bran-jiri-zmozek\\\/#primaryimage\"},\"thumbnailUrl\":\"https:\\\/\\\/shop.petercernicka.eu\\\/wp-content\\\/uploads\\\/2024\\\/08\\\/zmozek-jiri.jpg\",\"datePublished\":\"2024-08-14T18:48:49+00:00\",\"dateModified\":\"2026-01-31T13:47:04+00:00\",\"breadcrumb\":{\"@id\":\"https:\\\/\\\/shop.petercernicka.eu\\\/shop\\\/dychova-hudba\\\/tam-u-nebeskych-bran-jiri-zmozek\\\/#breadcrumb\"},\"inLanguage\":\"de\",\"potentialAction\":[{\"@type\":\"ReadAction\",\"target\":[\"https:\\\/\\\/shop.petercernicka.eu\\\/shop\\\/dychova-hudba\\\/tam-u-nebeskych-bran-jiri-zmozek\\\/\"]}]},{\"@type\":\"ImageObject\",\"inLanguage\":\"de\",\"@id\":\"https:\\\/\\\/shop.petercernicka.eu\\\/shop\\\/dychova-hudba\\\/tam-u-nebeskych-bran-jiri-zmozek\\\/#primaryimage\",\"url\":\"https:\\\/\\\/shop.petercernicka.eu\\\/wp-content\\\/uploads\\\/2024\\\/08\\\/zmozek-jiri.jpg\",\"contentUrl\":\"https:\\\/\\\/shop.petercernicka.eu\\\/wp-content\\\/uploads\\\/2024\\\/08\\\/zmozek-jiri.jpg\",\"width\":1280,\"height\":720},{\"@type\":\"BreadcrumbList\",\"@id\":\"https:\\\/\\\/shop.petercernicka.eu\\\/shop\\\/dychova-hudba\\\/tam-u-nebeskych-bran-jiri-zmozek\\\/#breadcrumb\",\"itemListElement\":[{\"@type\":\"ListItem\",\"position\":1,\"name\":\"Home\",\"item\":\"https:\\\/\\\/shop.petercernicka.eu\\\/\"},{\"@type\":\"ListItem\",\"position\":2,\"name\":\"Produkty\",\"item\":\"https:\\\/\\\/shop.petercernicka.eu\\\/obchod\\\/\"},{\"@type\":\"ListItem\",\"position\":3,\"name\":\"Tam u nebesk\u00fdch bran &#8211; Ji\u0159\u00ed Zmo\u017eek\"}]},{\"@type\":\"WebSite\",\"@id\":\"https:\\\/\\\/shop.petercernicka.eu\\\/#website\",\"url\":\"https:\\\/\\\/shop.petercernicka.eu\\\/\",\"name\":\"Peter \u010cerni\u010dka | Noty | HUDOBN\u00c9 PODKLADY\",\"description\":\"\u013eudov\u00e9 piesne, popul\u00e1rne \u0161l\u00e1gre, \u010desko-slovensk\u00e9 hity, cig\u00e1nske piesne, ewergreeny, viano\u010dn\u00e9 koledy\",\"potentialAction\":[{\"@type\":\"SearchAction\",\"target\":{\"@type\":\"EntryPoint\",\"urlTemplate\":\"https:\\\/\\\/shop.petercernicka.eu\\\/?s={search_term_string}\"},\"query-input\":{\"@type\":\"PropertyValueSpecification\",\"valueRequired\":true,\"valueName\":\"search_term_string\"}}],\"inLanguage\":\"de\"}]}<\/script>\n<!-- \/ Yoast SEO plugin. -->","yoast_head_json":{"title":"Tam u nebesk\u00fdch bran - Ji\u0159\u00ed Zmo\u017eek - Peter \u010cerni\u010dka | Noty | HUDOBN\u00c9 PODKLADY","robots":{"index":"index","follow":"follow","max-snippet":"max-snippet:-1","max-image-preview":"max-image-preview:large","max-video-preview":"max-video-preview:-1"},"canonical":"https:\/\/shop.petercernicka.eu\/de\/shop\/dychova-hudba\/tam-u-nebeskych-bran-jiri-zmozek\/","og_locale":"de_DE","og_type":"article","og_title":"Tam u nebesk\u00fdch bran - Ji\u0159\u00ed Zmo\u017eek","og_description":"Aran\u017em\u00e1 pre dychov\u00fa hudbu","og_url":"https:\/\/shop.petercernicka.eu\/de\/shop\/dychova-hudba\/tam-u-nebeskych-bran-jiri-zmozek\/","og_site_name":"Peter \u010cerni\u010dka | Noty | HUDOBN\u00c9 PODKLADY","article_publisher":"https:\/\/www.facebook.com\/petercernickanoty","article_modified_time":"2026-01-31T13:47:04+00:00","og_image":[{"width":1280,"height":720,"url":"https:\/\/shop.petercernicka.eu\/wp-content\/uploads\/2024\/08\/zmozek-jiri.jpg","type":"image\/jpeg"}],"twitter_card":"summary_large_image","twitter_misc":{"Gesch\u00e4tzte Lesezeit":"1\u00a0Minute"},"schema":{"@context":"https:\/\/schema.org","@graph":[{"@type":"WebPage","@id":"https:\/\/shop.petercernicka.eu\/shop\/dychova-hudba\/tam-u-nebeskych-bran-jiri-zmozek\/","url":"https:\/\/shop.petercernicka.eu\/shop\/dychova-hudba\/tam-u-nebeskych-bran-jiri-zmozek\/","name":"Tam u nebesk\u00fdch bran - Ji\u0159\u00ed Zmo\u017eek - Peter \u010cerni\u010dka | Noty | HUDOBN\u00c9 PODKLADY","isPartOf":{"@id":"https:\/\/shop.petercernicka.eu\/#website"},"primaryImageOfPage":{"@id":"https:\/\/shop.petercernicka.eu\/shop\/dychova-hudba\/tam-u-nebeskych-bran-jiri-zmozek\/#primaryimage"},"image":{"@id":"https:\/\/shop.petercernicka.eu\/shop\/dychova-hudba\/tam-u-nebeskych-bran-jiri-zmozek\/#primaryimage"},"thumbnailUrl":"https:\/\/shop.petercernicka.eu\/wp-content\/uploads\/2024\/08\/zmozek-jiri.jpg","datePublished":"2024-08-14T18:48:49+00:00","dateModified":"2026-01-31T13:47:04+00:00","breadcrumb":{"@id":"https:\/\/shop.petercernicka.eu\/shop\/dychova-hudba\/tam-u-nebeskych-bran-jiri-zmozek\/#breadcrumb"},"inLanguage":"de","potentialAction":[{"@type":"ReadAction","target":["https:\/\/shop.petercernicka.eu\/shop\/dychova-hudba\/tam-u-nebeskych-bran-jiri-zmozek\/"]}]},{"@type":"ImageObject","inLanguage":"de","@id":"https:\/\/shop.petercernicka.eu\/shop\/dychova-hudba\/tam-u-nebeskych-bran-jiri-zmozek\/#primaryimage","url":"https:\/\/shop.petercernicka.eu\/wp-content\/uploads\/2024\/08\/zmozek-jiri.jpg","contentUrl":"https:\/\/shop.petercernicka.eu\/wp-content\/uploads\/2024\/08\/zmozek-jiri.jpg","width":1280,"height":720},{"@type":"BreadcrumbList","@id":"https:\/\/shop.petercernicka.eu\/shop\/dychova-hudba\/tam-u-nebeskych-bran-jiri-zmozek\/#breadcrumb","itemListElement":[{"@type":"ListItem","position":1,"name":"Home","item":"https:\/\/shop.petercernicka.eu\/"},{"@type":"ListItem","position":2,"name":"Produkty","item":"https:\/\/shop.petercernicka.eu\/obchod\/"},{"@type":"ListItem","position":3,"name":"Tam u nebesk\u00fdch bran &#8211; Ji\u0159\u00ed Zmo\u017eek"}]},{"@type":"WebSite","@id":"https:\/\/shop.petercernicka.eu\/#website","url":"https:\/\/shop.petercernicka.eu\/","name":"Peter \u010cerni\u010dka | Noty | HUDOBN\u00c9 PODKLADY","description":"Volkslieder, Schlager, Tschechoslowakische Schlager, Zigeunerlieder, Evergreens, Weihnachtslieder","potentialAction":[{"@type":"SearchAction","target":{"@type":"EntryPoint","urlTemplate":"https:\/\/shop.petercernicka.eu\/?s={search_term_string}"},"query-input":{"@type":"PropertyValueSpecification","valueRequired":true,"valueName":"search_term_string"}}],"inLanguage":"de"}]}},"_links":{"self":[{"href":"https:\/\/shop.petercernicka.eu\/de\/wp-json\/wp\/v2\/product\/8518","targetHints":{"allow":["GET"]}}],"collection":[{"href":"https:\/\/shop.petercernicka.eu\/de\/wp-json\/wp\/v2\/product"}],"about":[{"href":"https:\/\/shop.petercernicka.eu\/de\/wp-json\/wp\/v2\/types\/product"}],"replies":[{"embeddable":true,"href":"https:\/\/shop.petercernicka.eu\/de\/wp-json\/wp\/v2\/comments?post=8518"}],"wp:featuredmedia":[{"embeddable":true,"href":"https:\/\/shop.petercernicka.eu\/de\/wp-json\/wp\/v2\/media\/8521"}],"wp:attachment":[{"href":"https:\/\/shop.petercernicka.eu\/de\/wp-json\/wp\/v2\/media?parent=8518"}],"wp:term":[{"taxonomy":"product_brand","embeddable":true,"href":"https:\/\/shop.petercernicka.eu\/de\/wp-json\/wp\/v2\/product_brand?post=8518"},{"taxonomy":"product_cat","embeddable":true,"href":"https:\/\/shop.petercernicka.eu\/de\/wp-json\/wp\/v2\/product_cat?post=8518"},{"taxonomy":"product_tag","embeddable":true,"href":"https:\/\/shop.petercernicka.eu\/de\/wp-json\/wp\/v2\/product_tag?post=8518"}],"curies":[{"name":"wp","href":"https:\/\/api.w.org\/{rel}","templated":true}]}}