{"id":8511,"date":"2024-07-23T13:02:49","date_gmt":"2024-07-23T11:02:49","guid":{"rendered":"https:\/\/shop.petercernicka.eu\/?post_type=product&#038;p=8511"},"modified":"2026-01-31T14:47:05","modified_gmt":"2026-01-31T13:47:05","slug":"princezna-ze-mlejna-vim-jedno-navrsi","status":"publish","type":"product","link":"https:\/\/shop.petercernicka.eu\/de\/shop\/dychova-hudba\/princezna-ze-mlejna-vim-jedno-navrsi\/","title":{"rendered":"Princezna ze mlejna &#8211; V\u00edm jedno n\u00e1vr\u0161\u00ed"},"content":{"rendered":"<p><span style=\"color: #000000; font-size: 14pt;\">V\u00edm jedno n\u00e1vr\u0161\u00ed, z\u00e1mek n\u00e1dhernej,<\/span><br \/>\n<span style=\"color: #000000; font-size: 14pt;\">z nejhez\u010d\u00edch poh\u00e1dek ho zn\u00e1m.<\/span><br \/>\n<span style=\"color: #000000; font-size: 14pt;\">Stav\u011bnej z k\u0159i\u0161\u0165\u00e1lu,<\/span><br \/>\n<span style=\"color: #000000; font-size: 14pt;\">sah\u00e1 k nebi pom\u00e1lu.<\/span><br \/>\n<span style=\"color: #000000; font-size: 14pt;\">pov\u011bt\u0159\u00ed p\u0159\u00edjde k duhu princezn\u00e1m.<\/span><br \/>\n<span style=\"color: #000000; font-size: 14pt;\">\u00a0<\/span><br \/>\n<span style=\"color: #000000; font-size: 14pt;\">B\u00edl\u00fd je lilium, b\u00edlej kr\u00e1snej sen,<\/span><br \/>\n<span style=\"color: #000000; font-size: 14pt;\">b\u00edl\u00fd je prav\u00fd hedv\u00e1b\u00ed.<\/span><br \/>\n<span style=\"color: #000000; font-size: 14pt;\">Jdu cestou necestou<\/span><br \/>\n<span style=\"color: #000000; font-size: 14pt;\">za svou b\u00edlou nev\u011bstou,<\/span><br \/>\n<span style=\"color: #000000; font-size: 14pt;\">jin\u00e1 m\u011b na tom sv\u011bt\u011b nev\u00e1b\u00ed.<\/span><br \/>\n<span style=\"color: #000000; font-size: 14pt;\">\u00a0<\/span><br \/>\n<span style=\"color: #000000; font-size: 14pt;\">\u0160\u00edpkov\u00e1 r\u016f\u017ei\u010dko z d\u00e1vnejch p\u0159\u00edb\u011bh\u016f<\/span><br \/>\n<span style=\"color: #000000; font-size: 14pt;\">odkv\u00edt\u00e1\u0161 ti\u0161e na str\u00e1ni.<\/span><br \/>\n<span style=\"color: #000000; font-size: 14pt;\">Odpus\u0165mi svatej J\u00e1n,<\/span><br \/>\n<span style=\"color: #000000; font-size: 14pt;\">\u017ee tvou kr\u00e1su nehled\u00e1m,<\/span><br \/>\n<span style=\"color: #000000; font-size: 14pt;\">na jinou mysl\u00edm ve\u010der p\u0159ed span\u00edm.<\/span><br \/>\n<span style=\"color: #000000; font-size: 14pt;\">\u00a0<\/span><br \/>\n<span style=\"color: #000000; font-size: 14pt;\">St\u0159\u00edbrn\u00e1 t\u016fnka se shl\u00ed\u017e\u00ed ke hv\u011bzd\u00e1m,<\/span><br \/>\n<span style=\"color: #000000; font-size: 14pt;\">velk\u00fd v\u016fz ztratil z\u00e1koln\u00edk.<\/span><br \/>\n<span style=\"color: #000000; font-size: 14pt;\">Rozsypal nad n\u00e1ma<\/span><br \/>\n<span style=\"color: #000000; font-size: 14pt;\">celou f\u016fru s hv\u011bzdama,<\/span><br \/>\n<span style=\"color: #000000; font-size: 14pt;\">jenom j\u00e1 nem\u00e1m \u0161t\u011bst\u00ed za tron\u00edk.<\/span><br \/>\n<span style=\"color: #000000; font-size: 14pt;\">\u00a0<\/span><br \/>\n<span style=\"color: #000000; font-size: 14pt;\">J\u00e1 v\u00edm, \u017ee z t\u00e9 noci plnej z\u00e1zrak\u016f<\/span><br \/>\n<span style=\"color: #000000; font-size: 14pt;\">vykvetl m\u016fj kv\u00edtek z poup\u011bte.<\/span><br \/>\n<span style=\"color: #000000; font-size: 14pt;\">Pomoz mi svatej J\u00e1n,<\/span><br \/>\n<span style=\"color: #000000; font-size: 14pt;\">a\u0165 tu chv\u00ediy nezme\u0161k\u00e1m,<\/span><br \/>\n<span style=\"color: #000000; font-size: 14pt;\">ne\u017e plan\u011b nazda\u0159p\u00e1nb\u016fh odkvete.<\/span><br \/>\n<span style=\"color: #000000; font-size: 14pt;\">\u00a0<\/span><br \/>\n<span style=\"color: #000000; font-size: 14pt;\">Zn\u00e1m jeden b\u00edlej mlejn, z\u00e1mek st\u0159\u00edbrnej,<\/span><br \/>\n<span style=\"color: #000000; font-size: 14pt;\">v \u00fadol\u00ed zn\u00e1m to n\u00e1vr\u0161\u00ed.<\/span><br \/>\n<span style=\"color: #000000; font-size: 14pt;\">V tom p\u011bkn\u00fdm staven\u00ed<\/span><br \/>\n<span style=\"color: #000000; font-size: 14pt;\">je moje pot\u011b\u0161en\u00ed,<\/span><br \/>\n<span style=\"color: #000000; font-size: 14pt;\">\u017ee na n\u011bj mysl\u00edm zat\u00edm netu\u0161\u00ed.<\/span><br \/>\n<span style=\"color: #000000; font-size: 14pt;\">\u00a0<\/span><br \/>\n<span style=\"color: #000000; font-size: 14pt;\">L\u00edlie p\u00e1p\u011b\u0159\u00ed b\u00edlej dobrej den,<\/span><br \/>\n<span style=\"color: #000000; font-size: 14pt;\">b\u00edlej je ubrus sv\u00e1te\u010dn\u00ed.<\/span><br \/>\n<span style=\"color: #000000; font-size: 14pt;\">Ten, kter\u00fdho j\u00e1 chci,<\/span><br \/>\n<span style=\"color: #000000; font-size: 14pt;\">nos\u00ed b\u00edlou \u010depici,<\/span><br \/>\n<span style=\"color: #000000; font-size: 14pt;\">ostatn\u00ed \u017eeni\u0161i jsou zbyte\u010dn\u00ed.<\/span><br \/>\n<span style=\"color: #000000; font-size: 14pt;\">\u00a0<\/span><br \/>\n<span style=\"color: #000000; font-size: 14pt;\">Zn\u00e1m jedno oudol\u00ed, zn\u00e1m j\u00e1 p\u011bknej mlejn,<\/span><br \/>\n<span style=\"color: #000000; font-size: 14pt;\">dob\u0159e to v tom mlejn\u011b zn\u00e1m.<\/span><br \/>\n<span style=\"color: #000000; font-size: 14pt;\">Bydl\u00ed tam panenka,<\/span><br \/>\n<span style=\"color: #000000; font-size: 14pt;\">o\u010di m\u00e1 jak pom\u011bnka,<\/span><br \/>\n<span style=\"color: #000000; font-size: 14pt;\">jinou u\u017e na tom sv\u011bt\u011b nehled\u00e1m.<\/span><br \/>\n<span style=\"color: #000000; font-size: 14pt;\">\u00a0<\/span><br \/>\n<span style=\"color: #000000; font-size: 14pt;\">Zn\u00e1m jedno oudol\u00ed, zn\u00e1m j\u00e1 p\u011bknej mlejn.<\/span><br \/>\n<span style=\"color: #000000; font-size: 14pt;\">vedle n\u011bj rybn\u00edk s r\u00e1kos\u00edm.<\/span><br \/>\n<span style=\"color: #000000; font-size: 14pt;\">Ta d\u00edv\u010d\u00ed, co j\u00ed zn\u00e1m,<\/span><br \/>\n<span style=\"color: #000000; font-size: 14pt;\">je m\u00e1 b\u00edl\u00e1 princezna,<\/span><br \/>\n<span style=\"color: #000000; font-size: 14pt;\">tu si j\u00e1 od pant\u00e1ty vypros\u00edm.<\/span><\/p>","protected":false},"excerpt":{"rendered":"<p>V\u00edm jedno n\u00e1vr\u0161\u00ed, z\u00e1mek n\u00e1dhernej, z nejhez\u010d\u00edch poh\u00e1dek ho zn\u00e1m. Stav\u011bnej z k\u0159i\u0161\u0165\u00e1lu, sah\u00e1 k nebi pom\u00e1lu. pov\u011bt\u0159\u00ed p\u0159\u00edjde k duhu princezn\u00e1m. \u00a0 B\u00edl\u00fd je lilium, b\u00edlej kr\u00e1snej sen, b\u00edl\u00fd je prav\u00fd hedv\u00e1b\u00ed. Jdu cestou necestou za svou b\u00edlou nev\u011bstou, jin\u00e1 m\u011b [&hellip;]<\/p>\n","protected":false},"featured_media":8512,"comment_status":"closed","ping_status":"closed","template":"","meta":{"om_disable_all_campaigns":false},"product_brand":[],"product_cat":[36,1168],"product_tag":[1188,1147],"class_list":{"0":"post-8511","1":"product","2":"type-product","3":"status-publish","4":"has-post-thumbnail","6":"product_cat-dychova-hudba","7":"product_cat-noty","8":"product_tag-noty","9":"product_tag-princezna-ze-mlejna","11":"first","12":"outofstock","13":"downloadable","14":"virtual","15":"taxable","16":"purchasable","17":"product-type-simple"},"yoast_head":"<!-- This site is optimized with the Yoast SEO plugin v27.4 - https:\/\/yoast.com\/product\/yoast-seo-wordpress\/ -->\n<title>Princezna ze mlejna - V\u00edm jedno n\u00e1vr\u0161\u00ed - Peter \u010cerni\u010dka | Noty | HUDOBN\u00c9 PODKLADY<\/title>\n<meta name=\"robots\" content=\"index, follow, max-snippet:-1, max-image-preview:large, max-video-preview:-1\" \/>\n<link rel=\"canonical\" href=\"https:\/\/shop.petercernicka.eu\/de\/shop\/dychova-hudba\/princezna-ze-mlejna-vim-jedno-navrsi\/\" \/>\n<meta property=\"og:locale\" content=\"de_DE\" \/>\n<meta property=\"og:type\" content=\"article\" \/>\n<meta property=\"og:title\" content=\"Princezna ze mlejna - V\u00edm jedno n\u00e1vr\u0161\u00ed\" \/>\n<meta property=\"og:description\" content=\"V\u00edm jedno n\u00e1vr\u0161\u00ed, z\u00e1mek n\u00e1dhernej, z nejhez\u010d\u00edch poh\u00e1dek ho zn\u00e1m. Stav\u011bnej z k\u0159i\u0161\u0165\u00e1lu, sah\u00e1 k nebi pom\u00e1lu. pov\u011bt\u0159\u00ed p\u0159\u00edjde k duhu princezn\u00e1m. \u00a0 B\u00edl\u00fd je lilium, b\u00edlej kr\u00e1snej sen, b\u00edl\u00fd je prav\u00fd hedv\u00e1b\u00ed. Jdu cestou necestou za svou b\u00edlou nev\u011bstou, jin\u00e1 m\u011b [&hellip;]\" \/>\n<meta property=\"og:url\" content=\"https:\/\/shop.petercernicka.eu\/de\/shop\/dychova-hudba\/princezna-ze-mlejna-vim-jedno-navrsi\/\" \/>\n<meta property=\"og:site_name\" content=\"Peter \u010cerni\u010dka | Noty | HUDOBN\u00c9 PODKLADY\" \/>\n<meta property=\"article:publisher\" content=\"https:\/\/www.facebook.com\/petercernickanoty\" \/>\n<meta property=\"article:modified_time\" content=\"2026-01-31T13:47:05+00:00\" \/>\n<meta property=\"og:image\" content=\"https:\/\/shop.petercernicka.eu\/wp-content\/uploads\/2024\/07\/image.jpeg\" \/>\n\t<meta property=\"og:image:width\" content=\"371\" \/>\n\t<meta property=\"og:image:height\" content=\"375\" \/>\n\t<meta property=\"og:image:type\" content=\"image\/jpeg\" \/>\n<meta name=\"twitter:card\" content=\"summary_large_image\" \/>\n<meta name=\"twitter:label1\" content=\"Gesch\u00e4tzte Lesezeit\" \/>\n\t<meta name=\"twitter:data1\" content=\"2\u00a0Minuten\" \/>\n<script type=\"application\/ld+json\" class=\"yoast-schema-graph\">{\"@context\":\"https:\\\/\\\/schema.org\",\"@graph\":[{\"@type\":\"WebPage\",\"@id\":\"https:\\\/\\\/shop.petercernicka.eu\\\/shop\\\/dychova-hudba\\\/princezna-ze-mlejna-vim-jedno-navrsi\\\/\",\"url\":\"https:\\\/\\\/shop.petercernicka.eu\\\/shop\\\/dychova-hudba\\\/princezna-ze-mlejna-vim-jedno-navrsi\\\/\",\"name\":\"Princezna ze mlejna - V\u00edm jedno n\u00e1vr\u0161\u00ed - Peter \u010cerni\u010dka | Noty | HUDOBN\u00c9 PODKLADY\",\"isPartOf\":{\"@id\":\"https:\\\/\\\/shop.petercernicka.eu\\\/#website\"},\"primaryImageOfPage\":{\"@id\":\"https:\\\/\\\/shop.petercernicka.eu\\\/shop\\\/dychova-hudba\\\/princezna-ze-mlejna-vim-jedno-navrsi\\\/#primaryimage\"},\"image\":{\"@id\":\"https:\\\/\\\/shop.petercernicka.eu\\\/shop\\\/dychova-hudba\\\/princezna-ze-mlejna-vim-jedno-navrsi\\\/#primaryimage\"},\"thumbnailUrl\":\"https:\\\/\\\/shop.petercernicka.eu\\\/wp-content\\\/uploads\\\/2024\\\/07\\\/image.jpeg\",\"datePublished\":\"2024-07-23T11:02:49+00:00\",\"dateModified\":\"2026-01-31T13:47:05+00:00\",\"breadcrumb\":{\"@id\":\"https:\\\/\\\/shop.petercernicka.eu\\\/shop\\\/dychova-hudba\\\/princezna-ze-mlejna-vim-jedno-navrsi\\\/#breadcrumb\"},\"inLanguage\":\"de\",\"potentialAction\":[{\"@type\":\"ReadAction\",\"target\":[\"https:\\\/\\\/shop.petercernicka.eu\\\/shop\\\/dychova-hudba\\\/princezna-ze-mlejna-vim-jedno-navrsi\\\/\"]}]},{\"@type\":\"ImageObject\",\"inLanguage\":\"de\",\"@id\":\"https:\\\/\\\/shop.petercernicka.eu\\\/shop\\\/dychova-hudba\\\/princezna-ze-mlejna-vim-jedno-navrsi\\\/#primaryimage\",\"url\":\"https:\\\/\\\/shop.petercernicka.eu\\\/wp-content\\\/uploads\\\/2024\\\/07\\\/image.jpeg\",\"contentUrl\":\"https:\\\/\\\/shop.petercernicka.eu\\\/wp-content\\\/uploads\\\/2024\\\/07\\\/image.jpeg\",\"width\":371,\"height\":375,\"caption\":\"noty pre dechovku princezna ze mlejna\"},{\"@type\":\"BreadcrumbList\",\"@id\":\"https:\\\/\\\/shop.petercernicka.eu\\\/shop\\\/dychova-hudba\\\/princezna-ze-mlejna-vim-jedno-navrsi\\\/#breadcrumb\",\"itemListElement\":[{\"@type\":\"ListItem\",\"position\":1,\"name\":\"Home\",\"item\":\"https:\\\/\\\/shop.petercernicka.eu\\\/\"},{\"@type\":\"ListItem\",\"position\":2,\"name\":\"Produkty\",\"item\":\"https:\\\/\\\/shop.petercernicka.eu\\\/obchod\\\/\"},{\"@type\":\"ListItem\",\"position\":3,\"name\":\"Princezna ze mlejna &#8211; V\u00edm jedno n\u00e1vr\u0161\u00ed\"}]},{\"@type\":\"WebSite\",\"@id\":\"https:\\\/\\\/shop.petercernicka.eu\\\/#website\",\"url\":\"https:\\\/\\\/shop.petercernicka.eu\\\/\",\"name\":\"Peter \u010cerni\u010dka | Noty | HUDOBN\u00c9 PODKLADY\",\"description\":\"\u013eudov\u00e9 piesne, popul\u00e1rne \u0161l\u00e1gre, \u010desko-slovensk\u00e9 hity, cig\u00e1nske piesne, ewergreeny, viano\u010dn\u00e9 koledy\",\"potentialAction\":[{\"@type\":\"SearchAction\",\"target\":{\"@type\":\"EntryPoint\",\"urlTemplate\":\"https:\\\/\\\/shop.petercernicka.eu\\\/?s={search_term_string}\"},\"query-input\":{\"@type\":\"PropertyValueSpecification\",\"valueRequired\":true,\"valueName\":\"search_term_string\"}}],\"inLanguage\":\"de\"}]}<\/script>\n<!-- \/ Yoast SEO plugin. -->","yoast_head_json":{"title":"Princezna ze mlejna - V\u00edm jedno n\u00e1vr\u0161\u00ed - Peter \u010cerni\u010dka | Noty | HUDOBN\u00c9 PODKLADY","robots":{"index":"index","follow":"follow","max-snippet":"max-snippet:-1","max-image-preview":"max-image-preview:large","max-video-preview":"max-video-preview:-1"},"canonical":"https:\/\/shop.petercernicka.eu\/de\/shop\/dychova-hudba\/princezna-ze-mlejna-vim-jedno-navrsi\/","og_locale":"de_DE","og_type":"article","og_title":"Princezna ze mlejna - V\u00edm jedno n\u00e1vr\u0161\u00ed","og_description":"V\u00edm jedno n\u00e1vr\u0161\u00ed, z\u00e1mek n\u00e1dhernej, z nejhez\u010d\u00edch poh\u00e1dek ho zn\u00e1m. Stav\u011bnej z k\u0159i\u0161\u0165\u00e1lu, sah\u00e1 k nebi pom\u00e1lu. pov\u011bt\u0159\u00ed p\u0159\u00edjde k duhu princezn\u00e1m. \u00a0 B\u00edl\u00fd je lilium, b\u00edlej kr\u00e1snej sen, b\u00edl\u00fd je prav\u00fd hedv\u00e1b\u00ed. Jdu cestou necestou za svou b\u00edlou nev\u011bstou, jin\u00e1 m\u011b [&hellip;]","og_url":"https:\/\/shop.petercernicka.eu\/de\/shop\/dychova-hudba\/princezna-ze-mlejna-vim-jedno-navrsi\/","og_site_name":"Peter \u010cerni\u010dka | Noty | HUDOBN\u00c9 PODKLADY","article_publisher":"https:\/\/www.facebook.com\/petercernickanoty","article_modified_time":"2026-01-31T13:47:05+00:00","og_image":[{"width":371,"height":375,"url":"https:\/\/shop.petercernicka.eu\/wp-content\/uploads\/2024\/07\/image.jpeg","type":"image\/jpeg"}],"twitter_card":"summary_large_image","twitter_misc":{"Gesch\u00e4tzte Lesezeit":"2\u00a0Minuten"},"schema":{"@context":"https:\/\/schema.org","@graph":[{"@type":"WebPage","@id":"https:\/\/shop.petercernicka.eu\/shop\/dychova-hudba\/princezna-ze-mlejna-vim-jedno-navrsi\/","url":"https:\/\/shop.petercernicka.eu\/shop\/dychova-hudba\/princezna-ze-mlejna-vim-jedno-navrsi\/","name":"Princezna ze mlejna - V\u00edm jedno n\u00e1vr\u0161\u00ed - Peter \u010cerni\u010dka | Noty | HUDOBN\u00c9 PODKLADY","isPartOf":{"@id":"https:\/\/shop.petercernicka.eu\/#website"},"primaryImageOfPage":{"@id":"https:\/\/shop.petercernicka.eu\/shop\/dychova-hudba\/princezna-ze-mlejna-vim-jedno-navrsi\/#primaryimage"},"image":{"@id":"https:\/\/shop.petercernicka.eu\/shop\/dychova-hudba\/princezna-ze-mlejna-vim-jedno-navrsi\/#primaryimage"},"thumbnailUrl":"https:\/\/shop.petercernicka.eu\/wp-content\/uploads\/2024\/07\/image.jpeg","datePublished":"2024-07-23T11:02:49+00:00","dateModified":"2026-01-31T13:47:05+00:00","breadcrumb":{"@id":"https:\/\/shop.petercernicka.eu\/shop\/dychova-hudba\/princezna-ze-mlejna-vim-jedno-navrsi\/#breadcrumb"},"inLanguage":"de","potentialAction":[{"@type":"ReadAction","target":["https:\/\/shop.petercernicka.eu\/shop\/dychova-hudba\/princezna-ze-mlejna-vim-jedno-navrsi\/"]}]},{"@type":"ImageObject","inLanguage":"de","@id":"https:\/\/shop.petercernicka.eu\/shop\/dychova-hudba\/princezna-ze-mlejna-vim-jedno-navrsi\/#primaryimage","url":"https:\/\/shop.petercernicka.eu\/wp-content\/uploads\/2024\/07\/image.jpeg","contentUrl":"https:\/\/shop.petercernicka.eu\/wp-content\/uploads\/2024\/07\/image.jpeg","width":371,"height":375,"caption":"noty pre dechovku princezna ze mlejna"},{"@type":"BreadcrumbList","@id":"https:\/\/shop.petercernicka.eu\/shop\/dychova-hudba\/princezna-ze-mlejna-vim-jedno-navrsi\/#breadcrumb","itemListElement":[{"@type":"ListItem","position":1,"name":"Home","item":"https:\/\/shop.petercernicka.eu\/"},{"@type":"ListItem","position":2,"name":"Produkty","item":"https:\/\/shop.petercernicka.eu\/obchod\/"},{"@type":"ListItem","position":3,"name":"Princezna ze mlejna &#8211; V\u00edm jedno n\u00e1vr\u0161\u00ed"}]},{"@type":"WebSite","@id":"https:\/\/shop.petercernicka.eu\/#website","url":"https:\/\/shop.petercernicka.eu\/","name":"Peter \u010cerni\u010dka | Noty | HUDOBN\u00c9 PODKLADY","description":"Volkslieder, Schlager, Tschechoslowakische Schlager, Zigeunerlieder, Evergreens, Weihnachtslieder","potentialAction":[{"@type":"SearchAction","target":{"@type":"EntryPoint","urlTemplate":"https:\/\/shop.petercernicka.eu\/?s={search_term_string}"},"query-input":{"@type":"PropertyValueSpecification","valueRequired":true,"valueName":"search_term_string"}}],"inLanguage":"de"}]}},"_links":{"self":[{"href":"https:\/\/shop.petercernicka.eu\/de\/wp-json\/wp\/v2\/product\/8511","targetHints":{"allow":["GET"]}}],"collection":[{"href":"https:\/\/shop.petercernicka.eu\/de\/wp-json\/wp\/v2\/product"}],"about":[{"href":"https:\/\/shop.petercernicka.eu\/de\/wp-json\/wp\/v2\/types\/product"}],"replies":[{"embeddable":true,"href":"https:\/\/shop.petercernicka.eu\/de\/wp-json\/wp\/v2\/comments?post=8511"}],"wp:featuredmedia":[{"embeddable":true,"href":"https:\/\/shop.petercernicka.eu\/de\/wp-json\/wp\/v2\/media\/8512"}],"wp:attachment":[{"href":"https:\/\/shop.petercernicka.eu\/de\/wp-json\/wp\/v2\/media?parent=8511"}],"wp:term":[{"taxonomy":"product_brand","embeddable":true,"href":"https:\/\/shop.petercernicka.eu\/de\/wp-json\/wp\/v2\/product_brand?post=8511"},{"taxonomy":"product_cat","embeddable":true,"href":"https:\/\/shop.petercernicka.eu\/de\/wp-json\/wp\/v2\/product_cat?post=8511"},{"taxonomy":"product_tag","embeddable":true,"href":"https:\/\/shop.petercernicka.eu\/de\/wp-json\/wp\/v2\/product_tag?post=8511"}],"curies":[{"name":"wp","href":"https:\/\/api.w.org\/{rel}","templated":true}]}}