{"id":8509,"date":"2024-07-23T12:59:48","date_gmt":"2024-07-23T10:59:48","guid":{"rendered":"https:\/\/shop.petercernicka.eu\/?post_type=product&#038;p=8509"},"modified":"2026-01-31T14:47:05","modified_gmt":"2026-01-31T13:47:05","slug":"az-raz-budem-ucitelkou-dara-rolins","status":"publish","type":"product","link":"https:\/\/shop.petercernicka.eu\/de\/shop\/dychova-hudba\/az-raz-budem-ucitelkou-dara-rolins\/","title":{"rendered":"A\u017e raz budem u\u010dite\u013ekou \u2013 Dara Rolins"},"content":{"rendered":"<p>A\u017e raz budem u\u010ditelkou<br \/>\nbudem d\u00e1va\u0165 sam\u00e9 jednotky.<br \/>\nA\u017e raz budem u\u010ditelkou<br \/>\nbud\u00fa v\u0161etky vety bez botky.<\/p>\n<p>V gramatike zru\u0161\u00edm ypsilony<br \/>\na deli\u0165 sa bude len dvomi !<br \/>\nZru\u0161\u00edm v\u0161etky slov\u00e1 vybran\u00e9<br \/>\nno a s predmetou n\u00e1m ostane.<\/p>\n<p>Len hodina spevu spevu spevu<br \/>\ncelu \u0161kolu hudba ovl\u00e1dne.<br \/>\nNa hodin\u00e1ch spevu spevu spevu<br \/>\nkto nebude spieva\u0165 tak ten prepadne!<\/p>\n<h2>REFR\u00c9N<\/h2>\n<p>V\u0161ade bude plno spevu spevu<br \/>\nU\u010ditelsk\u00fd zbor nau\u010d\u00edm spieva\u0165 v\u00fd !<br \/>\nNa hodin\u00e1ch spevu spevu spevu<br \/>\nBude musie\u0165 ka\u017ed\u00fd vedie\u0165 ka\u017ed\u00fd HIT !<\/p>\n<p>A\u017e raz budem u\u010ditelkou<br \/>\n\u017eiacke kni\u017eky v zbere pred\u00e1me .<br \/>\nA\u017e raz budem u\u010ditelkou<br \/>\nV\u0161etk\u00fdm de\u0165om noty rozd\u00e1me !<\/p>\n<p>Budeme sa u\u010di\u0165 famiredo<br \/>\nus\u00edna\u0165 len s hudobnou vetou !<br \/>\nMo\u017eno sa v\u00e1m to zd\u00e1 prehnan\u00e9<br \/>\nale s predmetou nam ostane len,<\/p>\n<p>hodina spevu spevu spevu,<br \/>\ncelu \u0161kolu hudba ovl\u00e1dne.<br \/>\nNa hod\u00edn\u00e1ch spevu spevu spevu<br \/>\nkto nebude spievat tak ten prepadne !<\/p>\n<h2>REFR\u00c9N<\/h2>\n<p>V\u0161ade bude plno spevu spevu<br \/>\nu\u010ditelsk\u00fd zbor nau\u010d\u00edm spieva\u0165 v\u00fd.<br \/>\nNa hodin\u00e1ch spevu spevu spevu<br \/>\nBude musie\u0165 ka\u017ed\u00fd vedie\u0165 ka\u017ed\u00fd HIT !<\/p>\n<p>No a ked dospievame<br \/>\ntak za\u010dnem sk\u00fa\u0161a\u0165 tie vybran\u00e9 slov\u00e1.<br \/>\nA velk\u00fa n\u00e1sobilku.<br \/>\nAby si nemysleli<br \/>\n\u017ee som len tak\u00e1 hociak\u00e1 u\u010ditelka !!!<\/p>","protected":false},"excerpt":{"rendered":"<p>A\u017e raz budem u\u010ditelkou budem d\u00e1va\u0165 sam\u00e9 jednotky. A\u017e raz budem u\u010ditelkou bud\u00fa v\u0161etky vety bez botky. V gramatike zru\u0161\u00edm ypsilony a deli\u0165 sa bude len dvomi ! Zru\u0161\u00edm v\u0161etky slov\u00e1 vybran\u00e9 no a s predmetou n\u00e1m ostane. Len hodina spevu spevu [&hellip;]<\/p>\n","protected":false},"featured_media":8510,"comment_status":"closed","ping_status":"closed","template":"","meta":{"om_disable_all_campaigns":false},"product_brand":[],"product_cat":[36,1168],"product_tag":[1146,1188],"class_list":{"0":"post-8509","1":"product","2":"type-product","3":"status-publish","4":"has-post-thumbnail","6":"product_cat-dychova-hudba","7":"product_cat-noty","8":"product_tag-dara-rolins","9":"product_tag-noty","11":"first","12":"outofstock","13":"downloadable","14":"virtual","15":"taxable","16":"purchasable","17":"product-type-simple"},"yoast_head":"<!-- This site is optimized with the Yoast SEO plugin v27.4 - https:\/\/yoast.com\/product\/yoast-seo-wordpress\/ -->\n<title>A\u017e raz budem u\u010dite\u013ekou \u2013 Dara Rolins - Peter \u010cerni\u010dka | Noty | HUDOBN\u00c9 PODKLADY<\/title>\n<meta name=\"robots\" content=\"index, follow, max-snippet:-1, max-image-preview:large, max-video-preview:-1\" \/>\n<link rel=\"canonical\" href=\"https:\/\/shop.petercernicka.eu\/de\/shop\/dychova-hudba\/az-raz-budem-ucitelkou-dara-rolins\/\" \/>\n<meta property=\"og:locale\" content=\"de_DE\" \/>\n<meta property=\"og:type\" content=\"article\" \/>\n<meta property=\"og:title\" content=\"A\u017e raz budem u\u010dite\u013ekou \u2013 Dara Rolins\" \/>\n<meta property=\"og:description\" content=\"Aran\u017em\u00e1 popul\u00e1rnej skladby od Dara Rolins pre dychov\u00fa hudbu.\" \/>\n<meta property=\"og:url\" content=\"https:\/\/shop.petercernicka.eu\/de\/shop\/dychova-hudba\/az-raz-budem-ucitelkou-dara-rolins\/\" \/>\n<meta property=\"og:site_name\" content=\"Peter \u010cerni\u010dka | Noty | HUDOBN\u00c9 PODKLADY\" \/>\n<meta property=\"article:publisher\" content=\"https:\/\/www.facebook.com\/petercernickanoty\" \/>\n<meta property=\"article:modified_time\" content=\"2026-01-31T13:47:05+00:00\" \/>\n<meta property=\"og:image\" content=\"https:\/\/shop.petercernicka.eu\/wp-content\/uploads\/2024\/07\/Az-raz-budem-ucitelkou-Dara-Rolins.jpeg\" \/>\n\t<meta property=\"og:image:width\" content=\"495\" \/>\n\t<meta property=\"og:image:height\" content=\"428\" \/>\n\t<meta property=\"og:image:type\" content=\"image\/jpeg\" \/>\n<meta name=\"twitter:card\" content=\"summary_large_image\" \/>\n<meta name=\"twitter:label1\" content=\"Gesch\u00e4tzte Lesezeit\" \/>\n\t<meta name=\"twitter:data1\" content=\"1\u00a0Minute\" \/>\n<script type=\"application\/ld+json\" class=\"yoast-schema-graph\">{\"@context\":\"https:\\\/\\\/schema.org\",\"@graph\":[{\"@type\":\"WebPage\",\"@id\":\"https:\\\/\\\/shop.petercernicka.eu\\\/shop\\\/dychova-hudba\\\/az-raz-budem-ucitelkou-dara-rolins\\\/\",\"url\":\"https:\\\/\\\/shop.petercernicka.eu\\\/shop\\\/dychova-hudba\\\/az-raz-budem-ucitelkou-dara-rolins\\\/\",\"name\":\"A\u017e raz budem u\u010dite\u013ekou \u2013 Dara Rolins - Peter \u010cerni\u010dka | Noty | HUDOBN\u00c9 PODKLADY\",\"isPartOf\":{\"@id\":\"https:\\\/\\\/shop.petercernicka.eu\\\/#website\"},\"primaryImageOfPage\":{\"@id\":\"https:\\\/\\\/shop.petercernicka.eu\\\/shop\\\/dychova-hudba\\\/az-raz-budem-ucitelkou-dara-rolins\\\/#primaryimage\"},\"image\":{\"@id\":\"https:\\\/\\\/shop.petercernicka.eu\\\/shop\\\/dychova-hudba\\\/az-raz-budem-ucitelkou-dara-rolins\\\/#primaryimage\"},\"thumbnailUrl\":\"https:\\\/\\\/shop.petercernicka.eu\\\/wp-content\\\/uploads\\\/2024\\\/07\\\/Az-raz-budem-ucitelkou-Dara-Rolins.jpeg\",\"datePublished\":\"2024-07-23T10:59:48+00:00\",\"dateModified\":\"2026-01-31T13:47:05+00:00\",\"breadcrumb\":{\"@id\":\"https:\\\/\\\/shop.petercernicka.eu\\\/shop\\\/dychova-hudba\\\/az-raz-budem-ucitelkou-dara-rolins\\\/#breadcrumb\"},\"inLanguage\":\"de\",\"potentialAction\":[{\"@type\":\"ReadAction\",\"target\":[\"https:\\\/\\\/shop.petercernicka.eu\\\/shop\\\/dychova-hudba\\\/az-raz-budem-ucitelkou-dara-rolins\\\/\"]}]},{\"@type\":\"ImageObject\",\"inLanguage\":\"de\",\"@id\":\"https:\\\/\\\/shop.petercernicka.eu\\\/shop\\\/dychova-hudba\\\/az-raz-budem-ucitelkou-dara-rolins\\\/#primaryimage\",\"url\":\"https:\\\/\\\/shop.petercernicka.eu\\\/wp-content\\\/uploads\\\/2024\\\/07\\\/Az-raz-budem-ucitelkou-Dara-Rolins.jpeg\",\"contentUrl\":\"https:\\\/\\\/shop.petercernicka.eu\\\/wp-content\\\/uploads\\\/2024\\\/07\\\/Az-raz-budem-ucitelkou-Dara-Rolins.jpeg\",\"width\":495,\"height\":428},{\"@type\":\"BreadcrumbList\",\"@id\":\"https:\\\/\\\/shop.petercernicka.eu\\\/shop\\\/dychova-hudba\\\/az-raz-budem-ucitelkou-dara-rolins\\\/#breadcrumb\",\"itemListElement\":[{\"@type\":\"ListItem\",\"position\":1,\"name\":\"Home\",\"item\":\"https:\\\/\\\/shop.petercernicka.eu\\\/\"},{\"@type\":\"ListItem\",\"position\":2,\"name\":\"Produkty\",\"item\":\"https:\\\/\\\/shop.petercernicka.eu\\\/obchod\\\/\"},{\"@type\":\"ListItem\",\"position\":3,\"name\":\"A\u017e raz budem u\u010dite\u013ekou \u2013 Dara Rolins\"}]},{\"@type\":\"WebSite\",\"@id\":\"https:\\\/\\\/shop.petercernicka.eu\\\/#website\",\"url\":\"https:\\\/\\\/shop.petercernicka.eu\\\/\",\"name\":\"Peter \u010cerni\u010dka | Noty | HUDOBN\u00c9 PODKLADY\",\"description\":\"\u013eudov\u00e9 piesne, popul\u00e1rne \u0161l\u00e1gre, \u010desko-slovensk\u00e9 hity, cig\u00e1nske piesne, ewergreeny, viano\u010dn\u00e9 koledy\",\"potentialAction\":[{\"@type\":\"SearchAction\",\"target\":{\"@type\":\"EntryPoint\",\"urlTemplate\":\"https:\\\/\\\/shop.petercernicka.eu\\\/?s={search_term_string}\"},\"query-input\":{\"@type\":\"PropertyValueSpecification\",\"valueRequired\":true,\"valueName\":\"search_term_string\"}}],\"inLanguage\":\"de\"}]}<\/script>\n<!-- \/ Yoast SEO plugin. -->","yoast_head_json":{"title":"A\u017e raz budem u\u010dite\u013ekou \u2013 Dara Rolins - Peter \u010cerni\u010dka | Noty | HUDOBN\u00c9 PODKLADY","robots":{"index":"index","follow":"follow","max-snippet":"max-snippet:-1","max-image-preview":"max-image-preview:large","max-video-preview":"max-video-preview:-1"},"canonical":"https:\/\/shop.petercernicka.eu\/de\/shop\/dychova-hudba\/az-raz-budem-ucitelkou-dara-rolins\/","og_locale":"de_DE","og_type":"article","og_title":"A\u017e raz budem u\u010dite\u013ekou \u2013 Dara Rolins","og_description":"Aran\u017em\u00e1 popul\u00e1rnej skladby od Dara Rolins pre dychov\u00fa hudbu.","og_url":"https:\/\/shop.petercernicka.eu\/de\/shop\/dychova-hudba\/az-raz-budem-ucitelkou-dara-rolins\/","og_site_name":"Peter \u010cerni\u010dka | Noty | HUDOBN\u00c9 PODKLADY","article_publisher":"https:\/\/www.facebook.com\/petercernickanoty","article_modified_time":"2026-01-31T13:47:05+00:00","og_image":[{"width":495,"height":428,"url":"https:\/\/shop.petercernicka.eu\/wp-content\/uploads\/2024\/07\/Az-raz-budem-ucitelkou-Dara-Rolins.jpeg","type":"image\/jpeg"}],"twitter_card":"summary_large_image","twitter_misc":{"Gesch\u00e4tzte Lesezeit":"1\u00a0Minute"},"schema":{"@context":"https:\/\/schema.org","@graph":[{"@type":"WebPage","@id":"https:\/\/shop.petercernicka.eu\/shop\/dychova-hudba\/az-raz-budem-ucitelkou-dara-rolins\/","url":"https:\/\/shop.petercernicka.eu\/shop\/dychova-hudba\/az-raz-budem-ucitelkou-dara-rolins\/","name":"A\u017e raz budem u\u010dite\u013ekou \u2013 Dara Rolins - Peter \u010cerni\u010dka | Noty | HUDOBN\u00c9 PODKLADY","isPartOf":{"@id":"https:\/\/shop.petercernicka.eu\/#website"},"primaryImageOfPage":{"@id":"https:\/\/shop.petercernicka.eu\/shop\/dychova-hudba\/az-raz-budem-ucitelkou-dara-rolins\/#primaryimage"},"image":{"@id":"https:\/\/shop.petercernicka.eu\/shop\/dychova-hudba\/az-raz-budem-ucitelkou-dara-rolins\/#primaryimage"},"thumbnailUrl":"https:\/\/shop.petercernicka.eu\/wp-content\/uploads\/2024\/07\/Az-raz-budem-ucitelkou-Dara-Rolins.jpeg","datePublished":"2024-07-23T10:59:48+00:00","dateModified":"2026-01-31T13:47:05+00:00","breadcrumb":{"@id":"https:\/\/shop.petercernicka.eu\/shop\/dychova-hudba\/az-raz-budem-ucitelkou-dara-rolins\/#breadcrumb"},"inLanguage":"de","potentialAction":[{"@type":"ReadAction","target":["https:\/\/shop.petercernicka.eu\/shop\/dychova-hudba\/az-raz-budem-ucitelkou-dara-rolins\/"]}]},{"@type":"ImageObject","inLanguage":"de","@id":"https:\/\/shop.petercernicka.eu\/shop\/dychova-hudba\/az-raz-budem-ucitelkou-dara-rolins\/#primaryimage","url":"https:\/\/shop.petercernicka.eu\/wp-content\/uploads\/2024\/07\/Az-raz-budem-ucitelkou-Dara-Rolins.jpeg","contentUrl":"https:\/\/shop.petercernicka.eu\/wp-content\/uploads\/2024\/07\/Az-raz-budem-ucitelkou-Dara-Rolins.jpeg","width":495,"height":428},{"@type":"BreadcrumbList","@id":"https:\/\/shop.petercernicka.eu\/shop\/dychova-hudba\/az-raz-budem-ucitelkou-dara-rolins\/#breadcrumb","itemListElement":[{"@type":"ListItem","position":1,"name":"Home","item":"https:\/\/shop.petercernicka.eu\/"},{"@type":"ListItem","position":2,"name":"Produkty","item":"https:\/\/shop.petercernicka.eu\/obchod\/"},{"@type":"ListItem","position":3,"name":"A\u017e raz budem u\u010dite\u013ekou \u2013 Dara Rolins"}]},{"@type":"WebSite","@id":"https:\/\/shop.petercernicka.eu\/#website","url":"https:\/\/shop.petercernicka.eu\/","name":"Peter \u010cerni\u010dka | Noty | HUDOBN\u00c9 PODKLADY","description":"Volkslieder, Schlager, Tschechoslowakische Schlager, Zigeunerlieder, Evergreens, Weihnachtslieder","potentialAction":[{"@type":"SearchAction","target":{"@type":"EntryPoint","urlTemplate":"https:\/\/shop.petercernicka.eu\/?s={search_term_string}"},"query-input":{"@type":"PropertyValueSpecification","valueRequired":true,"valueName":"search_term_string"}}],"inLanguage":"de"}]}},"_links":{"self":[{"href":"https:\/\/shop.petercernicka.eu\/de\/wp-json\/wp\/v2\/product\/8509","targetHints":{"allow":["GET"]}}],"collection":[{"href":"https:\/\/shop.petercernicka.eu\/de\/wp-json\/wp\/v2\/product"}],"about":[{"href":"https:\/\/shop.petercernicka.eu\/de\/wp-json\/wp\/v2\/types\/product"}],"replies":[{"embeddable":true,"href":"https:\/\/shop.petercernicka.eu\/de\/wp-json\/wp\/v2\/comments?post=8509"}],"wp:featuredmedia":[{"embeddable":true,"href":"https:\/\/shop.petercernicka.eu\/de\/wp-json\/wp\/v2\/media\/8510"}],"wp:attachment":[{"href":"https:\/\/shop.petercernicka.eu\/de\/wp-json\/wp\/v2\/media?parent=8509"}],"wp:term":[{"taxonomy":"product_brand","embeddable":true,"href":"https:\/\/shop.petercernicka.eu\/de\/wp-json\/wp\/v2\/product_brand?post=8509"},{"taxonomy":"product_cat","embeddable":true,"href":"https:\/\/shop.petercernicka.eu\/de\/wp-json\/wp\/v2\/product_cat?post=8509"},{"taxonomy":"product_tag","embeddable":true,"href":"https:\/\/shop.petercernicka.eu\/de\/wp-json\/wp\/v2\/product_tag?post=8509"}],"curies":[{"name":"wp","href":"https:\/\/api.w.org\/{rel}","templated":true}]}}