{"id":8304,"date":"2024-06-23T00:22:46","date_gmt":"2024-06-22T22:22:46","guid":{"rendered":"https:\/\/shop.petercernicka.eu\/?post_type=product&#038;p=8304"},"modified":"2026-01-31T14:47:07","modified_gmt":"2026-01-31T13:47:07","slug":"dara-rolins-keby-som-bola-princezna-arabela","status":"publish","type":"product","link":"https:\/\/shop.petercernicka.eu\/de\/shop\/dychova-hudba\/dara-rolins-keby-som-bola-princezna-arabela\/","title":{"rendered":"Dara Rolins &#8211; Keby som bola princezn\u00e1 Arabela"},"content":{"rendered":"<p><span style=\"color: #000000;\">Keby som bola princezn\u00e1 Arabela<\/span><br \/>\n<span style=\"color: #000000;\">A v \u0161kole by som vola\u010do nevedela<\/span><br \/>\n<span style=\"color: #000000;\">Tak by som zmizla pre\u010d rovno spred tabule<\/span><br \/>\n<span style=\"color: #000000;\">Na druh\u00fa stranu na\u0161ej zemegule<\/span><\/p>\n<p><span style=\"color: #000000;\">Obliekla by som si jej pl\u00e1\u0161\u0165 z\u00e1zra\u010dn\u00fd<\/span><br \/>\n<span style=\"color: #000000;\">\u017divot v \u0161kole by bol st\u00e1le senza\u010dn\u00fd<\/span><br \/>\n<span style=\"color: #000000;\">Arabela, Arabela pr\u00ed\u010f<\/span><br \/>\n<span style=\"color: #000000;\">Obliekla by som si jej pl\u00e1\u0161\u0165 z\u00e1zra\u010dn\u00fd<\/span><br \/>\n<span style=\"color: #000000;\">\u017divot v \u0161kole by bol st\u00e1le senza\u010dn\u00fd<\/span><br \/>\n<span style=\"color: #000000;\">Arabela, Arabela pr\u00ed\u010f<\/span><\/p>\n<p><span style=\"color: #000000;\">Keby som bola princezn\u00e1 Arabela<\/span><br \/>\n<span style=\"color: #000000;\">Ni\u010d by som doma pom\u00e1ha\u0165 nemusela<\/span><br \/>\n<span style=\"color: #000000;\">Prach by jej prste\u0148 premenil na lentilky<\/span><br \/>\n<span style=\"color: #000000;\">A kopu riadok na hr\u00e1\u0161ok malilink\u00fd<\/span><\/p>\n<p><span style=\"color: #000000;\">Na v\u0161etko by sta\u010dil prste\u0148 z\u00e1zra\u010dn\u00fd<\/span><br \/>\n<span style=\"color: #000000;\">Cel\u00fd \u017eivot by bol viac ne\u017e senza\u010dn\u00fd<\/span><br \/>\n<span style=\"color: #000000;\">Arabela, Arabela pr\u00ed\u010f<\/span><\/p>\n<p><span style=\"color: #000000;\">Na v\u0161etko by sta\u010dil prste\u0148 z\u00e1zra\u010dn\u00fd<\/span><br \/>\n<span style=\"color: #000000;\">Cel\u00fd \u017eivot by bol viac ne\u017e senza\u010dn\u00fd<\/span><br \/>\n<span style=\"color: #000000;\">Arabela, Arabela pr\u00ed\u010f<\/span><\/p>\n<p><span style=\"color: #000000;\">Ke\u010f to\u013eko ston\u00e1\u0161 tak som priletela<\/span><br \/>\n<span style=\"color: #000000;\">Ako sa vol\u00e1\u0161, vrav, ja som Arabela<\/span><br \/>\n<span style=\"color: #000000;\">Ak nechce\u0161 od\u00eds\u0165 zo \u0161koly s ve\u013ekou gu\u013eou<\/span><br \/>\n<span style=\"color: #000000;\">tak sa do pl\u00e1\u0161\u0165a neskr\u00fdvaj pred tabu\u013eov<\/span><\/p>\n<p><span style=\"color: #000000;\">Pozri toto je ten m\u00f4j pl\u00e1\u0161\u0165 z\u00e1zra\u010dn\u00fd<\/span><br \/>\n<span style=\"color: #000000;\">nezaru\u010d\u00ed ti v\u0161ak \u017eivot senza\u010dn\u00fd<\/span><br \/>\n<span style=\"color: #000000;\">Ak ho v\u0161ak chce\u0161 tak ja ti ho d\u00e1m<\/span><br \/>\n<span style=\"color: #000000;\">Pozri toto je ten m\u00f4j pl\u00e1\u0161\u0165 z\u00e1zra\u010dn\u00fd<\/span><br \/>\n<span style=\"color: #000000;\">nezaru\u010d\u00ed ti v\u0161ak \u017eivot senza\u010dn\u00fd<\/span><br \/>\n<span style=\"color: #000000;\">Ak ho v\u0161ak chce\u0161 tak ja ti ho d\u00e1m<\/span><\/p>\n<p><span style=\"color: #000000;\">\u010co sa tak d\u00edva\u0161, to som ja Arabela,<\/span><br \/>\n<span style=\"color: #000000;\">ve\u010f si sa mnou tak ve\u013emi stretn\u00fa\u0165 chcela<\/span><br \/>\n<span style=\"color: #000000;\">Prste\u0148 ti v\u0161ak prach nezmen\u00ed na lentilky<\/span><br \/>\n<span style=\"color: #000000;\">A kopu riadu na hr\u00e1\u0161ok malilink\u00fd<\/span><\/p>\n<p><span style=\"color: #000000;\">Pozri, na prste m\u00e1\u0161 prste\u0148 z\u00e1zra\u010dn\u00fd<\/span><br \/>\n<span style=\"color: #000000;\">nezaru\u010d\u00ed ti v\u0161ak \u017eivot senza\u010dn\u00fd<\/span><br \/>\n<span style=\"color: #000000;\">Ak ho v\u0161ak chce\u0161 tak ja ti ho d\u00e1m<\/span><br \/>\n<span style=\"color: #000000;\">Pozri, na prste m\u00e1\u0161 prste\u0148 z\u00e1zra\u010dn\u00fd<\/span><br \/>\n<span style=\"color: #000000;\">nezaru\u010d\u00ed ti v\u0161ak \u017eivot senza\u010dn\u00fd<\/span><br \/>\n<span style=\"color: #000000;\">Ak ho v\u0161ak chce\u0161 tak ja ti ho d\u00e1m<\/span><\/p>\n<p><span style=\"color: #000000;\">V rozpr\u00e1vkach to oby\u010dajne trochu inak b\u00fdva<\/span><br \/>\n<span style=\"color: #000000;\">V rozpr\u00e1vkach sa u\u017e nejeden praz\u00e1zra\u010dn\u00fd z\u00e1zrak stal.<\/span><\/p>\n<p><span style=\"color: #000000;\">Hmmm.<\/span><br \/>\n<span style=\"color: #000000;\">Veru &#8211; ni\u010d nepad\u00e1 z neba<\/span><br \/>\n<span style=\"color: #000000;\">Spo\u013eahni sa len na seba<\/span><br \/>\n<span style=\"color: #000000;\">Bu\u010f rada \u017ee \u017eivot nie je telev\u00edzny seri\u00e1l &#8230;<\/span><\/p>\n<p><span style=\"color: #000000;\">Arabela ..<\/span><br \/>\n<span style=\"color: #000000;\">Pozri !!<\/span><br \/>\n<span style=\"color: #000000;\">Nad nami je ve\u013ek\u00fd mrak !!<\/span><br \/>\n<span style=\"color: #000000;\">Po\u010fme sa skry\u0165 !!<\/span><br \/>\n<span style=\"color: #000000;\">Po\u010fme sa skry\u0165 to nie je mrak,<\/span><br \/>\n<span style=\"color: #000000;\">to je Rumburak &#8230;<\/span><\/p>","protected":false},"excerpt":{"rendered":"<p><strong><strong><strong><span style=\"color: #ff0000;\">2 rytmick\u00e9 verzie piesne v cene<\/span><br \/>\n<\/strong><\/strong><\/strong><\/p>\n<p><audio class=\"wp-audio-shortcode\" id=\"audio-8304-1\" preload=\"none\" style=\"width: 100%;\" controls=\"controls\"><source type=\"audio\/mpeg\" src=\"https:\/\/shop.petercernicka.eu\/wp-content\/uploads\/2024\/06\/Arabela-verzia-1dychovka.mp3?_=1\" \/><a href=\"https:\/\/shop.petercernicka.eu\/wp-content\/uploads\/2024\/06\/Arabela-verzia-1dychovka.mp3\">https:\/\/shop.petercernicka.eu\/wp-content\/uploads\/2024\/06\/Arabela-verzia-1dychovka.mp3<\/a><\/audio><\/p>\n<p><strong><strong>\u00a0<\/strong><\/strong><\/p>\n<p><audio class=\"wp-audio-shortcode\" id=\"audio-8304-2\" preload=\"none\" style=\"width: 100%;\" controls=\"controls\"><source type=\"audio\/mpeg\" src=\"https:\/\/shop.petercernicka.eu\/wp-content\/uploads\/2024\/06\/Arabela-verzia-2dychovka.mp3?_=2\" \/><a href=\"https:\/\/shop.petercernicka.eu\/wp-content\/uploads\/2024\/06\/Arabela-verzia-2dychovka.mp3\">https:\/\/shop.petercernicka.eu\/wp-content\/uploads\/2024\/06\/Arabela-verzia-2dychovka.mp3<\/a><\/audio><\/p>\n<ul>\n<li>Vok\u00e1l<\/li>\n<li>Eb klarinet<\/li>\n<li>B klarinet<\/li>\n<li>Tr\u00fabka 1,2,3<\/li>\n<li>Tenor<\/li>\n<li>Baryt\u00f3n C<\/li>\n<li>Melodick\u00fd tromb\u00f3n C<\/li>\n<li>Tromb\u00f3n C<\/li>\n<li>Tr\u00fabka 1Bb<\/li>\n<li>Tr\u00fabka 2 Bb<\/li>\n<li>Tuba C<\/li>\n<li>Bicie<\/li>\n<\/ul>\n<p>&nbsp;<\/p>","protected":false},"featured_media":8305,"comment_status":"closed","ping_status":"closed","template":"","meta":{"om_disable_all_campaigns":false},"product_brand":[],"product_cat":[36,1168],"product_tag":[1188],"class_list":{"0":"post-8304","1":"product","2":"type-product","3":"status-publish","4":"has-post-thumbnail","6":"product_cat-dychova-hudba","7":"product_cat-noty","8":"product_tag-noty","10":"first","11":"outofstock","12":"taxable","13":"shipping-taxable","14":"purchasable","15":"product-type-simple"},"yoast_head":"<!-- This site is optimized with the Yoast SEO plugin v27.4 - https:\/\/yoast.com\/product\/yoast-seo-wordpress\/ -->\n<title>Dara Rolins - Keby som bola princezn\u00e1 Arabela - Peter \u010cerni\u010dka | Noty | HUDOBN\u00c9 PODKLADY<\/title>\n<meta name=\"robots\" content=\"index, follow, max-snippet:-1, max-image-preview:large, max-video-preview:-1\" \/>\n<link rel=\"canonical\" href=\"https:\/\/shop.petercernicka.eu\/de\/shop\/dychova-hudba\/dara-rolins-keby-som-bola-princezna-arabela\/\" \/>\n<meta property=\"og:locale\" content=\"de_DE\" \/>\n<meta property=\"og:type\" content=\"article\" \/>\n<meta property=\"og:title\" content=\"Dara Rolins - Keby som bola princezn\u00e1 Arabela\" \/>\n<meta property=\"og:description\" content=\"Noty pre dychov\u00fa hudbu. K dispoz\u00edcii 2 verzie. Pomal\u0161ia a tane\u010dnej\u0161ia.\" \/>\n<meta property=\"og:url\" content=\"https:\/\/shop.petercernicka.eu\/de\/shop\/dychova-hudba\/dara-rolins-keby-som-bola-princezna-arabela\/\" \/>\n<meta property=\"og:site_name\" content=\"Peter \u010cerni\u010dka | Noty | HUDOBN\u00c9 PODKLADY\" \/>\n<meta property=\"article:publisher\" content=\"https:\/\/www.facebook.com\/petercernickanoty\" \/>\n<meta property=\"article:modified_time\" content=\"2026-01-31T13:47:07+00:00\" \/>\n<meta property=\"og:image\" content=\"https:\/\/shop.petercernicka.eu\/wp-content\/uploads\/2024\/06\/ROLINCOVA_DARINKA_KEBY_SOM_BOLA_PRINCEZNA_ARABELA-1200x628-1.jpg\" \/>\n\t<meta property=\"og:image:width\" content=\"624\" \/>\n\t<meta property=\"og:image:height\" content=\"628\" \/>\n\t<meta property=\"og:image:type\" content=\"image\/jpeg\" \/>\n<meta name=\"twitter:card\" content=\"summary_large_image\" \/>\n<meta name=\"twitter:label1\" content=\"Gesch\u00e4tzte Lesezeit\" \/>\n\t<meta name=\"twitter:data1\" content=\"2\u00a0Minuten\" \/>\n<script type=\"application\/ld+json\" class=\"yoast-schema-graph\">{\"@context\":\"https:\\\/\\\/schema.org\",\"@graph\":[{\"@type\":\"WebPage\",\"@id\":\"https:\\\/\\\/shop.petercernicka.eu\\\/shop\\\/dychova-hudba\\\/dara-rolins-keby-som-bola-princezna-arabela\\\/\",\"url\":\"https:\\\/\\\/shop.petercernicka.eu\\\/shop\\\/dychova-hudba\\\/dara-rolins-keby-som-bola-princezna-arabela\\\/\",\"name\":\"Dara Rolins - Keby som bola princezn\u00e1 Arabela - Peter \u010cerni\u010dka | Noty | HUDOBN\u00c9 PODKLADY\",\"isPartOf\":{\"@id\":\"https:\\\/\\\/shop.petercernicka.eu\\\/#website\"},\"primaryImageOfPage\":{\"@id\":\"https:\\\/\\\/shop.petercernicka.eu\\\/shop\\\/dychova-hudba\\\/dara-rolins-keby-som-bola-princezna-arabela\\\/#primaryimage\"},\"image\":{\"@id\":\"https:\\\/\\\/shop.petercernicka.eu\\\/shop\\\/dychova-hudba\\\/dara-rolins-keby-som-bola-princezna-arabela\\\/#primaryimage\"},\"thumbnailUrl\":\"https:\\\/\\\/shop.petercernicka.eu\\\/wp-content\\\/uploads\\\/2024\\\/06\\\/ROLINCOVA_DARINKA_KEBY_SOM_BOLA_PRINCEZNA_ARABELA-1200x628-1.jpg\",\"datePublished\":\"2024-06-22T22:22:46+00:00\",\"dateModified\":\"2026-01-31T13:47:07+00:00\",\"breadcrumb\":{\"@id\":\"https:\\\/\\\/shop.petercernicka.eu\\\/shop\\\/dychova-hudba\\\/dara-rolins-keby-som-bola-princezna-arabela\\\/#breadcrumb\"},\"inLanguage\":\"de\",\"potentialAction\":[{\"@type\":\"ReadAction\",\"target\":[\"https:\\\/\\\/shop.petercernicka.eu\\\/shop\\\/dychova-hudba\\\/dara-rolins-keby-som-bola-princezna-arabela\\\/\"]}]},{\"@type\":\"ImageObject\",\"inLanguage\":\"de\",\"@id\":\"https:\\\/\\\/shop.petercernicka.eu\\\/shop\\\/dychova-hudba\\\/dara-rolins-keby-som-bola-princezna-arabela\\\/#primaryimage\",\"url\":\"https:\\\/\\\/shop.petercernicka.eu\\\/wp-content\\\/uploads\\\/2024\\\/06\\\/ROLINCOVA_DARINKA_KEBY_SOM_BOLA_PRINCEZNA_ARABELA-1200x628-1.jpg\",\"contentUrl\":\"https:\\\/\\\/shop.petercernicka.eu\\\/wp-content\\\/uploads\\\/2024\\\/06\\\/ROLINCOVA_DARINKA_KEBY_SOM_BOLA_PRINCEZNA_ARABELA-1200x628-1.jpg\",\"width\":624,\"height\":628},{\"@type\":\"BreadcrumbList\",\"@id\":\"https:\\\/\\\/shop.petercernicka.eu\\\/shop\\\/dychova-hudba\\\/dara-rolins-keby-som-bola-princezna-arabela\\\/#breadcrumb\",\"itemListElement\":[{\"@type\":\"ListItem\",\"position\":1,\"name\":\"Home\",\"item\":\"https:\\\/\\\/shop.petercernicka.eu\\\/\"},{\"@type\":\"ListItem\",\"position\":2,\"name\":\"Produkty\",\"item\":\"https:\\\/\\\/shop.petercernicka.eu\\\/obchod\\\/\"},{\"@type\":\"ListItem\",\"position\":3,\"name\":\"Dara Rolins &#8211; Keby som bola princezn\u00e1 Arabela\"}]},{\"@type\":\"WebSite\",\"@id\":\"https:\\\/\\\/shop.petercernicka.eu\\\/#website\",\"url\":\"https:\\\/\\\/shop.petercernicka.eu\\\/\",\"name\":\"Peter \u010cerni\u010dka | Noty | HUDOBN\u00c9 PODKLADY\",\"description\":\"\u013eudov\u00e9 piesne, popul\u00e1rne \u0161l\u00e1gre, \u010desko-slovensk\u00e9 hity, cig\u00e1nske piesne, ewergreeny, viano\u010dn\u00e9 koledy\",\"potentialAction\":[{\"@type\":\"SearchAction\",\"target\":{\"@type\":\"EntryPoint\",\"urlTemplate\":\"https:\\\/\\\/shop.petercernicka.eu\\\/?s={search_term_string}\"},\"query-input\":{\"@type\":\"PropertyValueSpecification\",\"valueRequired\":true,\"valueName\":\"search_term_string\"}}],\"inLanguage\":\"de\"}]}<\/script>\n<!-- \/ Yoast SEO plugin. -->","yoast_head_json":{"title":"Dara Rolins - Keby som bola princezn\u00e1 Arabela - Peter \u010cerni\u010dka | Noty | HUDOBN\u00c9 PODKLADY","robots":{"index":"index","follow":"follow","max-snippet":"max-snippet:-1","max-image-preview":"max-image-preview:large","max-video-preview":"max-video-preview:-1"},"canonical":"https:\/\/shop.petercernicka.eu\/de\/shop\/dychova-hudba\/dara-rolins-keby-som-bola-princezna-arabela\/","og_locale":"de_DE","og_type":"article","og_title":"Dara Rolins - Keby som bola princezn\u00e1 Arabela","og_description":"Noty pre dychov\u00fa hudbu. K dispoz\u00edcii 2 verzie. Pomal\u0161ia a tane\u010dnej\u0161ia.","og_url":"https:\/\/shop.petercernicka.eu\/de\/shop\/dychova-hudba\/dara-rolins-keby-som-bola-princezna-arabela\/","og_site_name":"Peter \u010cerni\u010dka | Noty | HUDOBN\u00c9 PODKLADY","article_publisher":"https:\/\/www.facebook.com\/petercernickanoty","article_modified_time":"2026-01-31T13:47:07+00:00","og_image":[{"width":624,"height":628,"url":"https:\/\/shop.petercernicka.eu\/wp-content\/uploads\/2024\/06\/ROLINCOVA_DARINKA_KEBY_SOM_BOLA_PRINCEZNA_ARABELA-1200x628-1.jpg","type":"image\/jpeg"}],"twitter_card":"summary_large_image","twitter_misc":{"Gesch\u00e4tzte Lesezeit":"2\u00a0Minuten"},"schema":{"@context":"https:\/\/schema.org","@graph":[{"@type":"WebPage","@id":"https:\/\/shop.petercernicka.eu\/shop\/dychova-hudba\/dara-rolins-keby-som-bola-princezna-arabela\/","url":"https:\/\/shop.petercernicka.eu\/shop\/dychova-hudba\/dara-rolins-keby-som-bola-princezna-arabela\/","name":"Dara Rolins - Keby som bola princezn\u00e1 Arabela - Peter \u010cerni\u010dka | Noty | HUDOBN\u00c9 PODKLADY","isPartOf":{"@id":"https:\/\/shop.petercernicka.eu\/#website"},"primaryImageOfPage":{"@id":"https:\/\/shop.petercernicka.eu\/shop\/dychova-hudba\/dara-rolins-keby-som-bola-princezna-arabela\/#primaryimage"},"image":{"@id":"https:\/\/shop.petercernicka.eu\/shop\/dychova-hudba\/dara-rolins-keby-som-bola-princezna-arabela\/#primaryimage"},"thumbnailUrl":"https:\/\/shop.petercernicka.eu\/wp-content\/uploads\/2024\/06\/ROLINCOVA_DARINKA_KEBY_SOM_BOLA_PRINCEZNA_ARABELA-1200x628-1.jpg","datePublished":"2024-06-22T22:22:46+00:00","dateModified":"2026-01-31T13:47:07+00:00","breadcrumb":{"@id":"https:\/\/shop.petercernicka.eu\/shop\/dychova-hudba\/dara-rolins-keby-som-bola-princezna-arabela\/#breadcrumb"},"inLanguage":"de","potentialAction":[{"@type":"ReadAction","target":["https:\/\/shop.petercernicka.eu\/shop\/dychova-hudba\/dara-rolins-keby-som-bola-princezna-arabela\/"]}]},{"@type":"ImageObject","inLanguage":"de","@id":"https:\/\/shop.petercernicka.eu\/shop\/dychova-hudba\/dara-rolins-keby-som-bola-princezna-arabela\/#primaryimage","url":"https:\/\/shop.petercernicka.eu\/wp-content\/uploads\/2024\/06\/ROLINCOVA_DARINKA_KEBY_SOM_BOLA_PRINCEZNA_ARABELA-1200x628-1.jpg","contentUrl":"https:\/\/shop.petercernicka.eu\/wp-content\/uploads\/2024\/06\/ROLINCOVA_DARINKA_KEBY_SOM_BOLA_PRINCEZNA_ARABELA-1200x628-1.jpg","width":624,"height":628},{"@type":"BreadcrumbList","@id":"https:\/\/shop.petercernicka.eu\/shop\/dychova-hudba\/dara-rolins-keby-som-bola-princezna-arabela\/#breadcrumb","itemListElement":[{"@type":"ListItem","position":1,"name":"Home","item":"https:\/\/shop.petercernicka.eu\/"},{"@type":"ListItem","position":2,"name":"Produkty","item":"https:\/\/shop.petercernicka.eu\/obchod\/"},{"@type":"ListItem","position":3,"name":"Dara Rolins &#8211; Keby som bola princezn\u00e1 Arabela"}]},{"@type":"WebSite","@id":"https:\/\/shop.petercernicka.eu\/#website","url":"https:\/\/shop.petercernicka.eu\/","name":"Peter \u010cerni\u010dka | Noty | HUDOBN\u00c9 PODKLADY","description":"Volkslieder, Schlager, Tschechoslowakische Schlager, Zigeunerlieder, Evergreens, Weihnachtslieder","potentialAction":[{"@type":"SearchAction","target":{"@type":"EntryPoint","urlTemplate":"https:\/\/shop.petercernicka.eu\/?s={search_term_string}"},"query-input":{"@type":"PropertyValueSpecification","valueRequired":true,"valueName":"search_term_string"}}],"inLanguage":"de"}]}},"_links":{"self":[{"href":"https:\/\/shop.petercernicka.eu\/de\/wp-json\/wp\/v2\/product\/8304","targetHints":{"allow":["GET"]}}],"collection":[{"href":"https:\/\/shop.petercernicka.eu\/de\/wp-json\/wp\/v2\/product"}],"about":[{"href":"https:\/\/shop.petercernicka.eu\/de\/wp-json\/wp\/v2\/types\/product"}],"replies":[{"embeddable":true,"href":"https:\/\/shop.petercernicka.eu\/de\/wp-json\/wp\/v2\/comments?post=8304"}],"wp:featuredmedia":[{"embeddable":true,"href":"https:\/\/shop.petercernicka.eu\/de\/wp-json\/wp\/v2\/media\/8305"}],"wp:attachment":[{"href":"https:\/\/shop.petercernicka.eu\/de\/wp-json\/wp\/v2\/media?parent=8304"}],"wp:term":[{"taxonomy":"product_brand","embeddable":true,"href":"https:\/\/shop.petercernicka.eu\/de\/wp-json\/wp\/v2\/product_brand?post=8304"},{"taxonomy":"product_cat","embeddable":true,"href":"https:\/\/shop.petercernicka.eu\/de\/wp-json\/wp\/v2\/product_cat?post=8304"},{"taxonomy":"product_tag","embeddable":true,"href":"https:\/\/shop.petercernicka.eu\/de\/wp-json\/wp\/v2\/product_tag?post=8304"}],"curies":[{"name":"wp","href":"https:\/\/api.w.org\/{rel}","templated":true}]}}