{"id":7660,"date":"2023-04-20T17:05:59","date_gmt":"2023-04-20T15:05:59","guid":{"rendered":"https:\/\/shop.petercernicka.eu\/?post_type=product&#038;p=7660"},"modified":"2026-01-31T14:47:09","modified_gmt":"2026-01-31T13:47:09","slug":"tamhle-stoji-doubecek","status":"publish","type":"product","link":"https:\/\/shop.petercernicka.eu\/de\/shop\/mala-partia\/tamhle-stoji-doubecek\/","title":{"rendered":"T\u00e1mhle stoj\u00ed doube\u010dek"},"content":{"rendered":"<pre><span style=\"font-family: Arial; font-size: 14pt; color: #000000;\">T\u00e1mhle stoj\u00ed doube\u010dek.<\/span>\r\n<span style=\"font-family: Arial; font-size: 14pt; color: #000000;\">M\u00e1 zelen\u00fd vr\u0161\u00ed\u010dek<\/span>\r\n<span style=\"font-family: Arial; font-size: 14pt; color: #000000;\">\/: po\u010dkej na m\u011b m\u00e1 mil\u00e1,<\/span>\r\n<span style=\"font-family: Arial; font-size: 14pt; color: #000000;\">j\u00e1 jsem je\u0161t\u011b chlape\u010dek. :\/<\/span><\/pre>\n<p><span style=\"font-family: Arial; font-size: 14pt; color: #000000;\">J\u00e1 bych na t\u011b \u010dekala<\/span><br \/>\n<span style=\"font-family: Arial; font-size: 14pt; color: #000000;\">a ty si m\u011b nevezme\u0161,<\/span><br \/>\n<span style=\"font-family: Arial; font-size: 14pt; color: #000000;\">\/: t\u00e1mhle stoj\u00ed k\u016f\u0148 vran\u00fd,<\/span><br \/>\n<span style=\"font-family: Arial; font-size: 14pt; color: #000000;\">sedne\u0161 na n\u011bj, odjede\u0161. :\/<\/span><\/p>\n<p><span style=\"font-family: Arial; font-size: 14pt; color: #000000;\">M\u00e1 panenko jak se m\u00e1\u0161,<\/span><br \/>\n<span style=\"font-family: Arial; font-size: 14pt; color: #000000;\">ty se m\u011b fale\u0161n\u00e1 zd\u00e1\u0161,<\/span><br \/>\n<span style=\"font-family: Arial; font-size: 14pt; color: #000000;\">\/ : j\u00e1 fale\u0161n\u00e1 nic nejsem,<\/span><br \/>\n<span style=\"font-family: Arial; font-size: 14pt; color: #000000;\">j\u00e1 poctiv\u00e9 d\u011bv\u010de jsem. :\/<\/span><\/p>","protected":false},"excerpt":{"rendered":"<p>T\u00e1mhle stoj\u00ed doube\u010dek. M\u00e1 zelen\u00fd vr\u0161\u00ed\u010dek \/: po\u010dkej na m\u011b m\u00e1 mil\u00e1, j\u00e1 jsem je\u0161t\u011b chlape\u010dek. :\/ J\u00e1 bych na t\u011b \u010dekala a ty si m\u011b nevezme\u0161, \/: t\u00e1mhle stoj\u00ed k\u016f\u0148 vran\u00fd, sedne\u0161 na n\u011bj, odjede\u0161. :\/ M\u00e1 panenko jak se m\u00e1\u0161, [&hellip;]<\/p>\n","protected":false},"featured_media":7624,"comment_status":"closed","ping_status":"closed","template":"","meta":{"om_disable_all_campaigns":false},"product_brand":[],"product_cat":[40,1168],"product_tag":[1084,1188],"class_list":{"0":"post-7660","1":"product","2":"type-product","3":"status-publish","4":"has-post-thumbnail","6":"product_cat-mala-partia","7":"product_cat-noty","8":"product_tag-mala-partia","9":"product_tag-noty","11":"first","12":"outofstock","13":"downloadable","14":"virtual","15":"taxable","16":"purchasable","17":"product-type-simple"},"yoast_head":"<!-- This site is optimized with the Yoast SEO plugin v27.4 - https:\/\/yoast.com\/product\/yoast-seo-wordpress\/ -->\n<title>T\u00e1mhle stoj\u00ed doube\u010dek - Peter \u010cerni\u010dka | Noty | HUDOBN\u00c9 PODKLADY<\/title>\n<meta name=\"description\" content=\"Noty pre mal\u00fa partiu N\u00e1strojov\u00e9 obsadenie: Kr\u00eddlovka, Tenor, Akorde\u00f3n, Tuba, Bicie. S mo\u017enos\u0165ou dop\u00edsa\u0165 aj in\u00e9 n\u00e1stroje. Pr\u00edpadne vytvori\u0165 zmes skladieb\" \/>\n<meta name=\"robots\" content=\"index, follow, max-snippet:-1, max-image-preview:large, max-video-preview:-1\" \/>\n<link rel=\"canonical\" href=\"https:\/\/shop.petercernicka.eu\/de\/shop\/mala-partia\/tamhle-stoji-doubecek\/\" \/>\n<meta property=\"og:locale\" content=\"de_DE\" \/>\n<meta property=\"og:type\" content=\"article\" \/>\n<meta property=\"og:title\" content=\"T\u00e1mhle stoj\u00ed doube\u010dek - noty pre mal\u00fa partiu\" \/>\n<meta property=\"og:description\" content=\"Noty pre mal\u00fa partiu N\u00e1strojov\u00e9 obsadenie: Kr\u00eddlovka, Tenor, Akorde\u00f3n, Tuba, Bicie. S mo\u017enos\u0165ou dop\u00edsa\u0165 aj in\u00e9 n\u00e1stroje. Pr\u00edpadne vytvori\u0165 zmes skladieb\" \/>\n<meta property=\"og:url\" content=\"https:\/\/shop.petercernicka.eu\/de\/shop\/mala-partia\/tamhle-stoji-doubecek\/\" \/>\n<meta property=\"og:site_name\" content=\"Peter \u010cerni\u010dka | Noty | HUDOBN\u00c9 PODKLADY\" \/>\n<meta property=\"article:publisher\" content=\"https:\/\/www.facebook.com\/petercernickanoty\" \/>\n<meta property=\"article:modified_time\" content=\"2026-01-31T13:47:09+00:00\" \/>\n<meta property=\"og:image\" content=\"https:\/\/shop.petercernicka.eu\/wp-content\/uploads\/2023\/04\/Tamhle-stoji-doubecek-Parts_page-0001.jpg\" \/>\n\t<meta property=\"og:image:width\" content=\"1240\" \/>\n\t<meta property=\"og:image:height\" content=\"1755\" \/>\n\t<meta property=\"og:image:type\" content=\"image\/jpeg\" \/>\n<meta name=\"twitter:card\" content=\"summary_large_image\" \/>\n<script type=\"application\/ld+json\" class=\"yoast-schema-graph\">{\"@context\":\"https:\\\/\\\/schema.org\",\"@graph\":[{\"@type\":\"WebPage\",\"@id\":\"https:\\\/\\\/shop.petercernicka.eu\\\/shop\\\/mala-partia\\\/tamhle-stoji-doubecek\\\/\",\"url\":\"https:\\\/\\\/shop.petercernicka.eu\\\/shop\\\/mala-partia\\\/tamhle-stoji-doubecek\\\/\",\"name\":\"T\u00e1mhle stoj\u00ed doube\u010dek - Peter \u010cerni\u010dka | Noty | HUDOBN\u00c9 PODKLADY\",\"isPartOf\":{\"@id\":\"https:\\\/\\\/shop.petercernicka.eu\\\/#website\"},\"primaryImageOfPage\":{\"@id\":\"https:\\\/\\\/shop.petercernicka.eu\\\/shop\\\/mala-partia\\\/tamhle-stoji-doubecek\\\/#primaryimage\"},\"image\":{\"@id\":\"https:\\\/\\\/shop.petercernicka.eu\\\/shop\\\/mala-partia\\\/tamhle-stoji-doubecek\\\/#primaryimage\"},\"thumbnailUrl\":\"https:\\\/\\\/shop.petercernicka.eu\\\/wp-content\\\/uploads\\\/2023\\\/04\\\/Tamhle-stoji-doubecek-Parts_page-0001.jpg\",\"datePublished\":\"2023-04-20T15:05:59+00:00\",\"dateModified\":\"2026-01-31T13:47:09+00:00\",\"description\":\"Noty pre mal\u00fa partiu N\u00e1strojov\u00e9 obsadenie: Kr\u00eddlovka, Tenor, Akorde\u00f3n, Tuba, Bicie. S mo\u017enos\u0165ou dop\u00edsa\u0165 aj in\u00e9 n\u00e1stroje. Pr\u00edpadne vytvori\u0165 zmes skladieb\",\"breadcrumb\":{\"@id\":\"https:\\\/\\\/shop.petercernicka.eu\\\/shop\\\/mala-partia\\\/tamhle-stoji-doubecek\\\/#breadcrumb\"},\"inLanguage\":\"de\",\"potentialAction\":[{\"@type\":\"ReadAction\",\"target\":[\"https:\\\/\\\/shop.petercernicka.eu\\\/shop\\\/mala-partia\\\/tamhle-stoji-doubecek\\\/\"]}]},{\"@type\":\"ImageObject\",\"inLanguage\":\"de\",\"@id\":\"https:\\\/\\\/shop.petercernicka.eu\\\/shop\\\/mala-partia\\\/tamhle-stoji-doubecek\\\/#primaryimage\",\"url\":\"https:\\\/\\\/shop.petercernicka.eu\\\/wp-content\\\/uploads\\\/2023\\\/04\\\/Tamhle-stoji-doubecek-Parts_page-0001.jpg\",\"contentUrl\":\"https:\\\/\\\/shop.petercernicka.eu\\\/wp-content\\\/uploads\\\/2023\\\/04\\\/Tamhle-stoji-doubecek-Parts_page-0001.jpg\",\"width\":1240,\"height\":1755,\"caption\":\"T\u00e1mhle stoj\u00ed doube\u010dek noty pro dechovku\"},{\"@type\":\"BreadcrumbList\",\"@id\":\"https:\\\/\\\/shop.petercernicka.eu\\\/shop\\\/mala-partia\\\/tamhle-stoji-doubecek\\\/#breadcrumb\",\"itemListElement\":[{\"@type\":\"ListItem\",\"position\":1,\"name\":\"Home\",\"item\":\"https:\\\/\\\/shop.petercernicka.eu\\\/\"},{\"@type\":\"ListItem\",\"position\":2,\"name\":\"Produkty\",\"item\":\"https:\\\/\\\/shop.petercernicka.eu\\\/obchod\\\/\"},{\"@type\":\"ListItem\",\"position\":3,\"name\":\"T\u00e1mhle stoj\u00ed doube\u010dek\"}]},{\"@type\":\"WebSite\",\"@id\":\"https:\\\/\\\/shop.petercernicka.eu\\\/#website\",\"url\":\"https:\\\/\\\/shop.petercernicka.eu\\\/\",\"name\":\"Peter \u010cerni\u010dka | Noty | HUDOBN\u00c9 PODKLADY\",\"description\":\"\u013eudov\u00e9 piesne, popul\u00e1rne \u0161l\u00e1gre, \u010desko-slovensk\u00e9 hity, cig\u00e1nske piesne, ewergreeny, viano\u010dn\u00e9 koledy\",\"potentialAction\":[{\"@type\":\"SearchAction\",\"target\":{\"@type\":\"EntryPoint\",\"urlTemplate\":\"https:\\\/\\\/shop.petercernicka.eu\\\/?s={search_term_string}\"},\"query-input\":{\"@type\":\"PropertyValueSpecification\",\"valueRequired\":true,\"valueName\":\"search_term_string\"}}],\"inLanguage\":\"de\"}]}<\/script>\n<!-- \/ Yoast SEO plugin. -->","yoast_head_json":{"title":"T\u00e1mhle stoj\u00ed doube\u010dek - Peter \u010cerni\u010dka | Noty | HUDOBN\u00c9 PODKLADY","description":"Noty pre mal\u00fa partiu N\u00e1strojov\u00e9 obsadenie: Kr\u00eddlovka, Tenor, Akorde\u00f3n, Tuba, Bicie. S mo\u017enos\u0165ou dop\u00edsa\u0165 aj in\u00e9 n\u00e1stroje. Pr\u00edpadne vytvori\u0165 zmes skladieb","robots":{"index":"index","follow":"follow","max-snippet":"max-snippet:-1","max-image-preview":"max-image-preview:large","max-video-preview":"max-video-preview:-1"},"canonical":"https:\/\/shop.petercernicka.eu\/de\/shop\/mala-partia\/tamhle-stoji-doubecek\/","og_locale":"de_DE","og_type":"article","og_title":"T\u00e1mhle stoj\u00ed doube\u010dek - noty pre mal\u00fa partiu","og_description":"Noty pre mal\u00fa partiu N\u00e1strojov\u00e9 obsadenie: Kr\u00eddlovka, Tenor, Akorde\u00f3n, Tuba, Bicie. S mo\u017enos\u0165ou dop\u00edsa\u0165 aj in\u00e9 n\u00e1stroje. Pr\u00edpadne vytvori\u0165 zmes skladieb","og_url":"https:\/\/shop.petercernicka.eu\/de\/shop\/mala-partia\/tamhle-stoji-doubecek\/","og_site_name":"Peter \u010cerni\u010dka | Noty | HUDOBN\u00c9 PODKLADY","article_publisher":"https:\/\/www.facebook.com\/petercernickanoty","article_modified_time":"2026-01-31T13:47:09+00:00","og_image":[{"width":1240,"height":1755,"url":"https:\/\/shop.petercernicka.eu\/wp-content\/uploads\/2023\/04\/Tamhle-stoji-doubecek-Parts_page-0001.jpg","type":"image\/jpeg"}],"twitter_card":"summary_large_image","schema":{"@context":"https:\/\/schema.org","@graph":[{"@type":"WebPage","@id":"https:\/\/shop.petercernicka.eu\/shop\/mala-partia\/tamhle-stoji-doubecek\/","url":"https:\/\/shop.petercernicka.eu\/shop\/mala-partia\/tamhle-stoji-doubecek\/","name":"T\u00e1mhle stoj\u00ed doube\u010dek - Peter \u010cerni\u010dka | Noty | HUDOBN\u00c9 PODKLADY","isPartOf":{"@id":"https:\/\/shop.petercernicka.eu\/#website"},"primaryImageOfPage":{"@id":"https:\/\/shop.petercernicka.eu\/shop\/mala-partia\/tamhle-stoji-doubecek\/#primaryimage"},"image":{"@id":"https:\/\/shop.petercernicka.eu\/shop\/mala-partia\/tamhle-stoji-doubecek\/#primaryimage"},"thumbnailUrl":"https:\/\/shop.petercernicka.eu\/wp-content\/uploads\/2023\/04\/Tamhle-stoji-doubecek-Parts_page-0001.jpg","datePublished":"2023-04-20T15:05:59+00:00","dateModified":"2026-01-31T13:47:09+00:00","description":"Noty pre mal\u00fa partiu N\u00e1strojov\u00e9 obsadenie: Kr\u00eddlovka, Tenor, Akorde\u00f3n, Tuba, Bicie. S mo\u017enos\u0165ou dop\u00edsa\u0165 aj in\u00e9 n\u00e1stroje. Pr\u00edpadne vytvori\u0165 zmes skladieb","breadcrumb":{"@id":"https:\/\/shop.petercernicka.eu\/shop\/mala-partia\/tamhle-stoji-doubecek\/#breadcrumb"},"inLanguage":"de","potentialAction":[{"@type":"ReadAction","target":["https:\/\/shop.petercernicka.eu\/shop\/mala-partia\/tamhle-stoji-doubecek\/"]}]},{"@type":"ImageObject","inLanguage":"de","@id":"https:\/\/shop.petercernicka.eu\/shop\/mala-partia\/tamhle-stoji-doubecek\/#primaryimage","url":"https:\/\/shop.petercernicka.eu\/wp-content\/uploads\/2023\/04\/Tamhle-stoji-doubecek-Parts_page-0001.jpg","contentUrl":"https:\/\/shop.petercernicka.eu\/wp-content\/uploads\/2023\/04\/Tamhle-stoji-doubecek-Parts_page-0001.jpg","width":1240,"height":1755,"caption":"T\u00e1mhle stoj\u00ed doube\u010dek noty pro dechovku"},{"@type":"BreadcrumbList","@id":"https:\/\/shop.petercernicka.eu\/shop\/mala-partia\/tamhle-stoji-doubecek\/#breadcrumb","itemListElement":[{"@type":"ListItem","position":1,"name":"Home","item":"https:\/\/shop.petercernicka.eu\/"},{"@type":"ListItem","position":2,"name":"Produkty","item":"https:\/\/shop.petercernicka.eu\/obchod\/"},{"@type":"ListItem","position":3,"name":"T\u00e1mhle stoj\u00ed doube\u010dek"}]},{"@type":"WebSite","@id":"https:\/\/shop.petercernicka.eu\/#website","url":"https:\/\/shop.petercernicka.eu\/","name":"Peter \u010cerni\u010dka | Noty | HUDOBN\u00c9 PODKLADY","description":"Volkslieder, Schlager, Tschechoslowakische Schlager, Zigeunerlieder, Evergreens, Weihnachtslieder","potentialAction":[{"@type":"SearchAction","target":{"@type":"EntryPoint","urlTemplate":"https:\/\/shop.petercernicka.eu\/?s={search_term_string}"},"query-input":{"@type":"PropertyValueSpecification","valueRequired":true,"valueName":"search_term_string"}}],"inLanguage":"de"}]}},"_links":{"self":[{"href":"https:\/\/shop.petercernicka.eu\/de\/wp-json\/wp\/v2\/product\/7660","targetHints":{"allow":["GET"]}}],"collection":[{"href":"https:\/\/shop.petercernicka.eu\/de\/wp-json\/wp\/v2\/product"}],"about":[{"href":"https:\/\/shop.petercernicka.eu\/de\/wp-json\/wp\/v2\/types\/product"}],"replies":[{"embeddable":true,"href":"https:\/\/shop.petercernicka.eu\/de\/wp-json\/wp\/v2\/comments?post=7660"}],"wp:featuredmedia":[{"embeddable":true,"href":"https:\/\/shop.petercernicka.eu\/de\/wp-json\/wp\/v2\/media\/7624"}],"wp:attachment":[{"href":"https:\/\/shop.petercernicka.eu\/de\/wp-json\/wp\/v2\/media?parent=7660"}],"wp:term":[{"taxonomy":"product_brand","embeddable":true,"href":"https:\/\/shop.petercernicka.eu\/de\/wp-json\/wp\/v2\/product_brand?post=7660"},{"taxonomy":"product_cat","embeddable":true,"href":"https:\/\/shop.petercernicka.eu\/de\/wp-json\/wp\/v2\/product_cat?post=7660"},{"taxonomy":"product_tag","embeddable":true,"href":"https:\/\/shop.petercernicka.eu\/de\/wp-json\/wp\/v2\/product_tag?post=7660"}],"curies":[{"name":"wp","href":"https:\/\/api.w.org\/{rel}","templated":true}]}}