{"id":7654,"date":"2023-04-20T16:53:24","date_gmt":"2023-04-20T14:53:24","guid":{"rendered":"https:\/\/shop.petercernicka.eu\/?post_type=product&#038;p=7654"},"modified":"2026-01-31T14:47:10","modified_gmt":"2026-01-31T13:47:10","slug":"ku-praze-je-cesta-dlouha","status":"publish","type":"product","link":"https:\/\/shop.petercernicka.eu\/de\/shop\/mala-partia\/ku-praze-je-cesta-dlouha\/","title":{"rendered":"Ku Praze je cesta dlouh\u00e1"},"content":{"rendered":"<p><span style=\"font-size: 14pt; color: #000000;\">1. [:Ku Praze je cesta dlouh\u00e1, stromkama je s\u00e1zen\u00e1, :]<\/span><br \/>\n<span style=\"font-size: 14pt; color: #000000;\">[:s\u00e1zela ji moje nejmilej\u0161\u00ed, kdy\u017e tam za mnou chodila. :]<\/span><\/p>\n<p><span style=\"font-size: 14pt; color: #000000;\">2. [:S\u00e1zela ji rozmar\u00fdnkem, p\u011bkn\u00fdm b\u00edl\u00fdm jetelem,:]<\/span><br \/>\n<span style=\"font-size: 14pt; color: #000000;\">[:to na d\u016fkaz na\u0161\u00ed v\u011brn\u00e9 l\u00e1sky, \u017ee my svoji budeme.:]<\/span><\/p>\n<p><span style=\"font-size: 14pt; color: #000000;\">3. [:\u010cekala jsem, m\u016fj mil\u00e1\u010dku, \u010dekala jsem na tebe,:]<\/span><br \/>\n<span style=\"font-size: 14pt; color: #000000;\">[:a\u017e se jednou z vojny vr\u00e1t\u00ed\u0161 dom\u016f, \u017ee my svoji budeme.:]<\/span><\/p>\n<p><span style=\"font-size: 14pt; color: #000000;\">4. [:Tu kyti\u010dku, co&#8217;s mi dala, tu j\u00e1 sob\u011b ponech\u00e1m,:]<\/span><br \/>\n<span style=\"font-size: 14pt; color: #000000;\">[:a\u017e j\u00e1 p\u0159ijdu k sv\u00fdmu regimentu, za \u010depici si ji d\u00e1m.:]<\/span><\/p>\n<p><span style=\"font-size: 14pt; color: #000000;\">5. [:Ten prst\u00fdnek, co&#8217;s mi dala, ten j\u00e1 nosit nebudu,:]<\/span><br \/>\n<span style=\"font-size: 14pt; color: #000000;\">[:a\u017e j\u00e1 p\u0159ijdu k sv\u00fdmu regimentu, do kv\u00e9ru ho nabiju.:]<\/span><\/p>\n","protected":false},"excerpt":{"rendered":"<p>1. [:Ku Praze je cesta dlouh\u00e1, stromkama je s\u00e1zen\u00e1, :] [:s\u00e1zela ji moje nejmilej\u0161\u00ed, kdy\u017e tam za mnou chodila. :] 2. [:S\u00e1zela ji rozmar\u00fdnkem, p\u011bkn\u00fdm b\u00edl\u00fdm jetelem,:] [:to na d\u016fkaz na\u0161\u00ed v\u011brn\u00e9 l\u00e1sky, \u017ee my svoji budeme.:] 3. [:\u010cekala jsem, m\u016fj mil\u00e1\u010dku, [&hellip;]<\/p>\n","protected":false},"featured_media":7618,"comment_status":"closed","ping_status":"closed","template":"","meta":{"om_disable_all_campaigns":false},"product_brand":[],"product_cat":[40,1168],"product_tag":[1084,1188],"class_list":{"0":"post-7654","1":"product","2":"type-product","3":"status-publish","4":"has-post-thumbnail","6":"product_cat-mala-partia","7":"product_cat-noty","8":"product_tag-mala-partia","9":"product_tag-noty","11":"first","12":"outofstock","13":"downloadable","14":"virtual","15":"taxable","16":"purchasable","17":"product-type-simple"},"yoast_head":"<!-- This site is optimized with the Yoast SEO plugin v27.4 - https:\/\/yoast.com\/product\/yoast-seo-wordpress\/ -->\n<title>Ku Praze je cesta dlouh\u00e1 - Peter \u010cerni\u010dka | Noty | HUDOBN\u00c9 PODKLADY<\/title>\n<meta name=\"description\" content=\"Noty pre mal\u00fa partiu N\u00e1strojov\u00e9 obsadenie: Kr\u00eddlovka, Tenor, Akorde\u00f3n, Tuba, Bicie. S mo\u017enos\u0165ou dop\u00edsa\u0165 aj in\u00e9 n\u00e1stroje. Pr\u00edpadne vytvori\u0165 zmes skladieb\" \/>\n<meta name=\"robots\" content=\"index, follow, max-snippet:-1, max-image-preview:large, max-video-preview:-1\" \/>\n<link rel=\"canonical\" href=\"https:\/\/shop.petercernicka.eu\/de\/shop\/mala-partia\/ku-praze-je-cesta-dlouha\/\" \/>\n<meta property=\"og:locale\" content=\"de_DE\" \/>\n<meta property=\"og:type\" content=\"article\" \/>\n<meta property=\"og:title\" content=\"Ku Praze je cesta dlouh\u00e1 - noty pre mal\u00fa partiu\" \/>\n<meta property=\"og:description\" content=\"Noty pre mal\u00fa partiu N\u00e1strojov\u00e9 obsadenie: Kr\u00eddlovka, Tenor, Akorde\u00f3n, Tuba, Bicie. S mo\u017enos\u0165ou dop\u00edsa\u0165 aj in\u00e9 n\u00e1stroje. Pr\u00edpadne vytvori\u0165 zmes skladieb\" \/>\n<meta property=\"og:url\" content=\"https:\/\/shop.petercernicka.eu\/de\/shop\/mala-partia\/ku-praze-je-cesta-dlouha\/\" \/>\n<meta property=\"og:site_name\" content=\"Peter \u010cerni\u010dka | Noty | HUDOBN\u00c9 PODKLADY\" \/>\n<meta property=\"article:publisher\" content=\"https:\/\/www.facebook.com\/petercernickanoty\" \/>\n<meta property=\"article:modified_time\" content=\"2026-01-31T13:47:10+00:00\" \/>\n<meta property=\"og:image\" content=\"https:\/\/shop.petercernicka.eu\/wp-content\/uploads\/2023\/04\/Ku-Praze-je-cesta-dlouha-Parts_page-0001.jpg\" \/>\n\t<meta property=\"og:image:width\" content=\"1240\" \/>\n\t<meta property=\"og:image:height\" content=\"1755\" \/>\n\t<meta property=\"og:image:type\" content=\"image\/jpeg\" \/>\n<meta name=\"twitter:card\" content=\"summary_large_image\" \/>\n<meta name=\"twitter:label1\" content=\"Gesch\u00e4tzte Lesezeit\" \/>\n\t<meta name=\"twitter:data1\" content=\"1\u00a0Minute\" \/>\n<script type=\"application\/ld+json\" class=\"yoast-schema-graph\">{\"@context\":\"https:\\\/\\\/schema.org\",\"@graph\":[{\"@type\":\"WebPage\",\"@id\":\"https:\\\/\\\/shop.petercernicka.eu\\\/shop\\\/mala-partia\\\/ku-praze-je-cesta-dlouha\\\/\",\"url\":\"https:\\\/\\\/shop.petercernicka.eu\\\/shop\\\/mala-partia\\\/ku-praze-je-cesta-dlouha\\\/\",\"name\":\"Ku Praze je cesta dlouh\u00e1 - Peter \u010cerni\u010dka | Noty | HUDOBN\u00c9 PODKLADY\",\"isPartOf\":{\"@id\":\"https:\\\/\\\/shop.petercernicka.eu\\\/#website\"},\"primaryImageOfPage\":{\"@id\":\"https:\\\/\\\/shop.petercernicka.eu\\\/shop\\\/mala-partia\\\/ku-praze-je-cesta-dlouha\\\/#primaryimage\"},\"image\":{\"@id\":\"https:\\\/\\\/shop.petercernicka.eu\\\/shop\\\/mala-partia\\\/ku-praze-je-cesta-dlouha\\\/#primaryimage\"},\"thumbnailUrl\":\"https:\\\/\\\/shop.petercernicka.eu\\\/wp-content\\\/uploads\\\/2023\\\/04\\\/Ku-Praze-je-cesta-dlouha-Parts_page-0001.jpg\",\"datePublished\":\"2023-04-20T14:53:24+00:00\",\"dateModified\":\"2026-01-31T13:47:10+00:00\",\"description\":\"Noty pre mal\u00fa partiu N\u00e1strojov\u00e9 obsadenie: Kr\u00eddlovka, Tenor, Akorde\u00f3n, Tuba, Bicie. S mo\u017enos\u0165ou dop\u00edsa\u0165 aj in\u00e9 n\u00e1stroje. Pr\u00edpadne vytvori\u0165 zmes skladieb\",\"breadcrumb\":{\"@id\":\"https:\\\/\\\/shop.petercernicka.eu\\\/shop\\\/mala-partia\\\/ku-praze-je-cesta-dlouha\\\/#breadcrumb\"},\"inLanguage\":\"de\",\"potentialAction\":[{\"@type\":\"ReadAction\",\"target\":[\"https:\\\/\\\/shop.petercernicka.eu\\\/shop\\\/mala-partia\\\/ku-praze-je-cesta-dlouha\\\/\"]}]},{\"@type\":\"ImageObject\",\"inLanguage\":\"de\",\"@id\":\"https:\\\/\\\/shop.petercernicka.eu\\\/shop\\\/mala-partia\\\/ku-praze-je-cesta-dlouha\\\/#primaryimage\",\"url\":\"https:\\\/\\\/shop.petercernicka.eu\\\/wp-content\\\/uploads\\\/2023\\\/04\\\/Ku-Praze-je-cesta-dlouha-Parts_page-0001.jpg\",\"contentUrl\":\"https:\\\/\\\/shop.petercernicka.eu\\\/wp-content\\\/uploads\\\/2023\\\/04\\\/Ku-Praze-je-cesta-dlouha-Parts_page-0001.jpg\",\"width\":1240,\"height\":1755,\"caption\":\"Ku Praze je cesta dlouh\u00e1 noty pro dechovku\"},{\"@type\":\"BreadcrumbList\",\"@id\":\"https:\\\/\\\/shop.petercernicka.eu\\\/shop\\\/mala-partia\\\/ku-praze-je-cesta-dlouha\\\/#breadcrumb\",\"itemListElement\":[{\"@type\":\"ListItem\",\"position\":1,\"name\":\"Home\",\"item\":\"https:\\\/\\\/shop.petercernicka.eu\\\/\"},{\"@type\":\"ListItem\",\"position\":2,\"name\":\"Produkty\",\"item\":\"https:\\\/\\\/shop.petercernicka.eu\\\/obchod\\\/\"},{\"@type\":\"ListItem\",\"position\":3,\"name\":\"Ku Praze je cesta dlouh\u00e1\"}]},{\"@type\":\"WebSite\",\"@id\":\"https:\\\/\\\/shop.petercernicka.eu\\\/#website\",\"url\":\"https:\\\/\\\/shop.petercernicka.eu\\\/\",\"name\":\"Peter \u010cerni\u010dka | Noty | HUDOBN\u00c9 PODKLADY\",\"description\":\"\u013eudov\u00e9 piesne, popul\u00e1rne \u0161l\u00e1gre, \u010desko-slovensk\u00e9 hity, cig\u00e1nske piesne, ewergreeny, viano\u010dn\u00e9 koledy\",\"potentialAction\":[{\"@type\":\"SearchAction\",\"target\":{\"@type\":\"EntryPoint\",\"urlTemplate\":\"https:\\\/\\\/shop.petercernicka.eu\\\/?s={search_term_string}\"},\"query-input\":{\"@type\":\"PropertyValueSpecification\",\"valueRequired\":true,\"valueName\":\"search_term_string\"}}],\"inLanguage\":\"de\"}]}<\/script>\n<!-- \/ Yoast SEO plugin. -->","yoast_head_json":{"title":"Ku Praze je cesta dlouh\u00e1 - Peter \u010cerni\u010dka | Noty | HUDOBN\u00c9 PODKLADY","description":"Noty pre mal\u00fa partiu N\u00e1strojov\u00e9 obsadenie: Kr\u00eddlovka, Tenor, Akorde\u00f3n, Tuba, Bicie. S mo\u017enos\u0165ou dop\u00edsa\u0165 aj in\u00e9 n\u00e1stroje. Pr\u00edpadne vytvori\u0165 zmes skladieb","robots":{"index":"index","follow":"follow","max-snippet":"max-snippet:-1","max-image-preview":"max-image-preview:large","max-video-preview":"max-video-preview:-1"},"canonical":"https:\/\/shop.petercernicka.eu\/de\/shop\/mala-partia\/ku-praze-je-cesta-dlouha\/","og_locale":"de_DE","og_type":"article","og_title":"Ku Praze je cesta dlouh\u00e1 - noty pre mal\u00fa partiu","og_description":"Noty pre mal\u00fa partiu N\u00e1strojov\u00e9 obsadenie: Kr\u00eddlovka, Tenor, Akorde\u00f3n, Tuba, Bicie. S mo\u017enos\u0165ou dop\u00edsa\u0165 aj in\u00e9 n\u00e1stroje. Pr\u00edpadne vytvori\u0165 zmes skladieb","og_url":"https:\/\/shop.petercernicka.eu\/de\/shop\/mala-partia\/ku-praze-je-cesta-dlouha\/","og_site_name":"Peter \u010cerni\u010dka | Noty | HUDOBN\u00c9 PODKLADY","article_publisher":"https:\/\/www.facebook.com\/petercernickanoty","article_modified_time":"2026-01-31T13:47:10+00:00","og_image":[{"width":1240,"height":1755,"url":"https:\/\/shop.petercernicka.eu\/wp-content\/uploads\/2023\/04\/Ku-Praze-je-cesta-dlouha-Parts_page-0001.jpg","type":"image\/jpeg"}],"twitter_card":"summary_large_image","twitter_misc":{"Gesch\u00e4tzte Lesezeit":"1\u00a0Minute"},"schema":{"@context":"https:\/\/schema.org","@graph":[{"@type":"WebPage","@id":"https:\/\/shop.petercernicka.eu\/shop\/mala-partia\/ku-praze-je-cesta-dlouha\/","url":"https:\/\/shop.petercernicka.eu\/shop\/mala-partia\/ku-praze-je-cesta-dlouha\/","name":"Ku Praze je cesta dlouh\u00e1 - Peter \u010cerni\u010dka | Noty | HUDOBN\u00c9 PODKLADY","isPartOf":{"@id":"https:\/\/shop.petercernicka.eu\/#website"},"primaryImageOfPage":{"@id":"https:\/\/shop.petercernicka.eu\/shop\/mala-partia\/ku-praze-je-cesta-dlouha\/#primaryimage"},"image":{"@id":"https:\/\/shop.petercernicka.eu\/shop\/mala-partia\/ku-praze-je-cesta-dlouha\/#primaryimage"},"thumbnailUrl":"https:\/\/shop.petercernicka.eu\/wp-content\/uploads\/2023\/04\/Ku-Praze-je-cesta-dlouha-Parts_page-0001.jpg","datePublished":"2023-04-20T14:53:24+00:00","dateModified":"2026-01-31T13:47:10+00:00","description":"Noty pre mal\u00fa partiu N\u00e1strojov\u00e9 obsadenie: Kr\u00eddlovka, Tenor, Akorde\u00f3n, Tuba, Bicie. S mo\u017enos\u0165ou dop\u00edsa\u0165 aj in\u00e9 n\u00e1stroje. Pr\u00edpadne vytvori\u0165 zmes skladieb","breadcrumb":{"@id":"https:\/\/shop.petercernicka.eu\/shop\/mala-partia\/ku-praze-je-cesta-dlouha\/#breadcrumb"},"inLanguage":"de","potentialAction":[{"@type":"ReadAction","target":["https:\/\/shop.petercernicka.eu\/shop\/mala-partia\/ku-praze-je-cesta-dlouha\/"]}]},{"@type":"ImageObject","inLanguage":"de","@id":"https:\/\/shop.petercernicka.eu\/shop\/mala-partia\/ku-praze-je-cesta-dlouha\/#primaryimage","url":"https:\/\/shop.petercernicka.eu\/wp-content\/uploads\/2023\/04\/Ku-Praze-je-cesta-dlouha-Parts_page-0001.jpg","contentUrl":"https:\/\/shop.petercernicka.eu\/wp-content\/uploads\/2023\/04\/Ku-Praze-je-cesta-dlouha-Parts_page-0001.jpg","width":1240,"height":1755,"caption":"Ku Praze je cesta dlouh\u00e1 noty pro dechovku"},{"@type":"BreadcrumbList","@id":"https:\/\/shop.petercernicka.eu\/shop\/mala-partia\/ku-praze-je-cesta-dlouha\/#breadcrumb","itemListElement":[{"@type":"ListItem","position":1,"name":"Home","item":"https:\/\/shop.petercernicka.eu\/"},{"@type":"ListItem","position":2,"name":"Produkty","item":"https:\/\/shop.petercernicka.eu\/obchod\/"},{"@type":"ListItem","position":3,"name":"Ku Praze je cesta dlouh\u00e1"}]},{"@type":"WebSite","@id":"https:\/\/shop.petercernicka.eu\/#website","url":"https:\/\/shop.petercernicka.eu\/","name":"Peter \u010cerni\u010dka | Noty | HUDOBN\u00c9 PODKLADY","description":"Volkslieder, Schlager, Tschechoslowakische Schlager, Zigeunerlieder, Evergreens, Weihnachtslieder","potentialAction":[{"@type":"SearchAction","target":{"@type":"EntryPoint","urlTemplate":"https:\/\/shop.petercernicka.eu\/?s={search_term_string}"},"query-input":{"@type":"PropertyValueSpecification","valueRequired":true,"valueName":"search_term_string"}}],"inLanguage":"de"}]}},"_links":{"self":[{"href":"https:\/\/shop.petercernicka.eu\/de\/wp-json\/wp\/v2\/product\/7654","targetHints":{"allow":["GET"]}}],"collection":[{"href":"https:\/\/shop.petercernicka.eu\/de\/wp-json\/wp\/v2\/product"}],"about":[{"href":"https:\/\/shop.petercernicka.eu\/de\/wp-json\/wp\/v2\/types\/product"}],"replies":[{"embeddable":true,"href":"https:\/\/shop.petercernicka.eu\/de\/wp-json\/wp\/v2\/comments?post=7654"}],"wp:featuredmedia":[{"embeddable":true,"href":"https:\/\/shop.petercernicka.eu\/de\/wp-json\/wp\/v2\/media\/7618"}],"wp:attachment":[{"href":"https:\/\/shop.petercernicka.eu\/de\/wp-json\/wp\/v2\/media?parent=7654"}],"wp:term":[{"taxonomy":"product_brand","embeddable":true,"href":"https:\/\/shop.petercernicka.eu\/de\/wp-json\/wp\/v2\/product_brand?post=7654"},{"taxonomy":"product_cat","embeddable":true,"href":"https:\/\/shop.petercernicka.eu\/de\/wp-json\/wp\/v2\/product_cat?post=7654"},{"taxonomy":"product_tag","embeddable":true,"href":"https:\/\/shop.petercernicka.eu\/de\/wp-json\/wp\/v2\/product_tag?post=7654"}],"curies":[{"name":"wp","href":"https:\/\/api.w.org\/{rel}","templated":true}]}}