{"id":7652,"date":"2023-04-20T16:40:37","date_gmt":"2023-04-20T14:40:37","guid":{"rendered":"https:\/\/shop.petercernicka.eu\/?post_type=product&#038;p=7652"},"modified":"2026-01-31T14:47:11","modified_gmt":"2026-01-31T13:47:11","slug":"kdybych-byla-ptackem","status":"publish","type":"product","link":"https:\/\/shop.petercernicka.eu\/de\/shop\/mala-partia\/kdybych-byla-ptackem\/","title":{"rendered":"Kdybych byla pt\u00e1\u010dkem"},"content":{"rendered":"<p><span style=\"font-size: 14pt; color: #000000;\">1. Kdybych byla pt\u00e1\u010dkem, t\u00edm mal\u00fdm zp\u011bv\u00e1\u010dkem,<\/span><br \/>\n<span style=\"font-size: 14pt; color: #000000;\">[: zato\u010dila bych se, zato\u010dila bych se<\/span><br \/>\n<span style=\"font-size: 14pt; color: #000000;\">nad va\u0161\u00edm dvore\u010dkem. :]<\/span><\/p>\n<p><span style=\"font-size: 14pt; color: #000000;\">2. Nad va\u0161\u00edm dvore\u010dkem, nad va\u0161\u00ed ma\u0161tal\u00ed,<\/span><br \/>\n<span style=\"font-size: 14pt; color: #000000;\">[: pod\u00edvala bych se, pod\u00edvala bych se,<\/span><br \/>\n<span style=\"font-size: 14pt; color: #000000;\">co chlapci d\u011blaj\u00ed. :]<\/span><\/p>\n<p><span style=\"font-size: 14pt; color: #000000;\">3. Jeden kon\u011b \u010de\u0161e, druh\u00fd oves nese,<\/span><br \/>\n<span style=\"font-size: 14pt; color: #000000;\">[: t\u0159et\u00ed, nejmilej\u0161\u00ed ze v\u0161ech, nejkr\u00e1sn\u011bj\u0161\u00ed,<\/span><br \/>\n<span style=\"font-size: 14pt; color: #000000;\">psan\u00ed\u010dko mi p\u00ed\u0161e. :]<\/span><\/p>\n<p><span style=\"font-size: 14pt; color: #000000;\">4. Kdy\u017e psan\u00ed\u010dko napsal, na vojnu rukoval,<\/span><br \/>\n<span style=\"font-size: 14pt; color: #000000;\">[: \u0161koda je t\u011b, holka, holka modrook\u00e1,<\/span><br \/>\n<span style=\"font-size: 14pt; color: #000000;\">\u017ee jsem t\u011b nedostal. :]<\/span><\/p>\n<p><span style=\"font-size: 14pt; color: #000000;\">5. Kdy\u017e jsem t\u011b nedostal, vem si bratra m\u00e9ho<\/span><br \/>\n<span style=\"font-size: 14pt; color: #000000;\">[: a tak se dostane\u0161 a tak se dostane\u0161<\/span><br \/>\n<span style=\"font-size: 14pt; color: #000000;\">do rodu na\u0161eho. :]<\/span><\/p>\n<p><span style=\"font-size: 14pt; color: #000000;\">6. Do rodu na\u0161eho, do na\u0161\u00ed sv\u011btni\u010dky<\/span><br \/>\n<span style=\"font-size: 14pt; color: #000000;\">[: a tam si budeme a tam si budeme<\/span><br \/>\n<span style=\"font-size: 14pt; color: #000000;\">d\u00e1vati hubi\u010dky. :]<\/span><\/p>\n","protected":false},"excerpt":{"rendered":"<p>1. Kdybych byla pt\u00e1\u010dkem, t\u00edm mal\u00fdm zp\u011bv\u00e1\u010dkem, [: zato\u010dila bych se, zato\u010dila bych se nad va\u0161\u00edm dvore\u010dkem. :] 2. Nad va\u0161\u00edm dvore\u010dkem, nad va\u0161\u00ed ma\u0161tal\u00ed, [: pod\u00edvala bych se, pod\u00edvala bych se, co chlapci d\u011blaj\u00ed. :] 3. Jeden kon\u011b \u010de\u0161e, druh\u00fd oves [&hellip;]<\/p>\n","protected":false},"featured_media":7615,"comment_status":"closed","ping_status":"closed","template":"","meta":{"om_disable_all_campaigns":false},"product_brand":[],"product_cat":[40,1168],"product_tag":[1084,1188],"class_list":{"0":"post-7652","1":"product","2":"type-product","3":"status-publish","4":"has-post-thumbnail","6":"product_cat-mala-partia","7":"product_cat-noty","8":"product_tag-mala-partia","9":"product_tag-noty","11":"first","12":"outofstock","13":"downloadable","14":"virtual","15":"taxable","16":"purchasable","17":"product-type-simple"},"yoast_head":"<!-- This site is optimized with the Yoast SEO plugin v27.4 - https:\/\/yoast.com\/product\/yoast-seo-wordpress\/ -->\n<title>Kdybych byla pt\u00e1\u010dkem - Peter \u010cerni\u010dka | Noty | HUDOBN\u00c9 PODKLADY<\/title>\n<meta name=\"description\" content=\"Noty pre mal\u00fa partiu N\u00e1strojov\u00e9 obsadenie: Kr\u00eddlovka, Tenor, Akorde\u00f3n, Tuba, Bicie. S mo\u017enos\u0165ou dop\u00edsa\u0165 aj in\u00e9 n\u00e1stroje. Pr\u00edpadne vytvori\u0165 zmes skladieb\" \/>\n<meta name=\"robots\" content=\"index, follow, max-snippet:-1, max-image-preview:large, max-video-preview:-1\" \/>\n<link rel=\"canonical\" href=\"https:\/\/shop.petercernicka.eu\/de\/shop\/mala-partia\/kdybych-byla-ptackem\/\" \/>\n<meta property=\"og:locale\" content=\"de_DE\" \/>\n<meta property=\"og:type\" content=\"article\" \/>\n<meta property=\"og:title\" content=\"Kdybych byla pt\u00e1\u010dkem - noty pre mal\u00fa partiu\" \/>\n<meta property=\"og:description\" content=\"Noty pre mal\u00fa partiu N\u00e1strojov\u00e9 obsadenie: Kr\u00eddlovka, Tenor, Akorde\u00f3n, Tuba, Bicie. S mo\u017enos\u0165ou dop\u00edsa\u0165 aj in\u00e9 n\u00e1stroje. Pr\u00edpadne vytvori\u0165 zmes skladieb\" \/>\n<meta property=\"og:url\" content=\"https:\/\/shop.petercernicka.eu\/de\/shop\/mala-partia\/kdybych-byla-ptackem\/\" \/>\n<meta property=\"og:site_name\" content=\"Peter \u010cerni\u010dka | Noty | HUDOBN\u00c9 PODKLADY\" \/>\n<meta property=\"article:publisher\" content=\"https:\/\/www.facebook.com\/petercernickanoty\" \/>\n<meta property=\"article:modified_time\" content=\"2026-01-31T13:47:11+00:00\" \/>\n<meta property=\"og:image\" content=\"https:\/\/shop.petercernicka.eu\/wp-content\/uploads\/2023\/04\/Kdybych-byla-ptackem-Parts_page-0001.jpg\" \/>\n\t<meta property=\"og:image:width\" content=\"1240\" \/>\n\t<meta property=\"og:image:height\" content=\"1755\" \/>\n\t<meta property=\"og:image:type\" content=\"image\/jpeg\" \/>\n<meta name=\"twitter:card\" content=\"summary_large_image\" \/>\n<meta name=\"twitter:label1\" content=\"Gesch\u00e4tzte Lesezeit\" \/>\n\t<meta name=\"twitter:data1\" content=\"1\u00a0Minute\" \/>\n<script type=\"application\/ld+json\" class=\"yoast-schema-graph\">{\"@context\":\"https:\\\/\\\/schema.org\",\"@graph\":[{\"@type\":\"WebPage\",\"@id\":\"https:\\\/\\\/shop.petercernicka.eu\\\/shop\\\/mala-partia\\\/kdybych-byla-ptackem\\\/\",\"url\":\"https:\\\/\\\/shop.petercernicka.eu\\\/shop\\\/mala-partia\\\/kdybych-byla-ptackem\\\/\",\"name\":\"Kdybych byla pt\u00e1\u010dkem - Peter \u010cerni\u010dka | Noty | HUDOBN\u00c9 PODKLADY\",\"isPartOf\":{\"@id\":\"https:\\\/\\\/shop.petercernicka.eu\\\/#website\"},\"primaryImageOfPage\":{\"@id\":\"https:\\\/\\\/shop.petercernicka.eu\\\/shop\\\/mala-partia\\\/kdybych-byla-ptackem\\\/#primaryimage\"},\"image\":{\"@id\":\"https:\\\/\\\/shop.petercernicka.eu\\\/shop\\\/mala-partia\\\/kdybych-byla-ptackem\\\/#primaryimage\"},\"thumbnailUrl\":\"https:\\\/\\\/shop.petercernicka.eu\\\/wp-content\\\/uploads\\\/2023\\\/04\\\/Kdybych-byla-ptackem-Parts_page-0001.jpg\",\"datePublished\":\"2023-04-20T14:40:37+00:00\",\"dateModified\":\"2026-01-31T13:47:11+00:00\",\"description\":\"Noty pre mal\u00fa partiu N\u00e1strojov\u00e9 obsadenie: Kr\u00eddlovka, Tenor, Akorde\u00f3n, Tuba, Bicie. S mo\u017enos\u0165ou dop\u00edsa\u0165 aj in\u00e9 n\u00e1stroje. Pr\u00edpadne vytvori\u0165 zmes skladieb\",\"breadcrumb\":{\"@id\":\"https:\\\/\\\/shop.petercernicka.eu\\\/shop\\\/mala-partia\\\/kdybych-byla-ptackem\\\/#breadcrumb\"},\"inLanguage\":\"de\",\"potentialAction\":[{\"@type\":\"ReadAction\",\"target\":[\"https:\\\/\\\/shop.petercernicka.eu\\\/shop\\\/mala-partia\\\/kdybych-byla-ptackem\\\/\"]}]},{\"@type\":\"ImageObject\",\"inLanguage\":\"de\",\"@id\":\"https:\\\/\\\/shop.petercernicka.eu\\\/shop\\\/mala-partia\\\/kdybych-byla-ptackem\\\/#primaryimage\",\"url\":\"https:\\\/\\\/shop.petercernicka.eu\\\/wp-content\\\/uploads\\\/2023\\\/04\\\/Kdybych-byla-ptackem-Parts_page-0001.jpg\",\"contentUrl\":\"https:\\\/\\\/shop.petercernicka.eu\\\/wp-content\\\/uploads\\\/2023\\\/04\\\/Kdybych-byla-ptackem-Parts_page-0001.jpg\",\"width\":1240,\"height\":1755,\"caption\":\"Kdybych byla pt\u00e1\u010dkem noty pro dechovku\"},{\"@type\":\"BreadcrumbList\",\"@id\":\"https:\\\/\\\/shop.petercernicka.eu\\\/shop\\\/mala-partia\\\/kdybych-byla-ptackem\\\/#breadcrumb\",\"itemListElement\":[{\"@type\":\"ListItem\",\"position\":1,\"name\":\"Home\",\"item\":\"https:\\\/\\\/shop.petercernicka.eu\\\/\"},{\"@type\":\"ListItem\",\"position\":2,\"name\":\"Produkty\",\"item\":\"https:\\\/\\\/shop.petercernicka.eu\\\/obchod\\\/\"},{\"@type\":\"ListItem\",\"position\":3,\"name\":\"Kdybych byla pt\u00e1\u010dkem\"}]},{\"@type\":\"WebSite\",\"@id\":\"https:\\\/\\\/shop.petercernicka.eu\\\/#website\",\"url\":\"https:\\\/\\\/shop.petercernicka.eu\\\/\",\"name\":\"Peter \u010cerni\u010dka | Noty | HUDOBN\u00c9 PODKLADY\",\"description\":\"\u013eudov\u00e9 piesne, popul\u00e1rne \u0161l\u00e1gre, \u010desko-slovensk\u00e9 hity, cig\u00e1nske piesne, ewergreeny, viano\u010dn\u00e9 koledy\",\"potentialAction\":[{\"@type\":\"SearchAction\",\"target\":{\"@type\":\"EntryPoint\",\"urlTemplate\":\"https:\\\/\\\/shop.petercernicka.eu\\\/?s={search_term_string}\"},\"query-input\":{\"@type\":\"PropertyValueSpecification\",\"valueRequired\":true,\"valueName\":\"search_term_string\"}}],\"inLanguage\":\"de\"}]}<\/script>\n<!-- \/ Yoast SEO plugin. -->","yoast_head_json":{"title":"Kdybych byla pt\u00e1\u010dkem - Peter \u010cerni\u010dka | Noty | HUDOBN\u00c9 PODKLADY","description":"Noty pre mal\u00fa partiu N\u00e1strojov\u00e9 obsadenie: Kr\u00eddlovka, Tenor, Akorde\u00f3n, Tuba, Bicie. S mo\u017enos\u0165ou dop\u00edsa\u0165 aj in\u00e9 n\u00e1stroje. Pr\u00edpadne vytvori\u0165 zmes skladieb","robots":{"index":"index","follow":"follow","max-snippet":"max-snippet:-1","max-image-preview":"max-image-preview:large","max-video-preview":"max-video-preview:-1"},"canonical":"https:\/\/shop.petercernicka.eu\/de\/shop\/mala-partia\/kdybych-byla-ptackem\/","og_locale":"de_DE","og_type":"article","og_title":"Kdybych byla pt\u00e1\u010dkem - noty pre mal\u00fa partiu","og_description":"Noty pre mal\u00fa partiu N\u00e1strojov\u00e9 obsadenie: Kr\u00eddlovka, Tenor, Akorde\u00f3n, Tuba, Bicie. S mo\u017enos\u0165ou dop\u00edsa\u0165 aj in\u00e9 n\u00e1stroje. Pr\u00edpadne vytvori\u0165 zmes skladieb","og_url":"https:\/\/shop.petercernicka.eu\/de\/shop\/mala-partia\/kdybych-byla-ptackem\/","og_site_name":"Peter \u010cerni\u010dka | Noty | HUDOBN\u00c9 PODKLADY","article_publisher":"https:\/\/www.facebook.com\/petercernickanoty","article_modified_time":"2026-01-31T13:47:11+00:00","og_image":[{"width":1240,"height":1755,"url":"https:\/\/shop.petercernicka.eu\/wp-content\/uploads\/2023\/04\/Kdybych-byla-ptackem-Parts_page-0001.jpg","type":"image\/jpeg"}],"twitter_card":"summary_large_image","twitter_misc":{"Gesch\u00e4tzte Lesezeit":"1\u00a0Minute"},"schema":{"@context":"https:\/\/schema.org","@graph":[{"@type":"WebPage","@id":"https:\/\/shop.petercernicka.eu\/shop\/mala-partia\/kdybych-byla-ptackem\/","url":"https:\/\/shop.petercernicka.eu\/shop\/mala-partia\/kdybych-byla-ptackem\/","name":"Kdybych byla pt\u00e1\u010dkem - Peter \u010cerni\u010dka | Noty | HUDOBN\u00c9 PODKLADY","isPartOf":{"@id":"https:\/\/shop.petercernicka.eu\/#website"},"primaryImageOfPage":{"@id":"https:\/\/shop.petercernicka.eu\/shop\/mala-partia\/kdybych-byla-ptackem\/#primaryimage"},"image":{"@id":"https:\/\/shop.petercernicka.eu\/shop\/mala-partia\/kdybych-byla-ptackem\/#primaryimage"},"thumbnailUrl":"https:\/\/shop.petercernicka.eu\/wp-content\/uploads\/2023\/04\/Kdybych-byla-ptackem-Parts_page-0001.jpg","datePublished":"2023-04-20T14:40:37+00:00","dateModified":"2026-01-31T13:47:11+00:00","description":"Noty pre mal\u00fa partiu N\u00e1strojov\u00e9 obsadenie: Kr\u00eddlovka, Tenor, Akorde\u00f3n, Tuba, Bicie. S mo\u017enos\u0165ou dop\u00edsa\u0165 aj in\u00e9 n\u00e1stroje. Pr\u00edpadne vytvori\u0165 zmes skladieb","breadcrumb":{"@id":"https:\/\/shop.petercernicka.eu\/shop\/mala-partia\/kdybych-byla-ptackem\/#breadcrumb"},"inLanguage":"de","potentialAction":[{"@type":"ReadAction","target":["https:\/\/shop.petercernicka.eu\/shop\/mala-partia\/kdybych-byla-ptackem\/"]}]},{"@type":"ImageObject","inLanguage":"de","@id":"https:\/\/shop.petercernicka.eu\/shop\/mala-partia\/kdybych-byla-ptackem\/#primaryimage","url":"https:\/\/shop.petercernicka.eu\/wp-content\/uploads\/2023\/04\/Kdybych-byla-ptackem-Parts_page-0001.jpg","contentUrl":"https:\/\/shop.petercernicka.eu\/wp-content\/uploads\/2023\/04\/Kdybych-byla-ptackem-Parts_page-0001.jpg","width":1240,"height":1755,"caption":"Kdybych byla pt\u00e1\u010dkem noty pro dechovku"},{"@type":"BreadcrumbList","@id":"https:\/\/shop.petercernicka.eu\/shop\/mala-partia\/kdybych-byla-ptackem\/#breadcrumb","itemListElement":[{"@type":"ListItem","position":1,"name":"Home","item":"https:\/\/shop.petercernicka.eu\/"},{"@type":"ListItem","position":2,"name":"Produkty","item":"https:\/\/shop.petercernicka.eu\/obchod\/"},{"@type":"ListItem","position":3,"name":"Kdybych byla pt\u00e1\u010dkem"}]},{"@type":"WebSite","@id":"https:\/\/shop.petercernicka.eu\/#website","url":"https:\/\/shop.petercernicka.eu\/","name":"Peter \u010cerni\u010dka | Noty | HUDOBN\u00c9 PODKLADY","description":"Volkslieder, Schlager, Tschechoslowakische Schlager, Zigeunerlieder, Evergreens, Weihnachtslieder","potentialAction":[{"@type":"SearchAction","target":{"@type":"EntryPoint","urlTemplate":"https:\/\/shop.petercernicka.eu\/?s={search_term_string}"},"query-input":{"@type":"PropertyValueSpecification","valueRequired":true,"valueName":"search_term_string"}}],"inLanguage":"de"}]}},"_links":{"self":[{"href":"https:\/\/shop.petercernicka.eu\/de\/wp-json\/wp\/v2\/product\/7652","targetHints":{"allow":["GET"]}}],"collection":[{"href":"https:\/\/shop.petercernicka.eu\/de\/wp-json\/wp\/v2\/product"}],"about":[{"href":"https:\/\/shop.petercernicka.eu\/de\/wp-json\/wp\/v2\/types\/product"}],"replies":[{"embeddable":true,"href":"https:\/\/shop.petercernicka.eu\/de\/wp-json\/wp\/v2\/comments?post=7652"}],"wp:featuredmedia":[{"embeddable":true,"href":"https:\/\/shop.petercernicka.eu\/de\/wp-json\/wp\/v2\/media\/7615"}],"wp:attachment":[{"href":"https:\/\/shop.petercernicka.eu\/de\/wp-json\/wp\/v2\/media?parent=7652"}],"wp:term":[{"taxonomy":"product_brand","embeddable":true,"href":"https:\/\/shop.petercernicka.eu\/de\/wp-json\/wp\/v2\/product_brand?post=7652"},{"taxonomy":"product_cat","embeddable":true,"href":"https:\/\/shop.petercernicka.eu\/de\/wp-json\/wp\/v2\/product_cat?post=7652"},{"taxonomy":"product_tag","embeddable":true,"href":"https:\/\/shop.petercernicka.eu\/de\/wp-json\/wp\/v2\/product_tag?post=7652"}],"curies":[{"name":"wp","href":"https:\/\/api.w.org\/{rel}","templated":true}]}}