{"id":7646,"date":"2023-04-20T16:25:49","date_gmt":"2023-04-20T14:25:49","guid":{"rendered":"https:\/\/shop.petercernicka.eu\/?post_type=product&#038;p=7646"},"modified":"2025-05-11T11:13:16","modified_gmt":"2025-05-11T09:13:16","slug":"hral-mlady-cikan-pod-zamkem","status":"publish","type":"product","link":"https:\/\/shop.petercernicka.eu\/de\/shop\/mala-partia\/hral-mlady-cikan-pod-zamkem\/","title":{"rendered":"Hral mlady cikan pod zamkem"},"content":{"rendered":"<p><span style=\"font-size: 14pt; color: #000000;\">1.<\/span><br \/>\n<span style=\"font-size: 14pt; color: #000000;\">Hr\u00e1l mlad\u00fd cik\u00e1n pod z\u00e1mkem<\/span><br \/>\n<span style=\"font-size: 14pt; color: #000000;\">hr\u00e1l dojemn\u011b a n\u011b\u017en\u011b,<\/span><br \/>\n<span style=\"font-size: 14pt; color: #000000;\">[:a\u017e p\u0159i\u0161el lokaj s cop\u00e1nkem<\/span><br \/>\n<span style=\"font-size: 14pt; color: #000000;\">a zval ho k pan\u00ed kn\u011b\u017en\u011b.:]<\/span><\/p>\n<p><span style=\"font-size: 14pt; color: #000000;\">2.<\/span><br \/>\n<span style=\"font-size: 14pt; color: #000000;\">T\u00e1 kn\u011b\u017ena \u0159ekla, by \u0161el d\u00e1l,<\/span><br \/>\n<span style=\"font-size: 14pt; color: #000000;\">\u017ee hraje kr\u00e1sn\u00e9 p\u00edsn\u011b,<\/span><br \/>\n<span style=\"font-size: 14pt; color: #000000;\">[:ty p\u00edsn\u011b, kter\u00e9 vyloud\u00ed<\/span><br \/>\n<span style=\"font-size: 14pt; color: #000000;\">za\u017eenou jej\u00ed t\u00edsn\u011b.:]<\/span><\/p>\n<p><span style=\"font-size: 14pt; color: #000000;\">3.<\/span><br \/>\n<span style=\"font-size: 14pt; color: #000000;\">Tam hr\u00e1val dlouho do noci,<\/span><br \/>\n<span style=\"font-size: 14pt; color: #000000;\">a\u017e kn\u011b\u017en\u00e1 uzard\u011bl\u00e1,<\/span><br \/>\n<span style=\"font-size: 14pt; color: #000000;\">[:hlad\u00edc ho ru\u010dkou po vlasech<\/span><br \/>\n<span style=\"font-size: 14pt; color: #000000;\">s n\u00edm milovat se cht\u00e9la.:]<\/span><\/p>\n<p><span style=\"font-size: 14pt; color: #000000;\">4.<\/span><br \/>\n<span style=\"font-size: 14pt; color: #000000;\">Tu mlad\u00fd cik\u00e1n odpov\u00ed,<\/span><br \/>\n<span style=\"font-size: 14pt; color: #000000;\">to nejde kr\u00e1sna pan\u00ed,<\/span><br \/>\n<span style=\"font-size: 14pt; color: #000000;\">[:m\u016fj otec, ten zde hr\u00e1v\u00e1val<\/span><br \/>\n<span style=\"font-size: 14pt; color: #000000;\">a za\u017eil milov\u00e1n\u00ed.:]<\/span><\/p>\n<p><span style=\"font-size: 14pt; color: #000000;\">5.<\/span><br \/>\n<span style=\"font-size: 14pt; color: #000000;\">Byla to va\u0161e m\u00e1ti snad,<\/span><br \/>\n<span style=\"font-size: 14pt; color: #000000;\">je to tak zcela jist\u00e9,<\/span><br \/>\n<span style=\"font-size: 14pt; color: #000000;\">[:j\u00e1 p\u0159i\u0161el ke sv\u00e9 sest\u0159e hr\u00e1t,<\/span><br \/>\n<span style=\"font-size: 14pt; color: #000000;\">z bratrsk\u00e9 l\u00e1sky \u010dist\u00e9.:]<\/span><\/p>\n","protected":false},"excerpt":{"rendered":"<p>1. Hr\u00e1l mlad\u00fd cik\u00e1n pod z\u00e1mkem hr\u00e1l dojemn\u011b a n\u011b\u017en\u011b, [:a\u017e p\u0159i\u0161el lokaj s cop\u00e1nkem a zval ho k pan\u00ed kn\u011b\u017en\u011b.:] 2. T\u00e1 kn\u011b\u017ena \u0159ekla, by \u0161el d\u00e1l, \u017ee hraje kr\u00e1sn\u00e9 p\u00edsn\u011b, [:ty p\u00edsn\u011b, kter\u00e9 vyloud\u00ed za\u017eenou jej\u00ed t\u00edsn\u011b.:] 3. Tam hr\u00e1val [&hellip;]<\/p>\n","protected":false},"featured_media":7609,"comment_status":"closed","ping_status":"closed","template":"","meta":{"om_disable_all_campaigns":false},"product_brand":[],"product_cat":[40,1168],"product_tag":[1084,1188],"class_list":{"0":"post-7646","1":"product","2":"type-product","3":"status-publish","4":"has-post-thumbnail","6":"product_cat-mala-partia","7":"product_cat-noty","8":"product_tag-mala-partia","9":"product_tag-noty","11":"first","12":"instock","13":"downloadable","14":"virtual","15":"taxable","16":"purchasable","17":"product-type-simple"},"yoast_head":"<!-- This site is optimized with the Yoast SEO plugin v27.4 - https:\/\/yoast.com\/product\/yoast-seo-wordpress\/ -->\n<title>Hral mlady cikan pod zamkem - Peter \u010cerni\u010dka | Noty | HUDOBN\u00c9 PODKLADY<\/title>\n<meta name=\"description\" content=\"Noty pre mal\u00fa partiu N\u00e1strojov\u00e9 obsadenie: Kr\u00eddlovka, Tenor, Akorde\u00f3n, Tuba, Bicie. S mo\u017enos\u0165ou dop\u00edsa\u0165 aj in\u00e9 n\u00e1stroje. Pr\u00edpadne vytvori\u0165 zmes skladieb\" \/>\n<meta name=\"robots\" content=\"index, follow, max-snippet:-1, max-image-preview:large, max-video-preview:-1\" \/>\n<link rel=\"canonical\" href=\"https:\/\/shop.petercernicka.eu\/de\/shop\/mala-partia\/hral-mlady-cikan-pod-zamkem\/\" \/>\n<meta property=\"og:locale\" content=\"de_DE\" \/>\n<meta property=\"og:type\" content=\"article\" \/>\n<meta property=\"og:title\" content=\"Hral mlady cikan pod zamkem - noty pre mal\u00fa partiu\" \/>\n<meta property=\"og:description\" content=\"Noty pre mal\u00fa partiu N\u00e1strojov\u00e9 obsadenie: Kr\u00eddlovka, Tenor, Akorde\u00f3n, Tuba, Bicie. S mo\u017enos\u0165ou dop\u00edsa\u0165 aj in\u00e9 n\u00e1stroje. Pr\u00edpadne vytvori\u0165 zmes skladieb\" \/>\n<meta property=\"og:url\" content=\"https:\/\/shop.petercernicka.eu\/de\/shop\/mala-partia\/hral-mlady-cikan-pod-zamkem\/\" \/>\n<meta property=\"og:site_name\" content=\"Peter \u010cerni\u010dka | Noty | HUDOBN\u00c9 PODKLADY\" \/>\n<meta property=\"article:publisher\" content=\"https:\/\/www.facebook.com\/petercernickanoty\" \/>\n<meta property=\"article:modified_time\" content=\"2025-05-11T09:13:16+00:00\" \/>\n<meta property=\"og:image\" content=\"https:\/\/shop.petercernicka.eu\/wp-content\/uploads\/2023\/04\/Hral-mlady-cikan-pod-zamkem-Parts_page-0001.jpg\" \/>\n\t<meta property=\"og:image:width\" content=\"1240\" \/>\n\t<meta property=\"og:image:height\" content=\"1755\" \/>\n\t<meta property=\"og:image:type\" content=\"image\/jpeg\" \/>\n<meta name=\"twitter:card\" content=\"summary_large_image\" \/>\n<meta name=\"twitter:label1\" content=\"Gesch\u00e4tzte Lesezeit\" \/>\n\t<meta name=\"twitter:data1\" content=\"1\u00a0Minute\" \/>\n<script type=\"application\/ld+json\" class=\"yoast-schema-graph\">{\"@context\":\"https:\\\/\\\/schema.org\",\"@graph\":[{\"@type\":\"WebPage\",\"@id\":\"https:\\\/\\\/shop.petercernicka.eu\\\/shop\\\/mala-partia\\\/hral-mlady-cikan-pod-zamkem\\\/\",\"url\":\"https:\\\/\\\/shop.petercernicka.eu\\\/shop\\\/mala-partia\\\/hral-mlady-cikan-pod-zamkem\\\/\",\"name\":\"Hral mlady cikan pod zamkem - Peter \u010cerni\u010dka | Noty | HUDOBN\u00c9 PODKLADY\",\"isPartOf\":{\"@id\":\"https:\\\/\\\/shop.petercernicka.eu\\\/#website\"},\"primaryImageOfPage\":{\"@id\":\"https:\\\/\\\/shop.petercernicka.eu\\\/shop\\\/mala-partia\\\/hral-mlady-cikan-pod-zamkem\\\/#primaryimage\"},\"image\":{\"@id\":\"https:\\\/\\\/shop.petercernicka.eu\\\/shop\\\/mala-partia\\\/hral-mlady-cikan-pod-zamkem\\\/#primaryimage\"},\"thumbnailUrl\":\"https:\\\/\\\/shop.petercernicka.eu\\\/wp-content\\\/uploads\\\/2023\\\/04\\\/Hral-mlady-cikan-pod-zamkem-Parts_page-0001.jpg\",\"datePublished\":\"2023-04-20T14:25:49+00:00\",\"dateModified\":\"2025-05-11T09:13:16+00:00\",\"description\":\"Noty pre mal\u00fa partiu N\u00e1strojov\u00e9 obsadenie: Kr\u00eddlovka, Tenor, Akorde\u00f3n, Tuba, Bicie. S mo\u017enos\u0165ou dop\u00edsa\u0165 aj in\u00e9 n\u00e1stroje. Pr\u00edpadne vytvori\u0165 zmes skladieb\",\"breadcrumb\":{\"@id\":\"https:\\\/\\\/shop.petercernicka.eu\\\/shop\\\/mala-partia\\\/hral-mlady-cikan-pod-zamkem\\\/#breadcrumb\"},\"inLanguage\":\"de\",\"potentialAction\":[{\"@type\":\"ReadAction\",\"target\":[\"https:\\\/\\\/shop.petercernicka.eu\\\/shop\\\/mala-partia\\\/hral-mlady-cikan-pod-zamkem\\\/\"]}]},{\"@type\":\"ImageObject\",\"inLanguage\":\"de\",\"@id\":\"https:\\\/\\\/shop.petercernicka.eu\\\/shop\\\/mala-partia\\\/hral-mlady-cikan-pod-zamkem\\\/#primaryimage\",\"url\":\"https:\\\/\\\/shop.petercernicka.eu\\\/wp-content\\\/uploads\\\/2023\\\/04\\\/Hral-mlady-cikan-pod-zamkem-Parts_page-0001.jpg\",\"contentUrl\":\"https:\\\/\\\/shop.petercernicka.eu\\\/wp-content\\\/uploads\\\/2023\\\/04\\\/Hral-mlady-cikan-pod-zamkem-Parts_page-0001.jpg\",\"width\":1240,\"height\":1755,\"caption\":\"Hral mlady cikan pod zamkem noty pro dechovku\"},{\"@type\":\"BreadcrumbList\",\"@id\":\"https:\\\/\\\/shop.petercernicka.eu\\\/shop\\\/mala-partia\\\/hral-mlady-cikan-pod-zamkem\\\/#breadcrumb\",\"itemListElement\":[{\"@type\":\"ListItem\",\"position\":1,\"name\":\"Home\",\"item\":\"https:\\\/\\\/shop.petercernicka.eu\\\/\"},{\"@type\":\"ListItem\",\"position\":2,\"name\":\"Produkty\",\"item\":\"https:\\\/\\\/shop.petercernicka.eu\\\/obchod\\\/\"},{\"@type\":\"ListItem\",\"position\":3,\"name\":\"Hral mlady cikan pod zamkem\"}]},{\"@type\":\"WebSite\",\"@id\":\"https:\\\/\\\/shop.petercernicka.eu\\\/#website\",\"url\":\"https:\\\/\\\/shop.petercernicka.eu\\\/\",\"name\":\"Peter \u010cerni\u010dka | Noty | HUDOBN\u00c9 PODKLADY\",\"description\":\"\u013eudov\u00e9 piesne, popul\u00e1rne \u0161l\u00e1gre, \u010desko-slovensk\u00e9 hity, cig\u00e1nske piesne, ewergreeny, viano\u010dn\u00e9 koledy\",\"potentialAction\":[{\"@type\":\"SearchAction\",\"target\":{\"@type\":\"EntryPoint\",\"urlTemplate\":\"https:\\\/\\\/shop.petercernicka.eu\\\/?s={search_term_string}\"},\"query-input\":{\"@type\":\"PropertyValueSpecification\",\"valueRequired\":true,\"valueName\":\"search_term_string\"}}],\"inLanguage\":\"de\"}]}<\/script>\n<!-- \/ Yoast SEO plugin. -->","yoast_head_json":{"title":"Hral mlady cikan pod zamkem - Peter \u010cerni\u010dka | Noty | HUDOBN\u00c9 PODKLADY","description":"Noty pre mal\u00fa partiu N\u00e1strojov\u00e9 obsadenie: Kr\u00eddlovka, Tenor, Akorde\u00f3n, Tuba, Bicie. S mo\u017enos\u0165ou dop\u00edsa\u0165 aj in\u00e9 n\u00e1stroje. Pr\u00edpadne vytvori\u0165 zmes skladieb","robots":{"index":"index","follow":"follow","max-snippet":"max-snippet:-1","max-image-preview":"max-image-preview:large","max-video-preview":"max-video-preview:-1"},"canonical":"https:\/\/shop.petercernicka.eu\/de\/shop\/mala-partia\/hral-mlady-cikan-pod-zamkem\/","og_locale":"de_DE","og_type":"article","og_title":"Hral mlady cikan pod zamkem - noty pre mal\u00fa partiu","og_description":"Noty pre mal\u00fa partiu N\u00e1strojov\u00e9 obsadenie: Kr\u00eddlovka, Tenor, Akorde\u00f3n, Tuba, Bicie. S mo\u017enos\u0165ou dop\u00edsa\u0165 aj in\u00e9 n\u00e1stroje. Pr\u00edpadne vytvori\u0165 zmes skladieb","og_url":"https:\/\/shop.petercernicka.eu\/de\/shop\/mala-partia\/hral-mlady-cikan-pod-zamkem\/","og_site_name":"Peter \u010cerni\u010dka | Noty | HUDOBN\u00c9 PODKLADY","article_publisher":"https:\/\/www.facebook.com\/petercernickanoty","article_modified_time":"2025-05-11T09:13:16+00:00","og_image":[{"width":1240,"height":1755,"url":"https:\/\/shop.petercernicka.eu\/wp-content\/uploads\/2023\/04\/Hral-mlady-cikan-pod-zamkem-Parts_page-0001.jpg","type":"image\/jpeg"}],"twitter_card":"summary_large_image","twitter_misc":{"Gesch\u00e4tzte Lesezeit":"1\u00a0Minute"},"schema":{"@context":"https:\/\/schema.org","@graph":[{"@type":"WebPage","@id":"https:\/\/shop.petercernicka.eu\/shop\/mala-partia\/hral-mlady-cikan-pod-zamkem\/","url":"https:\/\/shop.petercernicka.eu\/shop\/mala-partia\/hral-mlady-cikan-pod-zamkem\/","name":"Hral mlady cikan pod zamkem - Peter \u010cerni\u010dka | Noty | HUDOBN\u00c9 PODKLADY","isPartOf":{"@id":"https:\/\/shop.petercernicka.eu\/#website"},"primaryImageOfPage":{"@id":"https:\/\/shop.petercernicka.eu\/shop\/mala-partia\/hral-mlady-cikan-pod-zamkem\/#primaryimage"},"image":{"@id":"https:\/\/shop.petercernicka.eu\/shop\/mala-partia\/hral-mlady-cikan-pod-zamkem\/#primaryimage"},"thumbnailUrl":"https:\/\/shop.petercernicka.eu\/wp-content\/uploads\/2023\/04\/Hral-mlady-cikan-pod-zamkem-Parts_page-0001.jpg","datePublished":"2023-04-20T14:25:49+00:00","dateModified":"2025-05-11T09:13:16+00:00","description":"Noty pre mal\u00fa partiu N\u00e1strojov\u00e9 obsadenie: Kr\u00eddlovka, Tenor, Akorde\u00f3n, Tuba, Bicie. S mo\u017enos\u0165ou dop\u00edsa\u0165 aj in\u00e9 n\u00e1stroje. Pr\u00edpadne vytvori\u0165 zmes skladieb","breadcrumb":{"@id":"https:\/\/shop.petercernicka.eu\/shop\/mala-partia\/hral-mlady-cikan-pod-zamkem\/#breadcrumb"},"inLanguage":"de","potentialAction":[{"@type":"ReadAction","target":["https:\/\/shop.petercernicka.eu\/shop\/mala-partia\/hral-mlady-cikan-pod-zamkem\/"]}]},{"@type":"ImageObject","inLanguage":"de","@id":"https:\/\/shop.petercernicka.eu\/shop\/mala-partia\/hral-mlady-cikan-pod-zamkem\/#primaryimage","url":"https:\/\/shop.petercernicka.eu\/wp-content\/uploads\/2023\/04\/Hral-mlady-cikan-pod-zamkem-Parts_page-0001.jpg","contentUrl":"https:\/\/shop.petercernicka.eu\/wp-content\/uploads\/2023\/04\/Hral-mlady-cikan-pod-zamkem-Parts_page-0001.jpg","width":1240,"height":1755,"caption":"Hral mlady cikan pod zamkem noty pro dechovku"},{"@type":"BreadcrumbList","@id":"https:\/\/shop.petercernicka.eu\/shop\/mala-partia\/hral-mlady-cikan-pod-zamkem\/#breadcrumb","itemListElement":[{"@type":"ListItem","position":1,"name":"Home","item":"https:\/\/shop.petercernicka.eu\/"},{"@type":"ListItem","position":2,"name":"Produkty","item":"https:\/\/shop.petercernicka.eu\/obchod\/"},{"@type":"ListItem","position":3,"name":"Hral mlady cikan pod zamkem"}]},{"@type":"WebSite","@id":"https:\/\/shop.petercernicka.eu\/#website","url":"https:\/\/shop.petercernicka.eu\/","name":"Peter \u010cerni\u010dka | Noty | HUDOBN\u00c9 PODKLADY","description":"Volkslieder, Schlager, Tschechoslowakische Schlager, Zigeunerlieder, Evergreens, Weihnachtslieder","potentialAction":[{"@type":"SearchAction","target":{"@type":"EntryPoint","urlTemplate":"https:\/\/shop.petercernicka.eu\/?s={search_term_string}"},"query-input":{"@type":"PropertyValueSpecification","valueRequired":true,"valueName":"search_term_string"}}],"inLanguage":"de"}]}},"_links":{"self":[{"href":"https:\/\/shop.petercernicka.eu\/de\/wp-json\/wp\/v2\/product\/7646","targetHints":{"allow":["GET"]}}],"collection":[{"href":"https:\/\/shop.petercernicka.eu\/de\/wp-json\/wp\/v2\/product"}],"about":[{"href":"https:\/\/shop.petercernicka.eu\/de\/wp-json\/wp\/v2\/types\/product"}],"replies":[{"embeddable":true,"href":"https:\/\/shop.petercernicka.eu\/de\/wp-json\/wp\/v2\/comments?post=7646"}],"wp:featuredmedia":[{"embeddable":true,"href":"https:\/\/shop.petercernicka.eu\/de\/wp-json\/wp\/v2\/media\/7609"}],"wp:attachment":[{"href":"https:\/\/shop.petercernicka.eu\/de\/wp-json\/wp\/v2\/media?parent=7646"}],"wp:term":[{"taxonomy":"product_brand","embeddable":true,"href":"https:\/\/shop.petercernicka.eu\/de\/wp-json\/wp\/v2\/product_brand?post=7646"},{"taxonomy":"product_cat","embeddable":true,"href":"https:\/\/shop.petercernicka.eu\/de\/wp-json\/wp\/v2\/product_cat?post=7646"},{"taxonomy":"product_tag","embeddable":true,"href":"https:\/\/shop.petercernicka.eu\/de\/wp-json\/wp\/v2\/product_tag?post=7646"}],"curies":[{"name":"wp","href":"https:\/\/api.w.org\/{rel}","templated":true}]}}