{"id":7171,"date":"2022-09-14T10:09:51","date_gmt":"2022-09-14T08:09:51","guid":{"rendered":"https:\/\/shop.petercernicka.eu\/?post_type=product&#038;p=7171"},"modified":"2025-05-11T11:13:18","modified_gmt":"2025-05-11T09:13:18","slug":"karol-duchon-mam-ta-rad","status":"publish","type":"product","link":"https:\/\/shop.petercernicka.eu\/de\/shop\/dychova-hudba\/karol-duchon-mam-ta-rad\/","title":{"rendered":"Karol Ducho\u0148 &#8211; M\u00e1m \u0165a r\u00e1d"},"content":{"rendered":"<p><span style=\"font-size: 12pt;\">Z b\u00e1snikov z ich kr\u00e1snych slov, ti d\u00e1m len p\u00e1r, len t\u00fdchto p\u00e1r.<\/span><\/p>\n<p><span style=\"font-size: 12pt;\">Ja m\u00e1m \u0165a r\u00e1d, ja m\u00e1m \u0165a r\u00e1d, ja m\u00e1m \u0165a r\u00e1d, ja m\u00e1m \u0165a r\u00e1d.<\/span><\/p>\n<p>&nbsp;<\/p>\n<p><span style=\"font-size: 12pt;\">\u00c1no \u00e1no r\u00e1d \u0165a m\u00e1m, vie\u015b by\u0165 skutok vie\u0161 by\u0165 mam<\/span><\/p>\n<p><span style=\"font-size: 12pt;\">v\u0161etko \u010do chce\u0161 tebe d\u00e1m e\u015bte chv\u00ed\u013eu nech sme sami,<\/span><\/p>\n<p><span style=\"font-size: 12pt;\">m\u00e1rne vrav\u00edm nie \u00f3 nie tvoje srdce v\u015betko smie<\/span><\/p>\n<p><span style=\"font-size: 12pt;\">ty si moje prekliatie ktor\u00e9 sa mi do \u017e\u00edl vlieva.<\/span><\/p>\n<p>&nbsp;<\/p>\n<p><span style=\"font-size: 12pt;\">L\u00e1skou ktor\u00fa chcem, l\u00e1skou t\u00e9mou t\u00e9m, l\u00e1skou ka\u017ad\u00fd de\u0144, l\u00e1skou s ktorou spievam<\/span><\/p>\n<p>&nbsp;<\/p>\n<p><span style=\"font-size: 12pt;\">M\u00e1m \u0165a r\u00e1d, ja m\u00e1m \u0165a r\u00e1d, j\u00e1 m\u00e1m, m\u00e1m, m\u00e1m, m\u00e1m, m\u00e1m\u201a\u0165a r\u00e1d<\/span><\/p>\n<p><span style=\"font-size: 12pt;\">J\u00e1 m\u00e1m \u0165a r\u00e1d, m\u00e1rne vrav\u00edm nie \u00f3 nie o nie, j\u00e1 m\u00e1m, m\u00e1m, m\u00e1m, m\u00e1m, m\u00e1m\u201a\u0165a r\u00e1d<\/span><\/p>\n<p>&nbsp;<\/p>\n<p><span style=\"font-size: 12pt;\">Mezihra:\u00a0\u00a0 Cmi\u00a0 \/ Cmi \/ As \/ As \/ Es \/ Es \/ B \/ B \/\/\u00a0\u00a0\u00a0\u00a0<\/span><\/p>\n<p>&nbsp;<\/p>\n<p><span style=\"font-size: 12pt;\">Z b\u00e1snikov z ich kr\u00e1snych slov, ti d\u00e1m len p\u00e1r, len t\u00fdchto p\u00e1r.<\/span><\/p>\n<p><span style=\"font-size: 12pt;\">Ja m\u00e1m \u0165a r\u00e1d, ja m\u00e1m \u0165a r\u00e1d, ja m\u00e1m \u0165a r\u00e1d, ja m\u00e1m \u0165a r\u00e1d.<\/span><\/p>\n<p>&nbsp;<\/p>\n<p><span style=\"font-size: 12pt;\">Nikdy via, no e\u0161te raz, ob\u00fdma\u0165 t\u00fa kr\u00e1su kr\u00e1s<\/span><\/p>\n<p><span style=\"font-size: 12pt;\">nech zas v ohni c\u00edtim mr\u00e1z chv\u00ed\u013eu to ni\u010d nepokaz\u00ed.\u00a0<\/span><\/p>\n<p><span style=\"font-size: 12pt;\">Si tu ty a viac u\u017e ni\u010d, l\u00e1ska l\u00e1ska ne\u017en\u00fd bi\u010d<\/span><\/p>\n<p><span style=\"font-size: 12pt;\">vzdaj sa biely pr\u00e1por vzt\u00fd\u010d plnou du\u015bou na svet kri\u0107\u00edm<\/span><\/p>\n<p>&nbsp;<\/p>\n<p><span style=\"font-size: 12pt;\">L\u00e1skou ktor\u00fa chcem, l\u00e1skou t\u00e9mou t\u00e9m, l\u00e1skou ka\u017ad\u00fd de\u0144, l\u00e1skou s ktorou spievam<\/span><\/p>\n<p><span style=\"font-size: 12pt;\">Ja m\u00e1m \u0165a r\u00e1d, ja m\u00e1m \u0165a r\u00e1d, ja m\u00e1m \u0165a r\u00e1d, ja m\u00e1m \u0165a r\u00e1d.<\/span><\/p>\n<p><span style=\"font-size: 12pt;\">M\u00e1m \u0165a r\u00e1d, ja m\u00e1m \u0165a r\u00e1d, j\u00e1 m\u00e1m, m\u00e1m, m\u00e1m, m\u00e1m, m\u00e1m\u201a\u0165a r\u00e1d<\/span><\/p>\n<p><span style=\"font-size: 12pt;\">J\u00e1 m\u00e1m \u0165a r\u00e1d, m\u00e1rne vrav\u00edm nie \u00f3 nie o nie, j\u00e1 m\u00e1m, m\u00e1m, m\u00e1m, m\u00e1m, m\u00e1m\u201a\u0165a r\u00e1d<\/span><\/p>\n<p>&nbsp;<\/p>\n<p><span style=\"font-size: 12pt;\">Solo\u00a0<\/span><\/p>","protected":false},"excerpt":{"rendered":"<p><audio class=\"wp-audio-shortcode\" id=\"audio-7171-1\" preload=\"none\" style=\"width: 100%;\" controls=\"controls\"><source type=\"audio\/mpeg\" src=\"https:\/\/shop.petercernicka.eu\/wp-content\/uploads\/2022\/09\/Mam-ta-rad-Karol-Duchon.mp3?_=1\" \/><a href=\"https:\/\/shop.petercernicka.eu\/wp-content\/uploads\/2022\/09\/Mam-ta-rad-Karol-Duchon.mp3\">https:\/\/shop.petercernicka.eu\/wp-content\/uploads\/2022\/09\/Mam-ta-rad-Karol-Duchon.mp3<\/a><\/audio><\/p>","protected":false},"featured_media":4306,"comment_status":"closed","ping_status":"closed","template":"","meta":{"om_disable_all_campaigns":false},"product_brand":[],"product_cat":[36,1168],"product_tag":[1188,66,25],"class_list":{"0":"post-7171","1":"product","2":"type-product","3":"status-publish","4":"has-post-thumbnail","6":"product_cat-dychova-hudba","7":"product_cat-noty","8":"product_tag-noty","9":"product_tag-spev","10":"product_tag-tanecne-skladby-sk-cz","12":"first","13":"instock","14":"taxable","15":"shipping-taxable","16":"purchasable","17":"product-type-simple"},"yoast_head":"<!-- This site is optimized with the Yoast SEO plugin v27.4 - https:\/\/yoast.com\/product\/yoast-seo-wordpress\/ -->\n<title>Karol Ducho\u0148 - M\u00e1m \u0165a r\u00e1d - Peter \u010cerni\u010dka | Noty | HUDOBN\u00c9 PODKLADY<\/title>\n<meta name=\"robots\" content=\"index, follow, max-snippet:-1, max-image-preview:large, max-video-preview:-1\" \/>\n<link rel=\"canonical\" href=\"https:\/\/shop.petercernicka.eu\/de\/shop\/dychova-hudba\/karol-duchon-mam-ta-rad\/\" \/>\n<meta property=\"og:locale\" content=\"de_DE\" \/>\n<meta property=\"og:type\" content=\"article\" \/>\n<meta property=\"og:title\" content=\"Karol Ducho\u0148 - M\u00e1m \u0165a r\u00e1d - Noty pre dychovku\" \/>\n<meta property=\"og:url\" content=\"https:\/\/shop.petercernicka.eu\/de\/shop\/dychova-hudba\/karol-duchon-mam-ta-rad\/\" \/>\n<meta property=\"og:site_name\" content=\"Peter \u010cerni\u010dka | Noty | HUDOBN\u00c9 PODKLADY\" \/>\n<meta property=\"article:publisher\" content=\"https:\/\/www.facebook.com\/petercernickanoty\" \/>\n<meta property=\"article:modified_time\" content=\"2025-05-11T09:13:18+00:00\" \/>\n<meta property=\"og:image\" content=\"https:\/\/shop.petercernicka.eu\/wp-content\/uploads\/2022\/03\/Karol-Duchon-Tancujem-s-tebou-rad.jpg\" \/>\n\t<meta property=\"og:image:width\" content=\"640\" \/>\n\t<meta property=\"og:image:height\" content=\"640\" \/>\n\t<meta property=\"og:image:type\" content=\"image\/jpeg\" \/>\n<meta name=\"twitter:card\" content=\"summary_large_image\" \/>\n<meta name=\"twitter:description\" content=\"[audio mp3=&quot;https:\/\/shop.petercernicka.eu\/wp-content\/uploads\/2022\/09\/Mam-ta-rad-Karol-Duchon.mp3&quot;][\/audio]\" \/>\n<meta name=\"twitter:label1\" content=\"Gesch\u00e4tzte Lesezeit\" \/>\n\t<meta name=\"twitter:data1\" content=\"2\u00a0Minuten\" \/>\n<script type=\"application\/ld+json\" class=\"yoast-schema-graph\">{\"@context\":\"https:\\\/\\\/schema.org\",\"@graph\":[{\"@type\":\"WebPage\",\"@id\":\"https:\\\/\\\/shop.petercernicka.eu\\\/shop\\\/dychova-hudba\\\/karol-duchon-mam-ta-rad\\\/\",\"url\":\"https:\\\/\\\/shop.petercernicka.eu\\\/shop\\\/dychova-hudba\\\/karol-duchon-mam-ta-rad\\\/\",\"name\":\"Karol Ducho\u0148 - M\u00e1m \u0165a r\u00e1d - Peter \u010cerni\u010dka | Noty | HUDOBN\u00c9 PODKLADY\",\"isPartOf\":{\"@id\":\"https:\\\/\\\/shop.petercernicka.eu\\\/#website\"},\"primaryImageOfPage\":{\"@id\":\"https:\\\/\\\/shop.petercernicka.eu\\\/shop\\\/dychova-hudba\\\/karol-duchon-mam-ta-rad\\\/#primaryimage\"},\"image\":{\"@id\":\"https:\\\/\\\/shop.petercernicka.eu\\\/shop\\\/dychova-hudba\\\/karol-duchon-mam-ta-rad\\\/#primaryimage\"},\"thumbnailUrl\":\"https:\\\/\\\/shop.petercernicka.eu\\\/wp-content\\\/uploads\\\/2022\\\/03\\\/Karol-Duchon-Tancujem-s-tebou-rad.jpg\",\"datePublished\":\"2022-09-14T08:09:51+00:00\",\"dateModified\":\"2025-05-11T09:13:18+00:00\",\"breadcrumb\":{\"@id\":\"https:\\\/\\\/shop.petercernicka.eu\\\/shop\\\/dychova-hudba\\\/karol-duchon-mam-ta-rad\\\/#breadcrumb\"},\"inLanguage\":\"de\",\"potentialAction\":[{\"@type\":\"ReadAction\",\"target\":[\"https:\\\/\\\/shop.petercernicka.eu\\\/shop\\\/dychova-hudba\\\/karol-duchon-mam-ta-rad\\\/\"]}]},{\"@type\":\"ImageObject\",\"inLanguage\":\"de\",\"@id\":\"https:\\\/\\\/shop.petercernicka.eu\\\/shop\\\/dychova-hudba\\\/karol-duchon-mam-ta-rad\\\/#primaryimage\",\"url\":\"https:\\\/\\\/shop.petercernicka.eu\\\/wp-content\\\/uploads\\\/2022\\\/03\\\/Karol-Duchon-Tancujem-s-tebou-rad.jpg\",\"contentUrl\":\"https:\\\/\\\/shop.petercernicka.eu\\\/wp-content\\\/uploads\\\/2022\\\/03\\\/Karol-Duchon-Tancujem-s-tebou-rad.jpg\",\"width\":640,\"height\":640},{\"@type\":\"BreadcrumbList\",\"@id\":\"https:\\\/\\\/shop.petercernicka.eu\\\/shop\\\/dychova-hudba\\\/karol-duchon-mam-ta-rad\\\/#breadcrumb\",\"itemListElement\":[{\"@type\":\"ListItem\",\"position\":1,\"name\":\"Home\",\"item\":\"https:\\\/\\\/shop.petercernicka.eu\\\/\"},{\"@type\":\"ListItem\",\"position\":2,\"name\":\"Produkty\",\"item\":\"https:\\\/\\\/shop.petercernicka.eu\\\/obchod\\\/\"},{\"@type\":\"ListItem\",\"position\":3,\"name\":\"Karol Ducho\u0148 &#8211; M\u00e1m \u0165a r\u00e1d\"}]},{\"@type\":\"WebSite\",\"@id\":\"https:\\\/\\\/shop.petercernicka.eu\\\/#website\",\"url\":\"https:\\\/\\\/shop.petercernicka.eu\\\/\",\"name\":\"Peter \u010cerni\u010dka | Noty | HUDOBN\u00c9 PODKLADY\",\"description\":\"\u013eudov\u00e9 piesne, popul\u00e1rne \u0161l\u00e1gre, \u010desko-slovensk\u00e9 hity, cig\u00e1nske piesne, ewergreeny, viano\u010dn\u00e9 koledy\",\"potentialAction\":[{\"@type\":\"SearchAction\",\"target\":{\"@type\":\"EntryPoint\",\"urlTemplate\":\"https:\\\/\\\/shop.petercernicka.eu\\\/?s={search_term_string}\"},\"query-input\":{\"@type\":\"PropertyValueSpecification\",\"valueRequired\":true,\"valueName\":\"search_term_string\"}}],\"inLanguage\":\"de\"}]}<\/script>\n<!-- \/ Yoast SEO plugin. -->","yoast_head_json":{"title":"Karol Ducho\u0148 - M\u00e1m \u0165a r\u00e1d - Peter \u010cerni\u010dka | Noty | HUDOBN\u00c9 PODKLADY","robots":{"index":"index","follow":"follow","max-snippet":"max-snippet:-1","max-image-preview":"max-image-preview:large","max-video-preview":"max-video-preview:-1"},"canonical":"https:\/\/shop.petercernicka.eu\/de\/shop\/dychova-hudba\/karol-duchon-mam-ta-rad\/","og_locale":"de_DE","og_type":"article","og_title":"Karol Ducho\u0148 - M\u00e1m \u0165a r\u00e1d - Noty pre dychovku","og_url":"https:\/\/shop.petercernicka.eu\/de\/shop\/dychova-hudba\/karol-duchon-mam-ta-rad\/","og_site_name":"Peter \u010cerni\u010dka | Noty | HUDOBN\u00c9 PODKLADY","article_publisher":"https:\/\/www.facebook.com\/petercernickanoty","article_modified_time":"2025-05-11T09:13:18+00:00","og_image":[{"width":640,"height":640,"url":"https:\/\/shop.petercernicka.eu\/wp-content\/uploads\/2022\/03\/Karol-Duchon-Tancujem-s-tebou-rad.jpg","type":"image\/jpeg"}],"twitter_card":"summary_large_image","twitter_description":"[audio mp3=\"https:\/\/shop.petercernicka.eu\/wp-content\/uploads\/2022\/09\/Mam-ta-rad-Karol-Duchon.mp3\"][\/audio]","twitter_misc":{"Gesch\u00e4tzte Lesezeit":"2\u00a0Minuten"},"schema":{"@context":"https:\/\/schema.org","@graph":[{"@type":"WebPage","@id":"https:\/\/shop.petercernicka.eu\/shop\/dychova-hudba\/karol-duchon-mam-ta-rad\/","url":"https:\/\/shop.petercernicka.eu\/shop\/dychova-hudba\/karol-duchon-mam-ta-rad\/","name":"Karol Ducho\u0148 - M\u00e1m \u0165a r\u00e1d - Peter \u010cerni\u010dka | Noty | HUDOBN\u00c9 PODKLADY","isPartOf":{"@id":"https:\/\/shop.petercernicka.eu\/#website"},"primaryImageOfPage":{"@id":"https:\/\/shop.petercernicka.eu\/shop\/dychova-hudba\/karol-duchon-mam-ta-rad\/#primaryimage"},"image":{"@id":"https:\/\/shop.petercernicka.eu\/shop\/dychova-hudba\/karol-duchon-mam-ta-rad\/#primaryimage"},"thumbnailUrl":"https:\/\/shop.petercernicka.eu\/wp-content\/uploads\/2022\/03\/Karol-Duchon-Tancujem-s-tebou-rad.jpg","datePublished":"2022-09-14T08:09:51+00:00","dateModified":"2025-05-11T09:13:18+00:00","breadcrumb":{"@id":"https:\/\/shop.petercernicka.eu\/shop\/dychova-hudba\/karol-duchon-mam-ta-rad\/#breadcrumb"},"inLanguage":"de","potentialAction":[{"@type":"ReadAction","target":["https:\/\/shop.petercernicka.eu\/shop\/dychova-hudba\/karol-duchon-mam-ta-rad\/"]}]},{"@type":"ImageObject","inLanguage":"de","@id":"https:\/\/shop.petercernicka.eu\/shop\/dychova-hudba\/karol-duchon-mam-ta-rad\/#primaryimage","url":"https:\/\/shop.petercernicka.eu\/wp-content\/uploads\/2022\/03\/Karol-Duchon-Tancujem-s-tebou-rad.jpg","contentUrl":"https:\/\/shop.petercernicka.eu\/wp-content\/uploads\/2022\/03\/Karol-Duchon-Tancujem-s-tebou-rad.jpg","width":640,"height":640},{"@type":"BreadcrumbList","@id":"https:\/\/shop.petercernicka.eu\/shop\/dychova-hudba\/karol-duchon-mam-ta-rad\/#breadcrumb","itemListElement":[{"@type":"ListItem","position":1,"name":"Home","item":"https:\/\/shop.petercernicka.eu\/"},{"@type":"ListItem","position":2,"name":"Produkty","item":"https:\/\/shop.petercernicka.eu\/obchod\/"},{"@type":"ListItem","position":3,"name":"Karol Ducho\u0148 &#8211; M\u00e1m \u0165a r\u00e1d"}]},{"@type":"WebSite","@id":"https:\/\/shop.petercernicka.eu\/#website","url":"https:\/\/shop.petercernicka.eu\/","name":"Peter \u010cerni\u010dka | Noty | HUDOBN\u00c9 PODKLADY","description":"Volkslieder, Schlager, Tschechoslowakische Schlager, Zigeunerlieder, Evergreens, Weihnachtslieder","potentialAction":[{"@type":"SearchAction","target":{"@type":"EntryPoint","urlTemplate":"https:\/\/shop.petercernicka.eu\/?s={search_term_string}"},"query-input":{"@type":"PropertyValueSpecification","valueRequired":true,"valueName":"search_term_string"}}],"inLanguage":"de"}]}},"_links":{"self":[{"href":"https:\/\/shop.petercernicka.eu\/de\/wp-json\/wp\/v2\/product\/7171","targetHints":{"allow":["GET"]}}],"collection":[{"href":"https:\/\/shop.petercernicka.eu\/de\/wp-json\/wp\/v2\/product"}],"about":[{"href":"https:\/\/shop.petercernicka.eu\/de\/wp-json\/wp\/v2\/types\/product"}],"replies":[{"embeddable":true,"href":"https:\/\/shop.petercernicka.eu\/de\/wp-json\/wp\/v2\/comments?post=7171"}],"wp:featuredmedia":[{"embeddable":true,"href":"https:\/\/shop.petercernicka.eu\/de\/wp-json\/wp\/v2\/media\/4306"}],"wp:attachment":[{"href":"https:\/\/shop.petercernicka.eu\/de\/wp-json\/wp\/v2\/media?parent=7171"}],"wp:term":[{"taxonomy":"product_brand","embeddable":true,"href":"https:\/\/shop.petercernicka.eu\/de\/wp-json\/wp\/v2\/product_brand?post=7171"},{"taxonomy":"product_cat","embeddable":true,"href":"https:\/\/shop.petercernicka.eu\/de\/wp-json\/wp\/v2\/product_cat?post=7171"},{"taxonomy":"product_tag","embeddable":true,"href":"https:\/\/shop.petercernicka.eu\/de\/wp-json\/wp\/v2\/product_tag?post=7171"}],"curies":[{"name":"wp","href":"https:\/\/api.w.org\/{rel}","templated":true}]}}