{"id":7002,"date":"2022-07-23T19:38:45","date_gmt":"2022-07-23T17:38:45","guid":{"rendered":"https:\/\/shop.petercernicka.eu\/?post_type=product&#038;p=7002"},"modified":"2025-05-11T11:13:18","modified_gmt":"2025-05-11T09:13:18","slug":"ludove-piesne-dychove-trio","status":"publish","type":"product","link":"https:\/\/shop.petercernicka.eu\/de\/shop\/komorna-hudba\/dychove-trio\/ludove-piesne-dychove-trio\/","title":{"rendered":"\u013dudov\u00e9 piesne &#8211; dychov\u00e9 trio"},"content":{"rendered":"<ol>\n<li>Od Buchlova<\/li>\n<li>V\u00a0Hodon\u00edne za voja\u010dka<\/li>\n<li>Zaspala nevesta<\/li>\n<li>Letela husi\u010dka<\/li>\n<li>Zahu\u010dali hory<\/li>\n<li>Kysuca, Kysuca<\/li>\n<li>V\u00a0\u0161\u00edrem poli stud\u00e1ne\u010dka<\/li>\n<li>Zale\u0165 sokol<\/li>\n<li>L\u00e1ska bo\u017ee l\u00e1ska<\/li>\n<li>V\u00edne\u010dko b\u00edl\u00e9<\/li>\n<li>Sed\u00ed sokol na javori<\/li>\n<li>Te\u010de voda te\u010de<\/li>\n<li>Zbohom ost\u00e1vajte<\/li>\n<li>Smutn\u00fd ve\u010der<\/li>\n<li>Kdy\u017e jsem \u0161el z\u00a0Hradi\u0161ta<\/li>\n<li>Tren\u010diansk\u00e9 hodiny<\/li>\n<li>\u010cerven\u00e9 jabl\u010dko<\/li>\n<li>Za t\u00fa horu, za vysok\u00fa<\/li>\n<li>V\u00a0Zarazic\u00e1ch krajn\u00ed d\u00fam<\/li>\n<li>Za star\u00fa Breclavu\n<p><iframe src=\"\/\/www.youtube.com\/embed\/egXNfk6LCAM\" width=\"560\" height=\"314\" allowfullscreen=\"allowfullscreen\"><\/iframe><\/li>\n<\/ol>","protected":false},"excerpt":{"rendered":"<p>Od Buchlova V\u00a0Hodon\u00edne za voja\u010dka Zaspala nevesta Letela husi\u010dka Zahu\u010dali hory Kysuca, Kysuca V\u00a0\u0161\u00edrem poli stud\u00e1ne\u010dka Zale\u0165 sokol L\u00e1ska bo\u017ee l\u00e1ska V\u00edne\u010dko b\u00edl\u00e9 Sed\u00ed sokol na javori Te\u010de voda te\u010de Zbohom ost\u00e1vajte Smutn\u00fd ve\u010der Kdy\u017e jsem \u0161el z\u00a0Hradi\u0161ta Tren\u010diansk\u00e9 hodiny \u010cerven\u00e9 jabl\u010dko [&hellip;]<\/p>\n","protected":false},"featured_media":0,"comment_status":"closed","ping_status":"closed","template":"","meta":{"om_disable_all_campaigns":false},"product_brand":[],"product_cat":[33,1168],"product_tag":[1188],"class_list":{"0":"post-7002","1":"product","2":"type-product","3":"status-publish","5":"product_cat-dychove-trio","6":"product_cat-noty","7":"product_tag-noty","9":"first","10":"instock","11":"taxable","12":"shipping-taxable","13":"purchasable","14":"product-type-simple"},"yoast_head":"<!-- This site is optimized with the Yoast SEO plugin v27.4 - https:\/\/yoast.com\/product\/yoast-seo-wordpress\/ -->\n<title>\u013dudov\u00e9 piesne - dychov\u00e9 trio - Peter \u010cerni\u010dka | Noty | HUDOBN\u00c9 PODKLADY<\/title>\n<meta name=\"robots\" content=\"index, follow, max-snippet:-1, max-image-preview:large, max-video-preview:-1\" \/>\n<link rel=\"canonical\" href=\"https:\/\/shop.petercernicka.eu\/de\/shop\/komorna-hudba\/dychove-trio\/ludove-piesne-dychove-trio\/\" \/>\n<meta property=\"og:locale\" content=\"de_DE\" \/>\n<meta property=\"og:type\" content=\"article\" \/>\n<meta property=\"og:title\" content=\"\u013dudov\u00e9 piesne - dychov\u00e9 trio\" \/>\n<meta property=\"og:description\" content=\"\u00dapravy \u013eudov\u00fdch piesn\u00ed pre komorn\u00e9 obsadenie.\" \/>\n<meta property=\"og:url\" content=\"https:\/\/shop.petercernicka.eu\/de\/shop\/komorna-hudba\/dychove-trio\/ludove-piesne-dychove-trio\/\" \/>\n<meta property=\"og:site_name\" content=\"Peter \u010cerni\u010dka | Noty | HUDOBN\u00c9 PODKLADY\" \/>\n<meta property=\"article:publisher\" content=\"https:\/\/www.facebook.com\/petercernickanoty\" \/>\n<meta property=\"article:modified_time\" content=\"2025-05-11T09:13:18+00:00\" \/>\n<meta name=\"twitter:card\" content=\"summary_large_image\" \/>\n<script type=\"application\/ld+json\" class=\"yoast-schema-graph\">{\"@context\":\"https:\\\/\\\/schema.org\",\"@graph\":[{\"@type\":\"WebPage\",\"@id\":\"https:\\\/\\\/shop.petercernicka.eu\\\/shop\\\/komorna-hudba\\\/dychove-trio\\\/ludove-piesne-dychove-trio\\\/\",\"url\":\"https:\\\/\\\/shop.petercernicka.eu\\\/shop\\\/komorna-hudba\\\/dychove-trio\\\/ludove-piesne-dychove-trio\\\/\",\"name\":\"\u013dudov\u00e9 piesne - dychov\u00e9 trio - Peter \u010cerni\u010dka | Noty | HUDOBN\u00c9 PODKLADY\",\"isPartOf\":{\"@id\":\"https:\\\/\\\/shop.petercernicka.eu\\\/#website\"},\"datePublished\":\"2022-07-23T17:38:45+00:00\",\"dateModified\":\"2025-05-11T09:13:18+00:00\",\"breadcrumb\":{\"@id\":\"https:\\\/\\\/shop.petercernicka.eu\\\/shop\\\/komorna-hudba\\\/dychove-trio\\\/ludove-piesne-dychove-trio\\\/#breadcrumb\"},\"inLanguage\":\"de\",\"potentialAction\":[{\"@type\":\"ReadAction\",\"target\":[\"https:\\\/\\\/shop.petercernicka.eu\\\/shop\\\/komorna-hudba\\\/dychove-trio\\\/ludove-piesne-dychove-trio\\\/\"]}]},{\"@type\":\"BreadcrumbList\",\"@id\":\"https:\\\/\\\/shop.petercernicka.eu\\\/shop\\\/komorna-hudba\\\/dychove-trio\\\/ludove-piesne-dychove-trio\\\/#breadcrumb\",\"itemListElement\":[{\"@type\":\"ListItem\",\"position\":1,\"name\":\"Home\",\"item\":\"https:\\\/\\\/shop.petercernicka.eu\\\/\"},{\"@type\":\"ListItem\",\"position\":2,\"name\":\"Produkty\",\"item\":\"https:\\\/\\\/shop.petercernicka.eu\\\/obchod\\\/\"},{\"@type\":\"ListItem\",\"position\":3,\"name\":\"\u013dudov\u00e9 piesne &#8211; dychov\u00e9 trio\"}]},{\"@type\":\"WebSite\",\"@id\":\"https:\\\/\\\/shop.petercernicka.eu\\\/#website\",\"url\":\"https:\\\/\\\/shop.petercernicka.eu\\\/\",\"name\":\"Peter \u010cerni\u010dka | Noty | HUDOBN\u00c9 PODKLADY\",\"description\":\"\u013eudov\u00e9 piesne, popul\u00e1rne \u0161l\u00e1gre, \u010desko-slovensk\u00e9 hity, cig\u00e1nske piesne, ewergreeny, viano\u010dn\u00e9 koledy\",\"potentialAction\":[{\"@type\":\"SearchAction\",\"target\":{\"@type\":\"EntryPoint\",\"urlTemplate\":\"https:\\\/\\\/shop.petercernicka.eu\\\/?s={search_term_string}\"},\"query-input\":{\"@type\":\"PropertyValueSpecification\",\"valueRequired\":true,\"valueName\":\"search_term_string\"}}],\"inLanguage\":\"de\"}]}<\/script>\n<!-- \/ Yoast SEO plugin. -->","yoast_head_json":{"title":"\u013dudov\u00e9 piesne - dychov\u00e9 trio - Peter \u010cerni\u010dka | Noty | HUDOBN\u00c9 PODKLADY","robots":{"index":"index","follow":"follow","max-snippet":"max-snippet:-1","max-image-preview":"max-image-preview:large","max-video-preview":"max-video-preview:-1"},"canonical":"https:\/\/shop.petercernicka.eu\/de\/shop\/komorna-hudba\/dychove-trio\/ludove-piesne-dychove-trio\/","og_locale":"de_DE","og_type":"article","og_title":"\u013dudov\u00e9 piesne - dychov\u00e9 trio","og_description":"\u00dapravy \u013eudov\u00fdch piesn\u00ed pre komorn\u00e9 obsadenie.","og_url":"https:\/\/shop.petercernicka.eu\/de\/shop\/komorna-hudba\/dychove-trio\/ludove-piesne-dychove-trio\/","og_site_name":"Peter \u010cerni\u010dka | Noty | HUDOBN\u00c9 PODKLADY","article_publisher":"https:\/\/www.facebook.com\/petercernickanoty","article_modified_time":"2025-05-11T09:13:18+00:00","twitter_card":"summary_large_image","schema":{"@context":"https:\/\/schema.org","@graph":[{"@type":"WebPage","@id":"https:\/\/shop.petercernicka.eu\/shop\/komorna-hudba\/dychove-trio\/ludove-piesne-dychove-trio\/","url":"https:\/\/shop.petercernicka.eu\/shop\/komorna-hudba\/dychove-trio\/ludove-piesne-dychove-trio\/","name":"\u013dudov\u00e9 piesne - dychov\u00e9 trio - Peter \u010cerni\u010dka | Noty | HUDOBN\u00c9 PODKLADY","isPartOf":{"@id":"https:\/\/shop.petercernicka.eu\/#website"},"datePublished":"2022-07-23T17:38:45+00:00","dateModified":"2025-05-11T09:13:18+00:00","breadcrumb":{"@id":"https:\/\/shop.petercernicka.eu\/shop\/komorna-hudba\/dychove-trio\/ludove-piesne-dychove-trio\/#breadcrumb"},"inLanguage":"de","potentialAction":[{"@type":"ReadAction","target":["https:\/\/shop.petercernicka.eu\/shop\/komorna-hudba\/dychove-trio\/ludove-piesne-dychove-trio\/"]}]},{"@type":"BreadcrumbList","@id":"https:\/\/shop.petercernicka.eu\/shop\/komorna-hudba\/dychove-trio\/ludove-piesne-dychove-trio\/#breadcrumb","itemListElement":[{"@type":"ListItem","position":1,"name":"Home","item":"https:\/\/shop.petercernicka.eu\/"},{"@type":"ListItem","position":2,"name":"Produkty","item":"https:\/\/shop.petercernicka.eu\/obchod\/"},{"@type":"ListItem","position":3,"name":"\u013dudov\u00e9 piesne &#8211; dychov\u00e9 trio"}]},{"@type":"WebSite","@id":"https:\/\/shop.petercernicka.eu\/#website","url":"https:\/\/shop.petercernicka.eu\/","name":"Peter \u010cerni\u010dka | Noty | HUDOBN\u00c9 PODKLADY","description":"Volkslieder, Schlager, Tschechoslowakische Schlager, Zigeunerlieder, Evergreens, Weihnachtslieder","potentialAction":[{"@type":"SearchAction","target":{"@type":"EntryPoint","urlTemplate":"https:\/\/shop.petercernicka.eu\/?s={search_term_string}"},"query-input":{"@type":"PropertyValueSpecification","valueRequired":true,"valueName":"search_term_string"}}],"inLanguage":"de"}]}},"_links":{"self":[{"href":"https:\/\/shop.petercernicka.eu\/de\/wp-json\/wp\/v2\/product\/7002","targetHints":{"allow":["GET"]}}],"collection":[{"href":"https:\/\/shop.petercernicka.eu\/de\/wp-json\/wp\/v2\/product"}],"about":[{"href":"https:\/\/shop.petercernicka.eu\/de\/wp-json\/wp\/v2\/types\/product"}],"replies":[{"embeddable":true,"href":"https:\/\/shop.petercernicka.eu\/de\/wp-json\/wp\/v2\/comments?post=7002"}],"wp:attachment":[{"href":"https:\/\/shop.petercernicka.eu\/de\/wp-json\/wp\/v2\/media?parent=7002"}],"wp:term":[{"taxonomy":"product_brand","embeddable":true,"href":"https:\/\/shop.petercernicka.eu\/de\/wp-json\/wp\/v2\/product_brand?post=7002"},{"taxonomy":"product_cat","embeddable":true,"href":"https:\/\/shop.petercernicka.eu\/de\/wp-json\/wp\/v2\/product_cat?post=7002"},{"taxonomy":"product_tag","embeddable":true,"href":"https:\/\/shop.petercernicka.eu\/de\/wp-json\/wp\/v2\/product_tag?post=7002"}],"curies":[{"name":"wp","href":"https:\/\/api.w.org\/{rel}","templated":true}]}}