{"id":3742,"date":"2021-10-14T21:53:58","date_gmt":"2021-10-14T19:53:58","guid":{"rendered":"https:\/\/shop.petercernicka.eu\/?post_type=product&#038;p=3742"},"modified":"2025-05-11T11:15:00","modified_gmt":"2025-05-11T09:15:00","slug":"vianocne-koledy-dychove-trio","status":"publish","type":"product","link":"https:\/\/shop.petercernicka.eu\/de\/shop\/komorna-hudba\/dychove-trio\/vianocne-koledy-dychove-trio\/","title":{"rendered":"Viano\u010dn\u00e9 koledy &#8211; dychov\u00e9 trio"},"content":{"rendered":"<p><span style=\"font-size: 14pt; color: #000000;\"><strong>Bal\u00edk obsahuje:<\/strong> <\/span><\/p>\n<ul>\n<li><span style=\"font-size: 14pt; color: #000000;\">3 viazan\u00e9 kn\u00ed\u017eky (tr\u00fabka, tenor, tuba (tromb\u00f3n) <\/span><\/li>\n<li><span style=\"font-size: 14pt; color: #000000;\">Hrebe\u0148ov\u00e1 v\u00e4zba<\/span><\/li>\n<li><span style=\"font-size: 14pt; color: #000000;\">Form\u00e1t: 160mm x 130mm<\/span><\/li>\n<li><span style=\"font-size: 14pt; color: #000000;\">noty vo f\u00f3lii proti vlhku\/\u010fa\u017e\u010fu<\/span><\/li>\n<\/ul>\n<p>&nbsp;<\/p>\n<p><span style=\"font-size: 14pt; color: #000000;\"><strong>Obsah kni\u017eky:<\/strong><\/span><\/p>\n<p><span style=\"font-size: 14pt; color: #000000;\">Adeste fideles<\/span><br \/>\n<span style=\"font-size: 14pt; color: #000000;\">Ak\u00fd je to svit<\/span><br \/>\n<span style=\"font-size: 14pt; color: #000000;\">B\u00favaj die\u0165a kr\u00e1sne<\/span><br \/>\n<span style=\"font-size: 14pt; color: #000000;\">Dne\u0161n\u00fd de\u0148 sa radujme<\/span><br \/>\n<span style=\"font-size: 14pt; color: #000000;\">Do hory do lesa<\/span><br \/>\n<span style=\"font-size: 14pt; color: #000000;\">Do mesta Betl\u00e9ma<\/span><br \/>\n<span style=\"font-size: 14pt; color: #000000;\">Dobr\u00e1 novina, \u0161\u0165astn\u00e1 hodina<\/span><br \/>\n<span style=\"font-size: 14pt; color: #000000;\">Dobr\u00fd pastier sa narodil<\/span><br \/>\n<span style=\"font-size: 14pt; color: #000000;\">Ka\u017ed\u00fd de\u0148 bud\u00fa vraj Vianoce<\/span><br \/>\n<span style=\"font-size: 14pt; color: #000000;\">Ke\u010f t\u00e1 jasn\u00e1 hviezda<\/span><br \/>\n<span style=\"font-size: 14pt; color: #000000;\">Nesiem V\u00e1m noviny<\/span><br \/>\n<span style=\"font-size: 14pt; color: #000000;\">\u00d3 ch\u00fdr preblah\u00fd<\/span><br \/>\n<span style=\"font-size: 14pt; color: #000000;\">Pastieri, pastieri<\/span><br \/>\n<span style=\"font-size: 14pt; color: #000000;\">Jingle Bells<\/span><br \/>\n<span style=\"font-size: 14pt; color: #000000;\">\u0160tastn\u00e9 a Vesel\u00e9<\/span><br \/>\n<span style=\"font-size: 14pt; color: #000000;\">Tich\u00e1 noc<\/span><br \/>\n<span style=\"font-size: 14pt; color: #000000;\">V\u00e1noce, V\u00e1noce<\/span><br \/>\n<span style=\"font-size: 14pt; color: #000000;\">Vesel\u00e9 viano\u010dn\u00e9 doby<\/span><br \/>\n<span style=\"font-size: 14pt; color: #000000;\">Vst\u00e1vajte pastieri<\/span><br \/>\n<span style=\"font-size: 14pt; color: #000000;\">White christmas<\/span><\/p>","protected":false},"excerpt":{"rendered":"<p><span style=\"color: #ff0000; font-size: 14pt;\">Ak V\u00e1m nevyhovuje obsadenie tr\u00fabka, tenor (2 tr\u00fabka) tuba (tromb\u00f3n) nap\u00ed\u0161te do pozn\u00e1mky Va\u0161e hud. n\u00e1stroje a party uprav\u00edme \ud83d\ude42<\/span><\/p>\n<p>&nbsp;<\/p>","protected":false},"featured_media":3557,"comment_status":"closed","ping_status":"closed","template":"","meta":{"om_disable_all_campaigns":false},"product_brand":[],"product_cat":[33],"product_tag":[1188,23],"class_list":{"0":"post-3742","1":"product","2":"type-product","3":"status-publish","4":"has-post-thumbnail","6":"product_cat-dychove-trio","7":"product_tag-noty","8":"product_tag-vianocne-koledy-a-piesne","9":"pa_varianta-knizka-tlacene-viazane","10":"pa_varianta-pdf-digitalne-stiahnutie","12":"first","13":"instock","14":"taxable","15":"shipping-taxable","16":"purchasable","17":"product-type-variable"},"yoast_head":"<!-- This site is optimized with the Yoast SEO plugin v27.4 - https:\/\/yoast.com\/product\/yoast-seo-wordpress\/ -->\n<title>Viano\u010dn\u00e9 koledy - dychov\u00e9 trio - Peter \u010cerni\u010dka | Noty | HUDOBN\u00c9 PODKLADY<\/title>\n<meta name=\"robots\" content=\"index, follow, max-snippet:-1, max-image-preview:large, max-video-preview:-1\" \/>\n<link rel=\"canonical\" href=\"https:\/\/shop.petercernicka.eu\/de\/shop\/komorna-hudba\/dychove-trio\/vianocne-koledy-dychove-trio\/\" \/>\n<meta property=\"og:locale\" content=\"de_DE\" \/>\n<meta property=\"og:type\" content=\"article\" \/>\n<meta property=\"og:title\" content=\"Viano\u010dn\u00e9 koledy - noty pre dychov\u00e9 trio\" \/>\n<meta property=\"og:description\" content=\"Ak V\u00e1m nevyhovuje obsadenie tr\u00fabka, tenor (2 tr\u00fabka) tuba (tromb\u00f3n) nap\u00ed\u0161te do pozn\u00e1mky Va\u0161e hud. n\u00e1stroje a party uprav\u00edme :)  &nbsp;\" \/>\n<meta property=\"og:url\" content=\"https:\/\/shop.petercernicka.eu\/de\/shop\/komorna-hudba\/dychove-trio\/vianocne-koledy-dychove-trio\/\" \/>\n<meta property=\"og:site_name\" content=\"Peter \u010cerni\u010dka | Noty | HUDOBN\u00c9 PODKLADY\" \/>\n<meta property=\"article:publisher\" content=\"https:\/\/www.facebook.com\/petercernickanoty\" \/>\n<meta property=\"article:modified_time\" content=\"2025-05-11T09:15:00+00:00\" \/>\n<meta property=\"og:image\" content=\"https:\/\/shop.petercernicka.eu\/wp-content\/uploads\/2021\/10\/christmas-3030279_1920.jpg\" \/>\n\t<meta property=\"og:image:width\" content=\"1920\" \/>\n\t<meta property=\"og:image:height\" content=\"1020\" \/>\n\t<meta property=\"og:image:type\" content=\"image\/jpeg\" \/>\n<meta name=\"twitter:card\" content=\"summary_large_image\" \/>\n<meta name=\"twitter:label1\" content=\"Gesch\u00e4tzte Lesezeit\" \/>\n\t<meta name=\"twitter:data1\" content=\"1\u00a0Minute\" \/>\n<script type=\"application\/ld+json\" class=\"yoast-schema-graph\">{\"@context\":\"https:\\\/\\\/schema.org\",\"@graph\":[{\"@type\":\"WebPage\",\"@id\":\"https:\\\/\\\/shop.petercernicka.eu\\\/shop\\\/komorna-hudba\\\/dychove-trio\\\/vianocne-koledy-dychove-trio\\\/\",\"url\":\"https:\\\/\\\/shop.petercernicka.eu\\\/shop\\\/komorna-hudba\\\/dychove-trio\\\/vianocne-koledy-dychove-trio\\\/\",\"name\":\"Viano\u010dn\u00e9 koledy - dychov\u00e9 trio - Peter \u010cerni\u010dka | Noty | HUDOBN\u00c9 PODKLADY\",\"isPartOf\":{\"@id\":\"https:\\\/\\\/shop.petercernicka.eu\\\/#website\"},\"primaryImageOfPage\":{\"@id\":\"https:\\\/\\\/shop.petercernicka.eu\\\/shop\\\/komorna-hudba\\\/dychove-trio\\\/vianocne-koledy-dychove-trio\\\/#primaryimage\"},\"image\":{\"@id\":\"https:\\\/\\\/shop.petercernicka.eu\\\/shop\\\/komorna-hudba\\\/dychove-trio\\\/vianocne-koledy-dychove-trio\\\/#primaryimage\"},\"thumbnailUrl\":\"https:\\\/\\\/shop.petercernicka.eu\\\/wp-content\\\/uploads\\\/2021\\\/10\\\/christmas-3030279_1920.jpg\",\"datePublished\":\"2021-10-14T19:53:58+00:00\",\"dateModified\":\"2025-05-11T09:15:00+00:00\",\"breadcrumb\":{\"@id\":\"https:\\\/\\\/shop.petercernicka.eu\\\/shop\\\/komorna-hudba\\\/dychove-trio\\\/vianocne-koledy-dychove-trio\\\/#breadcrumb\"},\"inLanguage\":\"de\",\"potentialAction\":[{\"@type\":\"ReadAction\",\"target\":[\"https:\\\/\\\/shop.petercernicka.eu\\\/shop\\\/komorna-hudba\\\/dychove-trio\\\/vianocne-koledy-dychove-trio\\\/\"]}]},{\"@type\":\"ImageObject\",\"inLanguage\":\"de\",\"@id\":\"https:\\\/\\\/shop.petercernicka.eu\\\/shop\\\/komorna-hudba\\\/dychove-trio\\\/vianocne-koledy-dychove-trio\\\/#primaryimage\",\"url\":\"https:\\\/\\\/shop.petercernicka.eu\\\/wp-content\\\/uploads\\\/2021\\\/10\\\/christmas-3030279_1920.jpg\",\"contentUrl\":\"https:\\\/\\\/shop.petercernicka.eu\\\/wp-content\\\/uploads\\\/2021\\\/10\\\/christmas-3030279_1920.jpg\",\"width\":1920,\"height\":1020,\"caption\":\"noty vianocne koledy\"},{\"@type\":\"BreadcrumbList\",\"@id\":\"https:\\\/\\\/shop.petercernicka.eu\\\/shop\\\/komorna-hudba\\\/dychove-trio\\\/vianocne-koledy-dychove-trio\\\/#breadcrumb\",\"itemListElement\":[{\"@type\":\"ListItem\",\"position\":1,\"name\":\"Home\",\"item\":\"https:\\\/\\\/shop.petercernicka.eu\\\/\"},{\"@type\":\"ListItem\",\"position\":2,\"name\":\"Produkty\",\"item\":\"https:\\\/\\\/shop.petercernicka.eu\\\/obchod\\\/\"},{\"@type\":\"ListItem\",\"position\":3,\"name\":\"Viano\u010dn\u00e9 koledy &#8211; dychov\u00e9 trio\"}]},{\"@type\":\"WebSite\",\"@id\":\"https:\\\/\\\/shop.petercernicka.eu\\\/#website\",\"url\":\"https:\\\/\\\/shop.petercernicka.eu\\\/\",\"name\":\"Peter \u010cerni\u010dka | Noty | HUDOBN\u00c9 PODKLADY\",\"description\":\"\u013eudov\u00e9 piesne, popul\u00e1rne \u0161l\u00e1gre, \u010desko-slovensk\u00e9 hity, cig\u00e1nske piesne, ewergreeny, viano\u010dn\u00e9 koledy\",\"potentialAction\":[{\"@type\":\"SearchAction\",\"target\":{\"@type\":\"EntryPoint\",\"urlTemplate\":\"https:\\\/\\\/shop.petercernicka.eu\\\/?s={search_term_string}\"},\"query-input\":{\"@type\":\"PropertyValueSpecification\",\"valueRequired\":true,\"valueName\":\"search_term_string\"}}],\"inLanguage\":\"de\"}]}<\/script>\n<!-- \/ Yoast SEO plugin. -->","yoast_head_json":{"title":"Viano\u010dn\u00e9 koledy - dychov\u00e9 trio - Peter \u010cerni\u010dka | Noty | HUDOBN\u00c9 PODKLADY","robots":{"index":"index","follow":"follow","max-snippet":"max-snippet:-1","max-image-preview":"max-image-preview:large","max-video-preview":"max-video-preview:-1"},"canonical":"https:\/\/shop.petercernicka.eu\/de\/shop\/komorna-hudba\/dychove-trio\/vianocne-koledy-dychove-trio\/","og_locale":"de_DE","og_type":"article","og_title":"Viano\u010dn\u00e9 koledy - noty pre dychov\u00e9 trio","og_description":"Ak V\u00e1m nevyhovuje obsadenie tr\u00fabka, tenor (2 tr\u00fabka) tuba (tromb\u00f3n) nap\u00ed\u0161te do pozn\u00e1mky Va\u0161e hud. n\u00e1stroje a party uprav\u00edme :)  &nbsp;","og_url":"https:\/\/shop.petercernicka.eu\/de\/shop\/komorna-hudba\/dychove-trio\/vianocne-koledy-dychove-trio\/","og_site_name":"Peter \u010cerni\u010dka | Noty | HUDOBN\u00c9 PODKLADY","article_publisher":"https:\/\/www.facebook.com\/petercernickanoty","article_modified_time":"2025-05-11T09:15:00+00:00","og_image":[{"width":1920,"height":1020,"url":"https:\/\/shop.petercernicka.eu\/wp-content\/uploads\/2021\/10\/christmas-3030279_1920.jpg","type":"image\/jpeg"}],"twitter_card":"summary_large_image","twitter_misc":{"Gesch\u00e4tzte Lesezeit":"1\u00a0Minute"},"schema":{"@context":"https:\/\/schema.org","@graph":[{"@type":"WebPage","@id":"https:\/\/shop.petercernicka.eu\/shop\/komorna-hudba\/dychove-trio\/vianocne-koledy-dychove-trio\/","url":"https:\/\/shop.petercernicka.eu\/shop\/komorna-hudba\/dychove-trio\/vianocne-koledy-dychove-trio\/","name":"Viano\u010dn\u00e9 koledy - dychov\u00e9 trio - Peter \u010cerni\u010dka | Noty | HUDOBN\u00c9 PODKLADY","isPartOf":{"@id":"https:\/\/shop.petercernicka.eu\/#website"},"primaryImageOfPage":{"@id":"https:\/\/shop.petercernicka.eu\/shop\/komorna-hudba\/dychove-trio\/vianocne-koledy-dychove-trio\/#primaryimage"},"image":{"@id":"https:\/\/shop.petercernicka.eu\/shop\/komorna-hudba\/dychove-trio\/vianocne-koledy-dychove-trio\/#primaryimage"},"thumbnailUrl":"https:\/\/shop.petercernicka.eu\/wp-content\/uploads\/2021\/10\/christmas-3030279_1920.jpg","datePublished":"2021-10-14T19:53:58+00:00","dateModified":"2025-05-11T09:15:00+00:00","breadcrumb":{"@id":"https:\/\/shop.petercernicka.eu\/shop\/komorna-hudba\/dychove-trio\/vianocne-koledy-dychove-trio\/#breadcrumb"},"inLanguage":"de","potentialAction":[{"@type":"ReadAction","target":["https:\/\/shop.petercernicka.eu\/shop\/komorna-hudba\/dychove-trio\/vianocne-koledy-dychove-trio\/"]}]},{"@type":"ImageObject","inLanguage":"de","@id":"https:\/\/shop.petercernicka.eu\/shop\/komorna-hudba\/dychove-trio\/vianocne-koledy-dychove-trio\/#primaryimage","url":"https:\/\/shop.petercernicka.eu\/wp-content\/uploads\/2021\/10\/christmas-3030279_1920.jpg","contentUrl":"https:\/\/shop.petercernicka.eu\/wp-content\/uploads\/2021\/10\/christmas-3030279_1920.jpg","width":1920,"height":1020,"caption":"noty vianocne koledy"},{"@type":"BreadcrumbList","@id":"https:\/\/shop.petercernicka.eu\/shop\/komorna-hudba\/dychove-trio\/vianocne-koledy-dychove-trio\/#breadcrumb","itemListElement":[{"@type":"ListItem","position":1,"name":"Home","item":"https:\/\/shop.petercernicka.eu\/"},{"@type":"ListItem","position":2,"name":"Produkty","item":"https:\/\/shop.petercernicka.eu\/obchod\/"},{"@type":"ListItem","position":3,"name":"Viano\u010dn\u00e9 koledy &#8211; dychov\u00e9 trio"}]},{"@type":"WebSite","@id":"https:\/\/shop.petercernicka.eu\/#website","url":"https:\/\/shop.petercernicka.eu\/","name":"Peter \u010cerni\u010dka | Noty | HUDOBN\u00c9 PODKLADY","description":"Volkslieder, Schlager, Tschechoslowakische Schlager, Zigeunerlieder, Evergreens, Weihnachtslieder","potentialAction":[{"@type":"SearchAction","target":{"@type":"EntryPoint","urlTemplate":"https:\/\/shop.petercernicka.eu\/?s={search_term_string}"},"query-input":{"@type":"PropertyValueSpecification","valueRequired":true,"valueName":"search_term_string"}}],"inLanguage":"de"}]}},"_links":{"self":[{"href":"https:\/\/shop.petercernicka.eu\/de\/wp-json\/wp\/v2\/product\/3742","targetHints":{"allow":["GET"]}}],"collection":[{"href":"https:\/\/shop.petercernicka.eu\/de\/wp-json\/wp\/v2\/product"}],"about":[{"href":"https:\/\/shop.petercernicka.eu\/de\/wp-json\/wp\/v2\/types\/product"}],"replies":[{"embeddable":true,"href":"https:\/\/shop.petercernicka.eu\/de\/wp-json\/wp\/v2\/comments?post=3742"}],"wp:featuredmedia":[{"embeddable":true,"href":"https:\/\/shop.petercernicka.eu\/de\/wp-json\/wp\/v2\/media\/3557"}],"wp:attachment":[{"href":"https:\/\/shop.petercernicka.eu\/de\/wp-json\/wp\/v2\/media?parent=3742"}],"wp:term":[{"taxonomy":"product_brand","embeddable":true,"href":"https:\/\/shop.petercernicka.eu\/de\/wp-json\/wp\/v2\/product_brand?post=3742"},{"taxonomy":"product_cat","embeddable":true,"href":"https:\/\/shop.petercernicka.eu\/de\/wp-json\/wp\/v2\/product_cat?post=3742"},{"taxonomy":"product_tag","embeddable":true,"href":"https:\/\/shop.petercernicka.eu\/de\/wp-json\/wp\/v2\/product_tag?post=3742"}],"curies":[{"name":"wp","href":"https:\/\/api.w.org\/{rel}","templated":true}]}}